{"id":29874,"date":"2025-02-24T20:14:10","date_gmt":"2025-02-24T19:14:10","guid":{"rendered":"https:\/\/sagavinaestartit.com\/appartements\/"},"modified":"2026-03-31T12:58:49","modified_gmt":"2026-03-31T10:58:49","slug":"appartements-estartit","status":"publish","type":"page","link":"https:\/\/sagavinaestartit.com\/fr\/appartements-estartit\/","title":{"rendered":"H\u00c9BERGEMENT"},"content":{"rendered":"<p><div class=\"fusion-fullwidth fullwidth-box fusion-builder-row-1 fusion-flex-container nonhundred-percent-fullwidth non-hundred-percent-height-scrolling\" style=\"--awb-background-position:left top;--awb-border-sizes-top:0px;--awb-border-sizes-bottom:0px;--awb-border-sizes-left:0px;--awb-border-sizes-right:0px;--awb-border-radius-top-left:0px;--awb-border-radius-top-right:0px;--awb-border-radius-bottom-right:0px;--awb-border-radius-bottom-left:0px;--awb-padding-top:0px;--awb-padding-bottom:0px;--awb-padding-bottom-medium:40px;--awb-padding-bottom-small:40px;--awb-flex-wrap:wrap;\" ><div class=\"fusion-builder-row fusion-row fusion-flex-align-items-stretch fusion-flex-content-wrap\" style=\"max-width:1216.8px;margin-left: calc(-4% \/ 2 );margin-right: calc(-4% \/ 2 );\"><div class=\"fusion-layout-column fusion_builder_column fusion-builder-column-0 fusion_builder_column_3_5 3_5 fusion-flex-column\" style=\"--awb-bg-position:right bottom;--awb-bg-blend:overlay;--awb-bg-size:cover;--awb-width-large:60%;--awb-margin-top-large:0px;--awb-spacing-right-large:2.1333333333333%;--awb-margin-bottom-large:20px;--awb-spacing-left-large:3.2%;--awb-width-medium:100%;--awb-spacing-right-medium:1.28%;--awb-spacing-left-medium:1.92%;--awb-width-small:100%;--awb-spacing-right-small:1.92%;--awb-margin-bottom-small:30p40px;--awb-spacing-left-small:1.92%;\"><div class=\"fusion-column-wrapper fusion-flex-justify-content-flex-start fusion-content-layout-column\"><div class=\"fusion-title title fusion-title-1 fusion-title-text fusion-title-size-two\" style=\"--awb-margin-bottom:0px;--awb-margin-bottom-small:0px;--awb-margin-bottom-medium:0px;--awb-font-size:var(--awb-typography2-font-size);\"><div class=\"title-sep-container title-sep-container-left fusion-no-large-visibility fusion-no-medium-visibility fusion-no-small-visibility\"><div class=\"title-sep sep- sep-solid\" style=\"border-color:var(--awb-color3);\"><\/div><\/div><span class=\"awb-title-spacer fusion-no-large-visibility fusion-no-medium-visibility fusion-no-small-visibility\"><\/span><h2 class=\"fusion-title-heading title-heading-left fusion-responsive-typography-calculated\" style=\"font-family:var(--awb-typography2-font-family);font-weight:var(--awb-typography2-font-weight);font-style:var(--awb-typography2-font-style);margin:0;letter-spacing:var(--awb-typography2-letter-spacing);text-transform:var(--awb-typography2-text-transform);font-size:1em;--fontSize:13;--minFontSize:13;line-height:var(--awb-typography2-line-height);\">H\u00c9BERGEMENT SUR LA COSTA BRAVA<\/h2><span class=\"awb-title-spacer\"><\/span><div class=\"title-sep-container title-sep-container-right\"><div class=\"title-sep sep- sep-solid\" style=\"border-color:var(--awb-color3);\"><\/div><\/div><\/div><div class=\"fusion-title title fusion-title-2 fusion-title-text fusion-title-size-three\" style=\"--awb-margin-bottom-small:15px;--awb-font-size:46px;\"><div class=\"title-sep-container title-sep-container-left fusion-no-large-visibility fusion-no-medium-visibility fusion-no-small-visibility\"><div class=\"title-sep sep- sep-solid\" style=\"border-color:var(--awb-color3);\"><\/div><\/div><span class=\"awb-title-spacer fusion-no-large-visibility fusion-no-medium-visibility fusion-no-small-visibility\"><\/span><h3 class=\"fusion-title-heading title-heading-left fusion-responsive-typography-calculated\" style=\"margin:0;font-size:1em;--fontSize:46;line-height:var(--awb-typography1-line-height);\">Sa Gavina<\/h3><span class=\"awb-title-spacer\"><\/span><div class=\"title-sep-container title-sep-container-right\"><div class=\"title-sep sep- sep-solid\" style=\"border-color:var(--awb-color3);\"><\/div><\/div><\/div><div class=\"fusion-separator\" style=\"align-self: flex-start;margin-right:auto;margin-top:0px;margin-bottom:20px;width:100%;max-width:50px;\"><div class=\"fusion-separator-border sep-single sep-solid\" style=\"--awb-height:20px;--awb-amount:20px;--awb-sep-color:var(--awb-color4);border-color:var(--awb-color4);border-top-width:1px;\"><\/div><\/div><div class=\"fusion-text fusion-text-1\"><p>Aux Apartaments Sa Gavina, vous ne r\u00e9servez pas seulement un endroit o\u00f9 dormir. Vous r\u00e9servez des moments en famille, des journ\u00e9es \u00e0 la plage, des instants de d\u00e9tente et la commodit\u00e9 d&rsquo;avoir tout \u00e0 port\u00e9e de main. <\/p>\n<p>La piscine avec son toboggan, la proximit\u00e9 de la plage et l&rsquo;atmosph\u00e8re paisible font de chaque s\u00e9jour une exp\u00e9rience de d\u00e9connexion et de bien-\u00eatre. Savourez chaque instant de vos vacances en toute libert\u00e9. <\/p>\n<p>Nous proposons des h\u00e9bergements \u00e0 l&rsquo;Estartit avec 1, 2 ou 3 chambres. La configuration des lits est pr\u00e9cis\u00e9e dans la description de chaque h\u00e9bergement. Selon le type d&rsquo;h\u00e9bergement, il y a des lits simples ou doubles.  <\/p>\n<p>Chaque logement comprend un s\u00e9jour\/salle \u00e0 manger avec t\u00e9l\u00e9vision \u00e0 \u00e9cran plat 40 pouces (102 cm) et cha\u00eenes nationales et internationales, climatisation r\u00e9versible et canap\u00e9-lit deux places ; une cuisine am\u00e9ricaine \u00e9quip\u00e9e d\u2019une plaque vitroc\u00e9ramique, d\u2019un r\u00e9frig\u00e9rateur-cong\u00e9lateur, d\u2019un micro-ondes, d\u2019une cafeti\u00e8re italienne, d\u2019un grille-pain et d\u2019un lave-linge. La vaisselle et les ustensiles de cuisine de base sont fournis. Tous les logements disposent d\u2019un balcon (ou d\u2019une terrasse) avec table et chaises.  <\/p>\n<p>Toutes les salles de bains ont \u00e9t\u00e9 r\u00e9nov\u00e9es et sont \u00e9quip\u00e9es d&rsquo;une douche \u00e0 l&rsquo;italienne avec paroi de douche.<\/p>\n<p>Le linge de lit et les serviettes sont inclus dans le prix \u00e0 votre arriv\u00e9e. Vous les trouverez sur chaque lit et\/ou canap\u00e9-lit (le cas \u00e9ch\u00e9ant) le jour de votre arriv\u00e9e. Le linge de lit est chang\u00e9 tous les 7 jours pour les longs s\u00e9jours ; les serviettes sont chang\u00e9es pour tous les clients sur demande pr\u00e9alable et moyennant un suppl\u00e9ment.  <\/p>\n<p>Avant l&rsquo;arriv\u00e9e des clients, les h\u00e9bergements sont soigneusement nettoy\u00e9s et inventori\u00e9s afin d&rsquo;\u00eatre livr\u00e9s en parfait \u00e9tat \u00e0 partir de 16h.<\/p>\n<p><b>Veuillez noter que les articles d&rsquo;hygi\u00e8ne personnelle (tels que le papier toilette, le savon, etc.), ainsi que les produits alimentaires et d&rsquo;entretien, ne sont pas fournis dans la salle de bain.<\/b> Ces h\u00e9bergements touristiques \u00e9tant g\u00e9r\u00e9s par une soci\u00e9t\u00e9, les consommateurs sont responsables de leurs propres d\u00e9penses et tous les produits laiss\u00e9s par les clients pr\u00e9c\u00e9dents sont retir\u00e9s.<\/p>\n<\/div><div class=\"fusion-separator fusion-full-width-sep\" style=\"align-self: center;margin-left: auto;margin-right: auto;margin-top:25px;width:100%;\"><\/div><\/div><\/div><div class=\"fusion-layout-column fusion_builder_column fusion-builder-column-1 fusion_builder_column_2_5 2_5 fusion-flex-column\" style=\"--awb-bg-size:cover;--awb-width-large:40%;--awb-margin-top-large:0px;--awb-spacing-right-large:4.8%;--awb-margin-bottom-large:20px;--awb-spacing-left-large:4.8%;--awb-width-medium:100%;--awb-order-medium:0;--awb-spacing-right-medium:1.92%;--awb-spacing-left-medium:1.92%;--awb-width-small:100%;--awb-order-small:0;--awb-spacing-right-small:1.92%;--awb-spacing-left-small:1.92%;\"><div class=\"fusion-column-wrapper fusion-column-has-shadow fusion-flex-justify-content-flex-start fusion-content-layout-column\"><div class=\"fusion-title title fusion-title-3 fusion-title-text fusion-title-size-two\"><div class=\"title-sep-container title-sep-container-left fusion-no-large-visibility fusion-no-medium-visibility fusion-no-small-visibility\"><div class=\"title-sep sep- sep-solid\" style=\"border-color:var(--awb-color3);\"><\/div><\/div><span class=\"awb-title-spacer fusion-no-large-visibility fusion-no-medium-visibility fusion-no-small-visibility\"><\/span><h2 class=\"fusion-title-heading title-heading-left fusion-responsive-typography-calculated\" style=\"margin:0;--fontSize:26;line-height:var(--awb-typography1-line-height);\">Nouvelles<\/h2><span class=\"awb-title-spacer\"><\/span><div class=\"title-sep-container title-sep-container-right\"><div class=\"title-sep sep- sep-solid\" style=\"border-color:var(--awb-color3);\"><\/div><\/div><\/div><div class=\"fusion-section-separator section-separator triangle fusion-section-separator-1\" style=\"--awb-border-bottom:1px solid var(--awb-color4);--awb-spacer-height:1px;--awb-svg-margin-left:4.8%;--awb-svg-margin-right:4.8%;--awb-svg-margin-left-medium:1.92%;--awb-svg-margin-right-medium:1.92%;--awb-svg-margin-left-small:1.92%;--awb-svg-margin-right-small:1.92%;--awb-icon-color:var(--awb-color1);\"><div class=\"fusion-section-separator-svg\"><div class=\"divider-candy-arrow bottom\" style=\"top:0px;border-top-color: var(--awb-color1);\"><\/div><div class=\"divider-candy bottom\" style=\"bottom:-21px;border-bottom:1px solid var(--awb-color4);border-left:1px solid var(--awb-color4);\"><\/div><\/div><div class=\"fusion-section-separator-spacer\"><div class=\"fusion-section-separator-spacer-height\"><\/div><\/div><\/div><div class=\"fusion-text fusion-text-2 fusion-text-no-margin\" style=\"--awb-margin-top:10%;--awb-margin-bottom:10%;\"><ul>\n<li>Nous avons termin\u00e9 la r\u00e9novation des cuisines dans tous nos logements.<\/li>\n<li>Nous avons r\u00e9nov\u00e9 toutes les salles de bains de tous les h\u00e9bergements ; elles sont d\u00e9sormais toutes \u00e9quip\u00e9es d&rsquo;un receveur de douche facilement accessible, ainsi que de meubles et d&rsquo;accessoires modernes.<\/li>\n<li>Dans les logements de 2 chambres des c\u00f4t\u00e9s A, B et D (sauf dans le b\u00e2timent C &#8211; Annexe, rue Arquitecte Gaud\u00ed num\u00e9ro 13), la chambre double principale dispose d&rsquo;un lit double de 150 x 190.<\/li>\n<\/ul>\n<\/div><div class=\"fusion-title title fusion-title-4 fusion-title-text fusion-title-size-two\"><div class=\"title-sep-container title-sep-container-left fusion-no-large-visibility fusion-no-medium-visibility fusion-no-small-visibility\"><div class=\"title-sep sep- sep-solid\" style=\"border-color:var(--awb-color3);\"><\/div><\/div><span class=\"awb-title-spacer fusion-no-large-visibility fusion-no-medium-visibility fusion-no-small-visibility\"><\/span><h2 class=\"fusion-title-heading title-heading-left fusion-responsive-typography-calculated\" style=\"margin:0;--fontSize:26;line-height:var(--awb-typography1-line-height);\">Tous nos h\u00e9bergements comprennent<\/h2><span class=\"awb-title-spacer\"><\/span><div class=\"title-sep-container title-sep-container-right\"><div class=\"title-sep sep- sep-solid\" style=\"border-color:var(--awb-color3);\"><\/div><\/div><\/div><div class=\"fusion-section-separator section-separator triangle fusion-section-separator-2\" style=\"--awb-border-bottom:1px solid var(--awb-color4);--awb-spacer-height:1px;--awb-svg-margin-left:4.8%;--awb-svg-margin-right:4.8%;--awb-svg-margin-left-medium:1.92%;--awb-svg-margin-right-medium:1.92%;--awb-svg-margin-left-small:1.92%;--awb-svg-margin-right-small:1.92%;--awb-icon-color:var(--awb-color1);\"><div class=\"fusion-section-separator-svg\"><div class=\"divider-candy-arrow bottom\" style=\"top:0px;border-top-color: var(--awb-color1);\"><\/div><div class=\"divider-candy bottom\" style=\"bottom:-21px;border-bottom:1px solid var(--awb-color4);border-left:1px solid var(--awb-color4);\"><\/div><\/div><div class=\"fusion-section-separator-spacer\"><div class=\"fusion-section-separator-spacer-height\"><\/div><\/div><\/div><ul style=\"--awb-size:35px;--awb-margin-top:10%;--awb-margin-bottom:10%;--awb-line-height:59.5px;--awb-icon-width:59.5px;--awb-icon-height:59.5px;--awb-icon-margin:24.5px;--awb-content-margin:84px;\" class=\"fusion-checklist fusion-checklist-1 fusion-checklist-default type-icons servivces-list\"><li class=\"fusion-li-item\" style=\"--awb-iconcolor:var(--awb-color4);\"><span class=\"icon-wrapper circle-no\"><i class=\"fusion-li-icon icon-frigorifico\" aria-hidden=\"true\"><\/i><\/span><div class=\"fusion-li-item-content\">R\u00e9frig\u00e9rateur<\/div><\/li><li class=\"fusion-li-item\" style=\"--awb-iconcolor:var(--awb-color4);\"><span class=\"icon-wrapper circle-no\"><i class=\"fusion-li-icon icon-lavadora\" aria-hidden=\"true\"><\/i><\/span><div class=\"fusion-li-item-content\">Machine \u00e0 laver<\/div><\/li><li class=\"fusion-li-item\" style=\"--awb-iconcolor:var(--awb-color4);\"><span class=\"icon-wrapper circle-no\"><i class=\"fusion-li-icon icon-toalla\" aria-hidden=\"true\"><\/i><\/span><div class=\"fusion-li-item-content\">\n<p>Draps \/ Serviettes *<\/p>\n<\/div><\/li><li class=\"fusion-li-item\" style=\"--awb-iconcolor:var(--awb-color4);\"><span class=\"icon-wrapper circle-no\"><i class=\"fusion-li-icon icon-menaje\" aria-hidden=\"true\"><\/i><\/span><div class=\"fusion-li-item-content\">Ustensiles de cuisine<\/div><\/li><li class=\"fusion-li-item\" style=\"--awb-iconcolor:var(--awb-color4);\"><span class=\"icon-wrapper circle-no\"><i class=\"fusion-li-icon icon-vitroceramica\" aria-hidden=\"true\"><\/i><\/span><div class=\"fusion-li-item-content\">Vitroc\u00e9ramique<\/div><\/li><li class=\"fusion-li-item\" style=\"--awb-iconcolor:var(--awb-color4);\"><span class=\"icon-wrapper circle-no\"><i class=\"fusion-li-icon icon-aire-acondicionado\" aria-hidden=\"true\"><\/i><\/span><div class=\"fusion-li-item-content\">Air conditionn\u00e9 \/Air chaud<\/div><\/li><li class=\"fusion-li-item\" style=\"--awb-iconcolor:var(--awb-color4);\"><span class=\"icon-wrapper circle-no\"><i class=\"fusion-li-icon icon-microondas\" aria-hidden=\"true\"><\/i><\/span><div class=\"fusion-li-item-content\">Microondas<\/div><\/li><li class=\"fusion-li-item\" style=\"--awb-iconcolor:var(--awb-color4);\"><span class=\"icon-wrapper circle-no\"><i class=\"fusion-li-icon icon-television\" aria-hidden=\"true\"><\/i><\/span><div class=\"fusion-li-item-content\">T\u00e9l\u00e9vision<\/div><\/li><\/ul><\/div><\/div><\/div><\/div><div class=\"fusion-fullwidth fullwidth-box fusion-builder-row-2 fusion-flex-container hundred-percent-fullwidth non-hundred-percent-height-scrolling\" style=\"--awb-background-position:center bottom;--awb-background-blend-mode:screen;--awb-border-sizes-top:0px;--awb-border-sizes-bottom:0px;--awb-border-sizes-left:0px;--awb-border-sizes-right:0px;--awb-border-radius-top-left:0px;--awb-border-radius-top-right:0px;--awb-border-radius-bottom-right:0px;--awb-border-radius-bottom-left:0px;--awb-padding-bottom:32px;--awb-padding-bottom-small:60px;--awb-background-color:hsla(var(--awb-color2-h),var(--awb-color2-s),var(--awb-color2-l),calc( var(--awb-color2-a) - 65% ));--awb-flex-wrap:wrap;\" ><div class=\"fusion-builder-row fusion-row fusion-flex-align-items-stretch fusion-flex-content-wrap\" style=\"width:104% !important;max-width:104% !important;margin-left: calc(-4% \/ 2 );margin-right: calc(-4% \/ 2 );\"><div class=\"fusion-layout-column fusion_builder_column fusion-builder-column-2 fusion_builder_column_1_3 1_3 fusion-flex-column fusion-column-inner-bg-wrapper\" style=\"--awb-padding-top:260px;--awb-padding-right:40px;--awb-padding-left:40px;--awb-inner-bg-position:center center;--awb-inner-bg-blend:overlay;--awb-inner-bg-size:cover;--awb-width-large:33.333333333333%;--awb-margin-top-large:0px;--awb-spacing-right-large:5.76%;--awb-margin-bottom-large:20px;--awb-spacing-left-large:5.76%;--awb-width-medium:100%;--awb-spacing-right-medium:1.92%;--awb-spacing-left-medium:1.92%;--awb-width-small:100%;--awb-spacing-right-small:1.92%;--awb-spacing-left-small:1.92%;\"><span class=\"fusion-column-inner-bg hover-type-none\"><a class=\"fusion-column-anchor\" href=\"https:\/\/sagavinaestartit.com\/fr\/appartements-estartit\/appartement-1-chambre\/\"><span class=\"fusion-column-inner-bg-image lazyload\" data-bg=\"https:\/\/sagavinaestartit.com\/wp-content\/uploads\/2025\/06\/apartamento-estartit-dormitorio.webp\"><\/span><\/a><\/span><div class=\"fusion-column-wrapper fusion-flex-justify-content-flex-start fusion-content-layout-column fusion-column-has-bg-image\" data-bg-url=\"https:\/\/sagavinaestartit.com\/wp-content\/uploads\/2025\/06\/apartamento-estartit-dormitorio.webp\"><div class=\"fusion-content-boxes content-boxes columns row fusion-columns-1 fusion-columns-total-1 fusion-content-boxes-1 content-boxes-icon-on-top content-left\" style=\"--awb-margin-bottom:0px;--awb-hover-accent-color:var(--awb-color4);--awb-circle-hover-accent-color:var(--awb-color4);--awb-item-margin-bottom:40px;\" data-animationOffset=\"top-into-view\"><div style=\"--awb-backgroundcolor:var(--awb-color1);\" class=\"fusion-column content-box-column content-box-column content-box-column-1 col-lg-12 col-md-12 col-sm-12 fusion-content-box-hover content-box-column-last content-box-column-last-in-row\"><div class=\"col content-box-wrapper content-wrapper-background link-area-box icon-hover-animation-pulsate\" data-animationOffset=\"top-into-view\"><div class=\"heading icon-left\"><h2 class=\"content-box-heading fusion-responsive-typography-calculated\" style=\"--h2_typography-font-size:24px;--fontSize:24;line-height:var(--awb-typography1-line-height);\">Logement \u00e0 1 chambre<\/h2><\/div><div class=\"fusion-clearfix\"><\/div><div class=\"content-container\"><div class=\"fusion-separator\" style=\"align-self: center;margin-left: auto;margin-right: auto;margin-top:10px;margin-bottom:20px;width:100%;max-width:50px;\"><div class=\"fusion-separator-border sep-single sep-solid\" style=\"--awb-height:20px;--awb-amount:20px;--awb-sep-color:var(--awb-color4);border-color:var(--awb-color4);border-top-width:1px;\"><\/div><\/div>Capacit\u00e9 d&rsquo;accueil : 1 \u00e0 4 personnes.<\/p>\n<div>\n<p>Situ\u00e9 dans le b\u00e2timent principal.<\/p>\n<div class=\"fusion-separator fusion-full-width-sep\" style=\"align-self: center;margin-left: auto;margin-right: auto;margin-top:20px;margin-bottom:0px;width:100%;\"><\/div><div style=\"text-align:center;\"><a class=\"fusion-button button-flat button-large button-default fusion-button-default button-1 fusion-button-default-span \" style=\"--button-border-radius-top-left:0;--button-border-radius-top-right:0;--button-border-radius-bottom-right:0;--button-border-radius-bottom-left:0;\" target=\"_self\" href=\"https:\/\/sagavinaestartit.com\/apartamentos-estartit\/alquiler-apartamento-estartit-1-dormitorio\/\"><span class=\"fusion-button-text awb-button__text awb-button__text--default\">VOIR APPARTEMENT<\/span><i class=\"icon-hotel-angle-right-solid awb-button__icon awb-button__icon--default button-icon-right\" aria-hidden=\"true\"><\/i><\/a><\/div>\n<\/p><\/div>\n<\/div><\/div><\/div><div class=\"fusion-clearfix\"><\/div><\/div><\/div><\/div><div class=\"fusion-layout-column fusion_builder_column fusion-builder-column-3 fusion_builder_column_1_3 1_3 fusion-flex-column fusion-column-inner-bg-wrapper\" style=\"--awb-padding-top:260px;--awb-padding-right:40px;--awb-padding-left:40px;--awb-inner-bg-position:center center;--awb-inner-bg-blend:overlay;--awb-inner-bg-size:cover;--awb-width-large:33.333333333333%;--awb-margin-top-large:0px;--awb-spacing-right-large:5.76%;--awb-margin-bottom-large:20px;--awb-spacing-left-large:5.76%;--awb-width-medium:100%;--awb-spacing-right-medium:1.92%;--awb-spacing-left-medium:1.92%;--awb-width-small:100%;--awb-spacing-right-small:1.92%;--awb-spacing-left-small:1.92%;\"><span class=\"fusion-column-inner-bg hover-type-none\"><a class=\"fusion-column-anchor\" href=\"https:\/\/sagavinaestartit.com\/fr\/appartements-estartit\/appartement-2-chambres\/\"><span class=\"fusion-column-inner-bg-image lazyload\" data-bg=\"https:\/\/sagavinaestartit.com\/wp-content\/uploads\/2025\/06\/apartamentos-estartit-dormitorios.webp\"><\/span><\/a><\/span><div class=\"fusion-column-wrapper fusion-flex-justify-content-flex-start fusion-content-layout-column fusion-column-has-bg-image\" data-bg-url=\"https:\/\/sagavinaestartit.com\/wp-content\/uploads\/2025\/06\/apartamentos-estartit-dormitorios.webp\"><div class=\"fusion-content-boxes content-boxes columns row fusion-columns-1 fusion-columns-total-1 fusion-content-boxes-2 content-boxes-icon-on-top content-left\" style=\"--awb-margin-bottom:0px;--awb-hover-accent-color:var(--awb-color4);--awb-circle-hover-accent-color:var(--awb-color4);--awb-item-margin-bottom:40px;\" data-animationOffset=\"top-into-view\"><div style=\"--awb-backgroundcolor:var(--awb-color1);\" class=\"fusion-column content-box-column content-box-column content-box-column-1 col-lg-12 col-md-12 col-sm-12 fusion-content-box-hover content-box-column-last content-box-column-last-in-row\"><div class=\"col content-box-wrapper content-wrapper-background link-area-box icon-hover-animation-pulsate\" data-animationOffset=\"top-into-view\"><div class=\"heading icon-left\"><h2 class=\"content-box-heading fusion-responsive-typography-calculated\" style=\"--h2_typography-font-size:24px;--fontSize:24;line-height:var(--awb-typography1-line-height);\">Logement de 2 chambres<\/h2><\/div><div class=\"fusion-clearfix\"><\/div><div class=\"content-container\"><div class=\"fusion-separator\" style=\"align-self: center;margin-left: auto;margin-right: auto;margin-top:10px;margin-bottom:20px;width:100%;max-width:50px;\"><div class=\"fusion-separator-border sep-single sep-solid\" style=\"--awb-height:20px;--awb-amount:20px;--awb-sep-color:var(--awb-color4);border-color:var(--awb-color4);border-top-width:1px;\"><\/div><\/div>Capacit\u00e9 d&rsquo;accueil : jusqu&rsquo;\u00e0 6 personnes.<\/p>\n<div>\n<p>Disponible dans le b\u00e2timent principal ou dans l&rsquo;annexe C.<\/p>\n<div style=\"text-align:center;\"><a class=\"fusion-button button-flat button-large button-default fusion-button-default button-2 fusion-button-default-span \" style=\"--button-border-radius-top-left:0;--button-border-radius-top-right:0;--button-border-radius-bottom-right:0;--button-border-radius-bottom-left:0;\" target=\"_self\" href=\"https:\/\/sagavinaestartit.com\/apartamentos-estartit\/alquiler-apartamento-estartit-2-dormitorios\/\"><span class=\"fusion-button-text awb-button__text awb-button__text--default\">VOIR APPARTEMENT<\/span><i class=\"icon-hotel-angle-right-solid awb-button__icon awb-button__icon--default button-icon-right\" aria-hidden=\"true\"><\/i><\/a><\/div><\/div>\n<\/div><\/div><\/div><div class=\"fusion-clearfix\"><\/div><\/div><\/div><\/div><div class=\"fusion-layout-column fusion_builder_column fusion-builder-column-4 fusion_builder_column_1_3 1_3 fusion-flex-column fusion-column-inner-bg-wrapper\" style=\"--awb-padding-top:260px;--awb-padding-right:40px;--awb-padding-left:40px;--awb-inner-bg-position:center center;--awb-inner-bg-blend:overlay;--awb-inner-bg-size:cover;--awb-width-large:33.333333333333%;--awb-margin-top-large:0px;--awb-spacing-right-large:5.76%;--awb-margin-bottom-large:20px;--awb-spacing-left-large:5.76%;--awb-width-medium:100%;--awb-spacing-right-medium:1.92%;--awb-spacing-left-medium:1.92%;--awb-width-small:100%;--awb-spacing-right-small:1.92%;--awb-spacing-left-small:1.92%;\"><span class=\"fusion-column-inner-bg hover-type-none\"><a class=\"fusion-column-anchor\" href=\"https:\/\/sagavinaestartit.com\/fr\/appartements-estartit\/appartement-3-chambres\/\"><span class=\"fusion-column-inner-bg-image lazyload\" data-bg=\"https:\/\/sagavinaestartit.com\/wp-content\/uploads\/2025\/06\/apartamentos-estartit-3-dormitorios.webp\"><\/span><\/a><\/span><div class=\"fusion-column-wrapper fusion-flex-justify-content-flex-start fusion-content-layout-column fusion-column-has-bg-image\" data-bg-url=\"https:\/\/sagavinaestartit.com\/wp-content\/uploads\/2025\/06\/apartamentos-estartit-3-dormitorios.webp\"><div class=\"fusion-content-boxes content-boxes columns row fusion-columns-1 fusion-columns-total-1 fusion-content-boxes-3 content-boxes-icon-on-top content-left\" style=\"--awb-margin-bottom:0px;--awb-hover-accent-color:var(--awb-color4);--awb-circle-hover-accent-color:var(--awb-color4);--awb-item-margin-bottom:40px;\" data-animationOffset=\"top-into-view\"><div style=\"--awb-backgroundcolor:var(--awb-color1);\" class=\"fusion-column content-box-column content-box-column content-box-column-1 col-lg-12 col-md-12 col-sm-12 fusion-content-box-hover content-box-column-last content-box-column-last-in-row\"><div class=\"col content-box-wrapper content-wrapper-background link-area-box icon-hover-animation-pulsate\" data-animationOffset=\"top-into-view\"><div class=\"heading icon-left\"><h2 class=\"content-box-heading fusion-responsive-typography-calculated\" style=\"--h2_typography-font-size:24px;--fontSize:24;line-height:var(--awb-typography1-line-height);\">Logement de 3 chambres<\/h2><\/div><div class=\"fusion-clearfix\"><\/div><div class=\"content-container\"><div class=\"fusion-separator\" style=\"align-self: center;margin-left: auto;margin-right: auto;margin-top:10px;margin-bottom:20px;width:100%;max-width:50px;\"><div class=\"fusion-separator-border sep-single sep-solid\" style=\"--awb-height:20px;--awb-amount:20px;--awb-sep-color:var(--awb-color4);border-color:var(--awb-color4);border-top-width:1px;\"><\/div><\/div>Capacit\u00e9 d&rsquo;accueil : jusqu&rsquo;\u00e0 8 personnes.<\/p>\n<div>\n<p>Situ\u00e9 dans le b\u00e2timent principal.<\/p>\n<div class=\"fusion-separator fusion-full-width-sep\" style=\"align-self: center;margin-left: auto;margin-right: auto;margin-top:20px;margin-bottom:0px;width:100%;\"><\/div><div style=\"text-align:center;\"><a class=\"fusion-button button-flat button-large button-default fusion-button-default button-3 fusion-button-default-span \" style=\"--button-border-radius-top-left:0;--button-border-radius-top-right:0;--button-border-radius-bottom-right:0;--button-border-radius-bottom-left:0;\" target=\"_self\" href=\"https:\/\/sagavinaestartit.com\/apartamentos-estartit\/alquiler-apartamento-estartit-3-dormitorios\/\"><span class=\"fusion-button-text awb-button__text awb-button__text--default\">VOIR APPARTEMENT<\/span><i class=\"icon-hotel-angle-right-solid awb-button__icon awb-button__icon--default button-icon-right\" aria-hidden=\"true\"><\/i><\/a><\/div>\n<\/p><\/div>\n<\/div><\/div><\/div><div class=\"fusion-clearfix\"><\/div><\/div><\/div><\/div><\/div><\/div><\/p>\n","protected":false},"excerpt":{"rendered":"","protected":false},"author":1,"featured_media":32601,"parent":0,"menu_order":0,"comment_status":"open","ping_status":"closed","template":"100-width.php","meta":{"footnotes":""},"class_list":["post-29874","page","type-page","status-publish","has-post-thumbnail","hentry"],"yoast_head":"<!-- This site is optimized with the Yoast SEO plugin v27.1.1 - https:\/\/yoast.com\/product\/yoast-seo-wordpress\/ -->\n<title>Appartements sur la Costa Brava, l&#039;Estartit , Sa Gavina Apartments<\/title>\n<meta name=\"description\" content=\"Appartements sur la Costa Brava, \u00e0 l&#039;Estartit. \u00c0 quelques m\u00e8tres de la plage, avec piscine commune. Animaux accept\u00e9s.\" \/>\n<meta name=\"robots\" content=\"index, follow, max-snippet:-1, max-image-preview:large, max-video-preview:-1\" \/>\n<link rel=\"canonical\" href=\"https:\/\/sagavinaestartit.com\/fr\/appartements-estartit\/\" \/>\n<meta property=\"og:locale\" content=\"fr_FR\" \/>\n<meta property=\"og:type\" content=\"article\" \/>\n<meta property=\"og:title\" content=\"Appartements sur la Costa Brava, l&#039;Estartit , Sa Gavina Apartments\" \/>\n<meta property=\"og:description\" content=\"Appartements sur la Costa Brava, \u00e0 l&#039;Estartit. \u00c0 quelques m\u00e8tres de la plage, avec piscine commune. Animaux accept\u00e9s.\" \/>\n<meta property=\"og:url\" content=\"https:\/\/sagavinaestartit.com\/fr\/appartements-estartit\/\" \/>\n<meta property=\"og:site_name\" content=\"Sa Gavina Apartaments\" \/>\n<meta property=\"article:modified_time\" content=\"2026-03-31T10:58:49+00:00\" \/>\n<meta property=\"og:image\" content=\"https:\/\/sagavinaestartit.com\/wp-content\/uploads\/2025\/06\/apartamentos-estartit-costa-brava.webp\" \/>\n\t<meta property=\"og:image:width\" content=\"2000\" \/>\n\t<meta property=\"og:image:height\" content=\"500\" \/>\n\t<meta property=\"og:image:type\" content=\"image\/webp\" \/>\n<meta name=\"twitter:card\" content=\"summary_large_image\" \/>\n<meta name=\"twitter:label1\" content=\"Dur\u00e9e de lecture estim\u00e9e\" \/>\n\t<meta name=\"twitter:data1\" content=\"3 minutes\" \/>\n<script type=\"application\/ld+json\" class=\"yoast-schema-graph\">{\"@context\":\"https:\/\/schema.org\",\"@graph\":[{\"@type\":\"WebPage\",\"@id\":\"https:\/\/sagavinaestartit.com\/fr\/appartements-estartit\/\",\"url\":\"https:\/\/sagavinaestartit.com\/fr\/appartements-estartit\/\",\"name\":\"Appartements sur la Costa Brava, l'Estartit , Sa Gavina Apartments\",\"isPartOf\":{\"@id\":\"https:\/\/sagavinaestartit.com\/fr\/#website\"},\"primaryImageOfPage\":{\"@id\":\"https:\/\/sagavinaestartit.com\/fr\/appartements-estartit\/#primaryimage\"},\"image\":{\"@id\":\"https:\/\/sagavinaestartit.com\/fr\/appartements-estartit\/#primaryimage\"},\"thumbnailUrl\":\"https:\/\/sagavinaestartit.com\/wp-content\/uploads\/2025\/06\/apartamentos-estartit-costa-brava.webp\",\"datePublished\":\"2025-02-24T19:14:10+00:00\",\"dateModified\":\"2026-03-31T10:58:49+00:00\",\"description\":\"Appartements sur la Costa Brava, \u00e0 l'Estartit. \u00c0 quelques m\u00e8tres de la plage, avec piscine commune. Animaux accept\u00e9s.\",\"breadcrumb\":{\"@id\":\"https:\/\/sagavinaestartit.com\/fr\/appartements-estartit\/#breadcrumb\"},\"inLanguage\":\"fr-FR\",\"potentialAction\":[{\"@type\":\"ReadAction\",\"target\":[\"https:\/\/sagavinaestartit.com\/fr\/appartements-estartit\/\"]}]},{\"@type\":\"ImageObject\",\"inLanguage\":\"fr-FR\",\"@id\":\"https:\/\/sagavinaestartit.com\/fr\/appartements-estartit\/#primaryimage\",\"url\":\"https:\/\/sagavinaestartit.com\/wp-content\/uploads\/2025\/06\/apartamentos-estartit-costa-brava.webp\",\"contentUrl\":\"https:\/\/sagavinaestartit.com\/wp-content\/uploads\/2025\/06\/apartamentos-estartit-costa-brava.webp\",\"width\":2000,\"height\":500,\"caption\":\"apartamentos estartit\"},{\"@type\":\"BreadcrumbList\",\"@id\":\"https:\/\/sagavinaestartit.com\/fr\/appartements-estartit\/#breadcrumb\",\"itemListElement\":[{\"@type\":\"ListItem\",\"position\":1,\"name\":\"Portada\",\"item\":\"https:\/\/sagavinaestartit.com\/fr\/home\/\"},{\"@type\":\"ListItem\",\"position\":2,\"name\":\"H\u00c9BERGEMENT\"}]},{\"@type\":\"WebSite\",\"@id\":\"https:\/\/sagavinaestartit.com\/fr\/#website\",\"url\":\"https:\/\/sagavinaestartit.com\/fr\/\",\"name\":\"Sa Gavina Apartaments\",\"description\":\"Sa Gavina Apartments\",\"publisher\":{\"@id\":\"https:\/\/sagavinaestartit.com\/fr\/#organization\"},\"potentialAction\":[{\"@type\":\"SearchAction\",\"target\":{\"@type\":\"EntryPoint\",\"urlTemplate\":\"https:\/\/sagavinaestartit.com\/fr\/?s={search_term_string}\"},\"query-input\":{\"@type\":\"PropertyValueSpecification\",\"valueRequired\":true,\"valueName\":\"search_term_string\"}}],\"inLanguage\":\"fr-FR\"},{\"@type\":\"Organization\",\"@id\":\"https:\/\/sagavinaestartit.com\/fr\/#organization\",\"name\":\"Sa Gavina Apartments\",\"url\":\"https:\/\/sagavinaestartit.com\/fr\/\",\"logo\":{\"@type\":\"ImageObject\",\"inLanguage\":\"fr-FR\",\"@id\":\"https:\/\/sagavinaestartit.com\/fr\/#\/schema\/logo\/image\/\",\"url\":\"https:\/\/sagavinaestartit.com\/wp-content\/uploads\/2024\/12\/3-1.png\",\"contentUrl\":\"https:\/\/sagavinaestartit.com\/wp-content\/uploads\/2024\/12\/3-1.png\",\"width\":500,\"height\":200,\"caption\":\"Sa Gavina Apartments\"},\"image\":{\"@id\":\"https:\/\/sagavinaestartit.com\/fr\/#\/schema\/logo\/image\/\"}}]}<\/script>\n<!-- \/ Yoast SEO plugin. -->","yoast_head_json":{"title":"Appartements sur la Costa Brava, l'Estartit , Sa Gavina Apartments","description":"Appartements sur la Costa Brava, \u00e0 l'Estartit. \u00c0 quelques m\u00e8tres de la plage, avec piscine commune. Animaux accept\u00e9s.","robots":{"index":"index","follow":"follow","max-snippet":"max-snippet:-1","max-image-preview":"max-image-preview:large","max-video-preview":"max-video-preview:-1"},"canonical":"https:\/\/sagavinaestartit.com\/fr\/appartements-estartit\/","og_locale":"fr_FR","og_type":"article","og_title":"Appartements sur la Costa Brava, l'Estartit , Sa Gavina Apartments","og_description":"Appartements sur la Costa Brava, \u00e0 l'Estartit. \u00c0 quelques m\u00e8tres de la plage, avec piscine commune. Animaux accept\u00e9s.","og_url":"https:\/\/sagavinaestartit.com\/fr\/appartements-estartit\/","og_site_name":"Sa Gavina Apartaments","article_modified_time":"2026-03-31T10:58:49+00:00","og_image":[{"width":2000,"height":500,"url":"https:\/\/sagavinaestartit.com\/wp-content\/uploads\/2025\/06\/apartamentos-estartit-costa-brava.webp","type":"image\/webp"}],"twitter_card":"summary_large_image","twitter_misc":{"Dur\u00e9e de lecture estim\u00e9e":"3 minutes"},"schema":{"@context":"https:\/\/schema.org","@graph":[{"@type":"WebPage","@id":"https:\/\/sagavinaestartit.com\/fr\/appartements-estartit\/","url":"https:\/\/sagavinaestartit.com\/fr\/appartements-estartit\/","name":"Appartements sur la Costa Brava, l'Estartit , Sa Gavina Apartments","isPartOf":{"@id":"https:\/\/sagavinaestartit.com\/fr\/#website"},"primaryImageOfPage":{"@id":"https:\/\/sagavinaestartit.com\/fr\/appartements-estartit\/#primaryimage"},"image":{"@id":"https:\/\/sagavinaestartit.com\/fr\/appartements-estartit\/#primaryimage"},"thumbnailUrl":"https:\/\/sagavinaestartit.com\/wp-content\/uploads\/2025\/06\/apartamentos-estartit-costa-brava.webp","datePublished":"2025-02-24T19:14:10+00:00","dateModified":"2026-03-31T10:58:49+00:00","description":"Appartements sur la Costa Brava, \u00e0 l'Estartit. \u00c0 quelques m\u00e8tres de la plage, avec piscine commune. Animaux accept\u00e9s.","breadcrumb":{"@id":"https:\/\/sagavinaestartit.com\/fr\/appartements-estartit\/#breadcrumb"},"inLanguage":"fr-FR","potentialAction":[{"@type":"ReadAction","target":["https:\/\/sagavinaestartit.com\/fr\/appartements-estartit\/"]}]},{"@type":"ImageObject","inLanguage":"fr-FR","@id":"https:\/\/sagavinaestartit.com\/fr\/appartements-estartit\/#primaryimage","url":"https:\/\/sagavinaestartit.com\/wp-content\/uploads\/2025\/06\/apartamentos-estartit-costa-brava.webp","contentUrl":"https:\/\/sagavinaestartit.com\/wp-content\/uploads\/2025\/06\/apartamentos-estartit-costa-brava.webp","width":2000,"height":500,"caption":"apartamentos estartit"},{"@type":"BreadcrumbList","@id":"https:\/\/sagavinaestartit.com\/fr\/appartements-estartit\/#breadcrumb","itemListElement":[{"@type":"ListItem","position":1,"name":"Portada","item":"https:\/\/sagavinaestartit.com\/fr\/home\/"},{"@type":"ListItem","position":2,"name":"H\u00c9BERGEMENT"}]},{"@type":"WebSite","@id":"https:\/\/sagavinaestartit.com\/fr\/#website","url":"https:\/\/sagavinaestartit.com\/fr\/","name":"Sa Gavina Apartaments","description":"Sa Gavina Apartments","publisher":{"@id":"https:\/\/sagavinaestartit.com\/fr\/#organization"},"potentialAction":[{"@type":"SearchAction","target":{"@type":"EntryPoint","urlTemplate":"https:\/\/sagavinaestartit.com\/fr\/?s={search_term_string}"},"query-input":{"@type":"PropertyValueSpecification","valueRequired":true,"valueName":"search_term_string"}}],"inLanguage":"fr-FR"},{"@type":"Organization","@id":"https:\/\/sagavinaestartit.com\/fr\/#organization","name":"Sa Gavina Apartments","url":"https:\/\/sagavinaestartit.com\/fr\/","logo":{"@type":"ImageObject","inLanguage":"fr-FR","@id":"https:\/\/sagavinaestartit.com\/fr\/#\/schema\/logo\/image\/","url":"https:\/\/sagavinaestartit.com\/wp-content\/uploads\/2024\/12\/3-1.png","contentUrl":"https:\/\/sagavinaestartit.com\/wp-content\/uploads\/2024\/12\/3-1.png","width":500,"height":200,"caption":"Sa Gavina Apartments"},"image":{"@id":"https:\/\/sagavinaestartit.com\/fr\/#\/schema\/logo\/image\/"}}]}},"_links":{"self":[{"href":"https:\/\/sagavinaestartit.com\/fr\/wp-json\/wp\/v2\/pages\/29874","targetHints":{"allow":["GET"]}}],"collection":[{"href":"https:\/\/sagavinaestartit.com\/fr\/wp-json\/wp\/v2\/pages"}],"about":[{"href":"https:\/\/sagavinaestartit.com\/fr\/wp-json\/wp\/v2\/types\/page"}],"author":[{"embeddable":true,"href":"https:\/\/sagavinaestartit.com\/fr\/wp-json\/wp\/v2\/users\/1"}],"replies":[{"embeddable":true,"href":"https:\/\/sagavinaestartit.com\/fr\/wp-json\/wp\/v2\/comments?post=29874"}],"version-history":[{"count":3,"href":"https:\/\/sagavinaestartit.com\/fr\/wp-json\/wp\/v2\/pages\/29874\/revisions"}],"predecessor-version":[{"id":36619,"href":"https:\/\/sagavinaestartit.com\/fr\/wp-json\/wp\/v2\/pages\/29874\/revisions\/36619"}],"wp:featuredmedia":[{"embeddable":true,"href":"https:\/\/sagavinaestartit.com\/fr\/wp-json\/wp\/v2\/media\/32601"}],"wp:attachment":[{"href":"https:\/\/sagavinaestartit.com\/fr\/wp-json\/wp\/v2\/media?parent=29874"}],"curies":[{"name":"wp","href":"https:\/\/api.w.org\/{rel}","templated":true}]}}