{"id":29604,"date":"2015-02-03T20:15:53","date_gmt":"2015-02-03T19:15:53","guid":{"rendered":"https:\/\/sagavinaestartit.com\/que-faire-a-lestartit\/nouvelles\/"},"modified":"2026-04-02T11:32:56","modified_gmt":"2026-04-02T09:32:56","slug":"nouvelles","status":"publish","type":"page","link":"https:\/\/sagavinaestartit.com\/fr\/nouvelles\/","title":{"rendered":"QUE FAIRE \u00c0 L&rsquo;ESTARTIT"},"content":{"rendered":"<div class=\"fusion-fullwidth fullwidth-box fusion-builder-row-1 fusion-flex-container nonhundred-percent-fullwidth non-hundred-percent-height-scrolling\" style=\"--awb-background-position:left top;--awb-border-sizes-top:0px;--awb-border-sizes-bottom:0px;--awb-border-sizes-left:0px;--awb-border-sizes-right:0px;--awb-border-radius-top-left:0px;--awb-border-radius-top-right:0px;--awb-border-radius-bottom-right:0px;--awb-border-radius-bottom-left:0px;--awb-padding-top:20px;--awb-padding-bottom:95px;--awb-flex-wrap:wrap;\" ><div class=\"fusion-builder-row fusion-row fusion-flex-align-items-flex-start fusion-flex-content-wrap\" style=\"max-width:calc( 1170px + 0px );margin-left: calc(-0px \/ 2 );margin-right: calc(-0px \/ 2 );\"><div class=\"fusion-layout-column fusion_builder_column fusion-builder-column-0 fusion_builder_column_1_1 1_1 fusion-flex-column\" style=\"--awb-bg-size:cover;--awb-width-large:100%;--awb-margin-top-large:0px;--awb-spacing-right-large:0px;--awb-margin-bottom-large:20px;--awb-spacing-left-large:0px;--awb-width-medium:100%;--awb-order-medium:0;--awb-spacing-right-medium:0px;--awb-spacing-left-medium:0px;--awb-width-small:100%;--awb-order-small:0;--awb-spacing-right-small:0px;--awb-spacing-left-small:0px;\"><div class=\"fusion-column-wrapper fusion-column-has-shadow fusion-flex-justify-content-flex-start fusion-content-layout-column\"><div class=\"fusion-text fusion-text-1\"><p><span style=\"color: var(--awb-text-color); font-family: var(--awb-text-font-family); font-size: var(--awb-font-size); font-style: var(--awb-text-font-style); font-weight: var(--awb-text-font-weight); letter-spacing: var(--awb-letter-spacing); text-align: var(--awb-content-alignment); text-transform: var(--awb-text-transform); background-color: var(--awb-bg-color-hover);\">D\u00e9couvrez les activit\u00e9s \u00e0 faire \u00e0 L&rsquo;Estartit, l&rsquo;une des meilleures destinations de vacances de la Costa Brava. L&rsquo;Estartit propose une grande vari\u00e9t\u00e9 d&rsquo;activit\u00e9s pour tous les go\u00fbts. De l&rsquo;exploration des \u00eeles Medes en plong\u00e9e libre ou sous-marine, \u00e0 la d\u00e9tente sur ses plages aux eaux cristallines et ses sentiers de randonn\u00e9e offrant des panoramas \u00e0 couper le souffle, L&rsquo;Estartit a de quoi satisfaire toutes les envies. La ville poss\u00e8de \u00e9galement une promenade anim\u00e9e en bord de mer, des sports nautiques et une sc\u00e8ne culinaire riche et vari\u00e9e. D\u00e9couvrez ci-dessous les meilleures activit\u00e9s et exp\u00e9riences pour profiter pleinement de votre s\u00e9jour \u00e0 L&rsquo;Estartit.    <\/span><\/p>\n<\/div><\/div><\/div><div class=\"fusion-layout-column fusion_builder_column fusion-builder-column-1 fusion_builder_column_1_1 1_1 fusion-flex-column fusion-flex-align-self-flex-start fusion-column-no-min-height\" style=\"--awb-bg-blend:overlay;--awb-bg-size:cover;--awb-width-large:100%;--awb-margin-top-large:0px;--awb-spacing-right-large:0px;--awb-margin-bottom-large:0px;--awb-spacing-left-large:0px;--awb-width-medium:100%;--awb-spacing-right-medium:0px;--awb-spacing-left-medium:0px;--awb-width-small:100%;--awb-spacing-right-small:0px;--awb-spacing-left-small:0px;\"><div class=\"fusion-column-wrapper fusion-flex-justify-content-flex-start fusion-content-layout-column\"><div class=\"fusion-post-cards fusion-post-cards-1 fusion-grid-archive fusion-grid-columns-3\" style=\"--awb-dots-align:center;--awb-columns:3;--awb-active-filter-border-size:3px;--awb-filters-height:36px;\"><ul class=\"fusion-grid fusion-grid-3 fusion-flex-align-items-flex-start fusion-grid-posts-cards\"><li class=\"fusion-layout-column fusion_builder_column fusion-builder-column-2 fusion-flex-column post-card fusion-grid-column fusion-post-cards-grid-column\" style=\"--awb-bg-blend:overlay;--awb-bg-size:cover;--awb-box-shadow:0px 1px 3px -1px hsla(var(--awb-color3-h),var(--awb-color3-s),var(--awb-color3-l),calc(var(--awb-color3-a) - 55%));;--awb-border-color:var(--awb-color2);--awb-border-color-hover:var(--awb-color4);--awb-border-top:1px;--awb-border-right:1px;--awb-border-bottom:1px;--awb-border-left:1px;--awb-flex-grow:0;--awb-flex-shrink:0;--awb-flex-grow-medium:0;--awb-flex-shrink-medium:0;--awb-flex-grow-small:0;--awb-flex-shrink-small:0;\"><div class=\"fusion-column-wrapper fusion-column-has-shadow fusion-flex-justify-content-flex-start fusion-content-layout-column\"><div class=\"fusion-image-element \" style=\"--awb-caption-title-font-family:var(--h2_typography-font-family);--awb-caption-title-font-weight:var(--h2_typography-font-weight);--awb-caption-title-font-style:var(--h2_typography-font-style);--awb-caption-title-size:var(--h2_typography-font-size);--awb-caption-title-transform:var(--h2_typography-text-transform);--awb-caption-title-line-height:var(--h2_typography-line-height);--awb-caption-title-letter-spacing:var(--h2_typography-letter-spacing);\"><span class=\" fusion-imageframe imageframe-none imageframe-1 hover-type-zoomin\"><img decoding=\"async\" width=\"2560\" height=\"1280\" alt=\"Deportes Acu\u00e1ticos Estartit\" title=\"Deportes Acu\u00e1ticos Estartit\" src=\"https:\/\/sagavinaestartit.com\/wp-content\/uploads\/2026\/04\/Deportes-Acuaticos-Estartit-scaled.webp\" data-orig-src=\"https:\/\/sagavinaestartit.com\/wp-content\/uploads\/2026\/04\/Deportes-Acuaticos-Estartit-scaled.webp\" class=\"lazyload img-responsive wp-image-36932\" srcset=\"data:image\/svg+xml,%3Csvg%20xmlns%3D%27http%3A%2F%2Fwww.w3.org%2F2000%2Fsvg%27%20width%3D%272560%27%20height%3D%271280%27%20viewBox%3D%270%200%202560%201280%27%3E%3Crect%20width%3D%272560%27%20height%3D%271280%27%20fill-opacity%3D%220%22%2F%3E%3C%2Fsvg%3E\" data-srcset=\"https:\/\/sagavinaestartit.com\/wp-content\/uploads\/2026\/04\/Deportes-Acuaticos-Estartit-200x100.webp 200w, https:\/\/sagavinaestartit.com\/wp-content\/uploads\/2026\/04\/Deportes-Acuaticos-Estartit-400x200.webp 400w, https:\/\/sagavinaestartit.com\/wp-content\/uploads\/2026\/04\/Deportes-Acuaticos-Estartit-600x300.webp 600w, https:\/\/sagavinaestartit.com\/wp-content\/uploads\/2026\/04\/Deportes-Acuaticos-Estartit-800x400.webp 800w, https:\/\/sagavinaestartit.com\/wp-content\/uploads\/2026\/04\/Deportes-Acuaticos-Estartit-1200x600.webp 1200w, https:\/\/sagavinaestartit.com\/wp-content\/uploads\/2026\/04\/Deportes-Acuaticos-Estartit-scaled.webp 2560w\" data-sizes=\"auto\" data-orig-sizes=\"(max-width: 1024px) 100vw, (max-width: 640px) 100vw, 1200px\" \/><\/span><\/div><div class=\"fusion-builder-row fusion-builder-row-inner fusion-row fusion-flex-align-items-flex-start fusion-flex-content-wrap\" style=\"width:calc( 100% + 0px ) !important;max-width:calc( 100% + 0px ) !important;margin-left: calc(-0px \/ 2 );margin-right: calc(-0px \/ 2 );\"><div class=\"fusion-layout-column fusion_builder_column_inner fusion-builder-nested-column-0 fusion_builder_column_inner_1_1 1_1 fusion-flex-column\" style=\"--awb-padding-top:24px;--awb-padding-right:24px;--awb-padding-bottom:12px;--awb-padding-left:24px;--awb-bg-size:cover;--awb-width-large:100%;--awb-margin-top-large:0px;--awb-spacing-right-large:0px;--awb-margin-bottom-large:0px;--awb-spacing-left-large:0px;--awb-width-medium:100%;--awb-order-medium:0;--awb-spacing-right-medium:0px;--awb-spacing-left-medium:0px;--awb-width-small:100%;--awb-order-small:0;--awb-spacing-right-small:0px;--awb-spacing-left-small:0px;\"><div class=\"fusion-column-wrapper fusion-column-has-shadow fusion-flex-justify-content-flex-start fusion-content-layout-column\"><div class=\"fusion-title title fusion-title-1 fusion-title-text fusion-title-size-two\" style=\"--awb-margin-top:4px;--awb-margin-top-small:4px;--awb-margin-bottom-small:16px;\"><div class=\"title-sep-container title-sep-container-left fusion-no-large-visibility fusion-no-medium-visibility fusion-no-small-visibility\"><div class=\"title-sep sep- sep-solid\" style=\"border-color:var(--awb-color3);\"><\/div><\/div><span class=\"awb-title-spacer fusion-no-large-visibility fusion-no-medium-visibility fusion-no-small-visibility\"><\/span><h2 class=\"fusion-title-heading title-heading-left fusion-responsive-typography-calculated\" style=\"margin:0;--fontSize:26;line-height:var(--awb-typography1-line-height);\"><a href=\"https:\/\/sagavinaestartit.com\/fr\/sports-nautiques-estartit\/\" class=\"awb-custom-text-color awb-custom-text-hover-color\" target=\"_self\">Sports nautiques \u00e0 L\u2019Estartit<\/a><\/h2><span class=\"awb-title-spacer\"><\/span><div class=\"title-sep-container title-sep-container-right\"><div class=\"title-sep sep- sep-solid\" style=\"border-color:var(--awb-color3);\"><\/div><\/div><\/div><div class=\"fusion-content-tb fusion-content-tb-1\" style=\"--awb-text-color:var(--awb-color6);--awb-text-transform:none;\"><p> Bien plus que de la plong\u00e9e aux \u00eeles Medes  L\u2019Estartit est synonyme de plong\u00e9e aux \u00eeles Medes. Mais ce coin de la Costa Brava est un v\u00e9ritable paradis pour les sports nautiques\u2026 car cette r\u00e9gion offre de nombreuses activit\u00e9s pour profiter de la mer.     [...]<\/p><\/div><div class=\"fusion-meta-tb fusion-meta-tb-1 floated\" style=\"--awb-border-bottom:0px;--awb-border-top:0px;--awb-height:32px;--awb-text-color:var(--awb-color5);--awb-border-color:var(--awb-color2);--awb-alignment:space-between;--awb-alignment-medium:space-between;--awb-alignment-small:flex-start;\"><span class=\"fusion-tb-tags\">Tags: <a href=\"https:\/\/sagavinaestartit.com\/tag\/actividades-familiares\/\" rel=\"tag\">actividades familiares<\/a>, <a href=\"https:\/\/sagavinaestartit.com\/fr\/tag\/activites-a-lestartit\/\" rel=\"tag\">activit\u00e9s \u00e0 l'Estartit<\/a>, <a href=\"https:\/\/sagavinaestartit.com\/tag\/apartamento-mascotas-estartit\/\" rel=\"tag\">apartamento mascotas estartit<\/a>, <a href=\"https:\/\/sagavinaestartit.com\/tag\/costa-brava\/\" rel=\"tag\">Costa Brava<\/a>, <a href=\"https:\/\/sagavinaestartit.com\/tag\/kayak-estartit\/\" rel=\"tag\">kayak estartit<\/a>, <a href=\"https:\/\/sagavinaestartit.com\/fr\/tag\/que-hacer-en-lestartit\/\" rel=\"tag\">qu\u00e9 hacer en l'Estartit<\/a>, <a href=\"https:\/\/sagavinaestartit.com\/ca\/tag\/que-hacer-en-lestartit\/\" rel=\"tag\">qu\u00e9 hacer en l'Estartit<\/a>, <a href=\"https:\/\/sagavinaestartit.com\/tag\/sa-gavina\/\" rel=\"tag\">Sa gavina<\/a>, <a href=\"https:\/\/sagavinaestartit.com\/tag\/snorkel-costa-brava\/\" rel=\"tag\">snorkel costa brava<\/a>, <a href=\"https:\/\/sagavinaestartit.com\/tag\/snorkel-estartit\/\" rel=\"tag\">snorkel estartit<\/a>, <a href=\"https:\/\/sagavinaestartit.com\/tag\/turismo-de-proximidad\/\" rel=\"tag\">turismo de proximidad<\/a><\/span><span class=\"fusion-meta-tb-sep\"><\/span><\/div><\/div><\/div><\/div><div ><a class=\"fusion-button button-flat fusion-button-default-size button-default fusion-button-default button-1 fusion-button-span-yes \" target=\"_self\" href=\"https:\/\/sagavinaestartit.com\/fr\/sports-nautiques-estartit\/\"><span class=\"fusion-button-text awb-button__text awb-button__text--default\">LEER M\u00c1S<\/span><\/a><\/div><\/div><\/li>\n<li class=\"fusion-layout-column fusion_builder_column fusion-builder-column-3 fusion-flex-column post-card fusion-grid-column fusion-post-cards-grid-column\" style=\"--awb-bg-blend:overlay;--awb-bg-size:cover;--awb-box-shadow:0px 1px 3px -1px hsla(var(--awb-color3-h),var(--awb-color3-s),var(--awb-color3-l),calc(var(--awb-color3-a) - 55%));;--awb-border-color:var(--awb-color2);--awb-border-color-hover:var(--awb-color4);--awb-border-top:1px;--awb-border-right:1px;--awb-border-bottom:1px;--awb-border-left:1px;--awb-flex-grow:0;--awb-flex-shrink:0;--awb-flex-grow-medium:0;--awb-flex-shrink-medium:0;--awb-flex-grow-small:0;--awb-flex-shrink-small:0;\"><div class=\"fusion-column-wrapper fusion-column-has-shadow fusion-flex-justify-content-flex-start fusion-content-layout-column\"><div class=\"fusion-image-element \" style=\"--awb-caption-title-font-family:var(--h2_typography-font-family);--awb-caption-title-font-weight:var(--h2_typography-font-weight);--awb-caption-title-font-style:var(--h2_typography-font-style);--awb-caption-title-size:var(--h2_typography-font-size);--awb-caption-title-transform:var(--h2_typography-text-transform);--awb-caption-title-line-height:var(--h2_typography-line-height);--awb-caption-title-letter-spacing:var(--h2_typography-letter-spacing);\"><span class=\" fusion-imageframe imageframe-none imageframe-2 hover-type-zoomin\"><img decoding=\"async\" width=\"624\" height=\"543\" alt=\"snorkel Islas medes\" title=\"en-pareja\" src=\"https:\/\/sagavinaestartit.com\/wp-content\/uploads\/2022\/07\/1.webp\" data-orig-src=\"https:\/\/sagavinaestartit.com\/wp-content\/uploads\/2022\/07\/1.webp\" class=\"lazyload img-responsive wp-image-19171\" srcset=\"data:image\/svg+xml,%3Csvg%20xmlns%3D%27http%3A%2F%2Fwww.w3.org%2F2000%2Fsvg%27%20width%3D%27624%27%20height%3D%27543%27%20viewBox%3D%270%200%20624%20543%27%3E%3Crect%20width%3D%27624%27%20height%3D%27543%27%20fill-opacity%3D%220%22%2F%3E%3C%2Fsvg%3E\" data-srcset=\"https:\/\/sagavinaestartit.com\/wp-content\/uploads\/2022\/07\/1-200x174.webp 200w, https:\/\/sagavinaestartit.com\/wp-content\/uploads\/2022\/07\/1-400x348.webp 400w, https:\/\/sagavinaestartit.com\/wp-content\/uploads\/2022\/07\/1-600x522.webp 600w, https:\/\/sagavinaestartit.com\/wp-content\/uploads\/2022\/07\/1.webp 624w\" data-sizes=\"auto\" data-orig-sizes=\"(max-width: 1024px) 100vw, (max-width: 640px) 100vw, 624px\" \/><\/span><\/div><div class=\"fusion-builder-row fusion-builder-row-inner fusion-row fusion-flex-align-items-flex-start fusion-flex-content-wrap\" style=\"width:calc( 100% + 0px ) !important;max-width:calc( 100% + 0px ) !important;margin-left: calc(-0px \/ 2 );margin-right: calc(-0px \/ 2 );\"><div class=\"fusion-layout-column fusion_builder_column_inner fusion-builder-nested-column-1 fusion_builder_column_inner_1_1 1_1 fusion-flex-column\" style=\"--awb-padding-top:24px;--awb-padding-right:24px;--awb-padding-bottom:12px;--awb-padding-left:24px;--awb-bg-size:cover;--awb-width-large:100%;--awb-margin-top-large:0px;--awb-spacing-right-large:0px;--awb-margin-bottom-large:0px;--awb-spacing-left-large:0px;--awb-width-medium:100%;--awb-order-medium:0;--awb-spacing-right-medium:0px;--awb-spacing-left-medium:0px;--awb-width-small:100%;--awb-order-small:0;--awb-spacing-right-small:0px;--awb-spacing-left-small:0px;\"><div class=\"fusion-column-wrapper fusion-column-has-shadow fusion-flex-justify-content-flex-start fusion-content-layout-column\"><div class=\"fusion-title title fusion-title-2 fusion-title-text fusion-title-size-two\" style=\"--awb-margin-top:4px;--awb-margin-top-small:4px;--awb-margin-bottom-small:16px;\"><div class=\"title-sep-container title-sep-container-left fusion-no-large-visibility fusion-no-medium-visibility fusion-no-small-visibility\"><div class=\"title-sep sep- sep-solid\" style=\"border-color:var(--awb-color3);\"><\/div><\/div><span class=\"awb-title-spacer fusion-no-large-visibility fusion-no-medium-visibility fusion-no-small-visibility\"><\/span><h2 class=\"fusion-title-heading title-heading-left fusion-responsive-typography-calculated\" style=\"margin:0;--fontSize:26;line-height:var(--awb-typography1-line-height);\"><a href=\"https:\/\/sagavinaestartit.com\/fr\/decouvrez-meilleurs-spots-snorkeling-estartit\/\" class=\"awb-custom-text-color awb-custom-text-hover-color\" target=\"_self\">D\u00e9couvrez les meilleurs spots de snorkeling \u00e0 Estartit [2026]<\/a><\/h2><span class=\"awb-title-spacer\"><\/span><div class=\"title-sep-container title-sep-container-right\"><div class=\"title-sep sep- sep-solid\" style=\"border-color:var(--awb-color3);\"><\/div><\/div><\/div><div class=\"fusion-content-tb fusion-content-tb-2\" style=\"--awb-text-color:var(--awb-color6);--awb-text-transform:none;\"><p>L'Estartit, situ\u00e9 sur la Costa Brava en Espagne, est une destination id\u00e9ale pour les amateurs de plong\u00e9e avec tuba. Ses eaux cristallines, sa vie marine abondante et ses paysages sous-marins impressionnants font de cet endroit un paradis pour les passionn\u00e9s d'exploration sous-marine. Voici quelques-uns des meilleurs sites de plong\u00e9e avec [...]<\/p><\/div><div class=\"fusion-meta-tb fusion-meta-tb-2 floated\" style=\"--awb-border-bottom:0px;--awb-border-top:0px;--awb-height:32px;--awb-text-color:var(--awb-color5);--awb-border-color:var(--awb-color2);--awb-alignment:space-between;--awb-alignment-medium:space-between;--awb-alignment-small:flex-start;\"><span class=\"fusion-tb-tags\">Tags: <a href=\"https:\/\/sagavinaestartit.com\/fr\/tag\/activites-a-lestartit-fr\/\" rel=\"tag\">activit\u00e9s \u00e0 l'Estartit<\/a>, <a href=\"https:\/\/sagavinaestartit.com\/fr\/tag\/activites-familiales\/\" rel=\"tag\">activit\u00e9s familiales<\/a>, <a href=\"https:\/\/sagavinaestartit.com\/fr\/tag\/costa-brava-fr\/\" rel=\"tag\">Costa Brava<\/a>, <a href=\"https:\/\/sagavinaestartit.com\/fr\/tag\/que-faire-a-lestartit\/\" rel=\"tag\">Que faire \u00e0 l'Estartit<\/a>, <a href=\"https:\/\/sagavinaestartit.com\/fr\/tag\/snorkel-costa-brava-fr\/\" rel=\"tag\">snorkel costa brava<\/a>, <a href=\"https:\/\/sagavinaestartit.com\/fr\/tag\/snorkel-estartit-fr\/\" rel=\"tag\">snorkel estartit<\/a>, <a href=\"https:\/\/sagavinaestartit.com\/fr\/tag\/tourisme-local\/\" rel=\"tag\">tourisme local.<\/a><\/span><span class=\"fusion-meta-tb-sep\"><\/span><\/div><\/div><\/div><\/div><div ><a class=\"fusion-button button-flat fusion-button-default-size button-default fusion-button-default button-2 fusion-button-span-yes \" target=\"_self\" href=\"https:\/\/sagavinaestartit.com\/fr\/decouvrez-meilleurs-spots-snorkeling-estartit\/\"><span class=\"fusion-button-text awb-button__text awb-button__text--default\">LEER M\u00c1S<\/span><\/a><\/div><\/div><\/li>\n<li class=\"fusion-layout-column fusion_builder_column fusion-builder-column-4 fusion-flex-column post-card fusion-grid-column fusion-post-cards-grid-column\" style=\"--awb-bg-blend:overlay;--awb-bg-size:cover;--awb-box-shadow:0px 1px 3px -1px hsla(var(--awb-color3-h),var(--awb-color3-s),var(--awb-color3-l),calc(var(--awb-color3-a) - 55%));;--awb-border-color:var(--awb-color2);--awb-border-color-hover:var(--awb-color4);--awb-border-top:1px;--awb-border-right:1px;--awb-border-bottom:1px;--awb-border-left:1px;--awb-flex-grow:0;--awb-flex-shrink:0;--awb-flex-grow-medium:0;--awb-flex-shrink-medium:0;--awb-flex-grow-small:0;--awb-flex-shrink-small:0;\"><div class=\"fusion-column-wrapper fusion-column-has-shadow fusion-flex-justify-content-flex-start fusion-content-layout-column\"><div class=\"fusion-image-element \" style=\"--awb-caption-title-font-family:var(--h2_typography-font-family);--awb-caption-title-font-weight:var(--h2_typography-font-weight);--awb-caption-title-font-style:var(--h2_typography-font-style);--awb-caption-title-size:var(--h2_typography-font-size);--awb-caption-title-transform:var(--h2_typography-text-transform);--awb-caption-title-line-height:var(--h2_typography-line-height);--awb-caption-title-letter-spacing:var(--h2_typography-letter-spacing);\"><span class=\" fusion-imageframe imageframe-none imageframe-3 hover-type-zoomin\"><img decoding=\"async\" width=\"2560\" height=\"1280\" alt=\"Paddel Surf Estartit\" title=\"Paddel Surf Estartit\" src=\"https:\/\/sagavinaestartit.com\/wp-content\/uploads\/2018\/02\/Paddel-Surf-Estartit-scaled.webp\" data-orig-src=\"https:\/\/sagavinaestartit.com\/wp-content\/uploads\/2018\/02\/Paddel-Surf-Estartit-scaled.webp\" class=\"lazyload img-responsive wp-image-36905\" srcset=\"data:image\/svg+xml,%3Csvg%20xmlns%3D%27http%3A%2F%2Fwww.w3.org%2F2000%2Fsvg%27%20width%3D%272560%27%20height%3D%271280%27%20viewBox%3D%270%200%202560%201280%27%3E%3Crect%20width%3D%272560%27%20height%3D%271280%27%20fill-opacity%3D%220%22%2F%3E%3C%2Fsvg%3E\" data-srcset=\"https:\/\/sagavinaestartit.com\/wp-content\/uploads\/2018\/02\/Paddel-Surf-Estartit-200x100.webp 200w, https:\/\/sagavinaestartit.com\/wp-content\/uploads\/2018\/02\/Paddel-Surf-Estartit-400x200.webp 400w, https:\/\/sagavinaestartit.com\/wp-content\/uploads\/2018\/02\/Paddel-Surf-Estartit-600x300.webp 600w, https:\/\/sagavinaestartit.com\/wp-content\/uploads\/2018\/02\/Paddel-Surf-Estartit-800x400.webp 800w, https:\/\/sagavinaestartit.com\/wp-content\/uploads\/2018\/02\/Paddel-Surf-Estartit-1200x600.webp 1200w, https:\/\/sagavinaestartit.com\/wp-content\/uploads\/2018\/02\/Paddel-Surf-Estartit-scaled.webp 2560w\" data-sizes=\"auto\" data-orig-sizes=\"(max-width: 1024px) 100vw, (max-width: 640px) 100vw, 1200px\" \/><\/span><\/div><div class=\"fusion-builder-row fusion-builder-row-inner fusion-row fusion-flex-align-items-flex-start fusion-flex-content-wrap\" style=\"width:calc( 100% + 0px ) !important;max-width:calc( 100% + 0px ) !important;margin-left: calc(-0px \/ 2 );margin-right: calc(-0px \/ 2 );\"><div class=\"fusion-layout-column fusion_builder_column_inner fusion-builder-nested-column-2 fusion_builder_column_inner_1_1 1_1 fusion-flex-column\" style=\"--awb-padding-top:24px;--awb-padding-right:24px;--awb-padding-bottom:12px;--awb-padding-left:24px;--awb-bg-size:cover;--awb-width-large:100%;--awb-margin-top-large:0px;--awb-spacing-right-large:0px;--awb-margin-bottom-large:0px;--awb-spacing-left-large:0px;--awb-width-medium:100%;--awb-order-medium:0;--awb-spacing-right-medium:0px;--awb-spacing-left-medium:0px;--awb-width-small:100%;--awb-order-small:0;--awb-spacing-right-small:0px;--awb-spacing-left-small:0px;\"><div class=\"fusion-column-wrapper fusion-column-has-shadow fusion-flex-justify-content-flex-start fusion-content-layout-column\"><div class=\"fusion-title title fusion-title-3 fusion-title-text fusion-title-size-two\" style=\"--awb-margin-top:4px;--awb-margin-top-small:4px;--awb-margin-bottom-small:16px;\"><div class=\"title-sep-container title-sep-container-left fusion-no-large-visibility fusion-no-medium-visibility fusion-no-small-visibility\"><div class=\"title-sep sep- sep-solid\" style=\"border-color:var(--awb-color3);\"><\/div><\/div><span class=\"awb-title-spacer fusion-no-large-visibility fusion-no-medium-visibility fusion-no-small-visibility\"><\/span><h2 class=\"fusion-title-heading title-heading-left fusion-responsive-typography-calculated\" style=\"margin:0;--fontSize:26;line-height:var(--awb-typography1-line-height);\"><a href=\"https:\/\/sagavinaestartit.com\/fr\/paddle-surf-estartit\/\" class=\"awb-custom-text-color awb-custom-text-hover-color\" target=\"_self\">Paddle surf \u00e0 l\u2019Estartit<\/a><\/h2><span class=\"awb-title-spacer\"><\/span><div class=\"title-sep-container title-sep-container-right\"><div class=\"title-sep sep- sep-solid\" style=\"border-color:var(--awb-color3);\"><\/div><\/div><\/div><div class=\"fusion-content-tb fusion-content-tb-3\" style=\"--awb-text-color:var(--awb-color6);--awb-text-transform:none;\"><p> D\u00e9couvrez le paddle surf sur la plage de l\u2019Estartit cet \u00e9t\u00e9, une activit\u00e9 nautique id\u00e9ale pour profiter des vacances Il s\u2019agit d\u2019un sport de plus en plus populaire aupr\u00e8s de tous les \u00e2ges. Id\u00e9al pour ceux qui souhaitent profiter de la nature et d\u00e9couvrir la mer d\u2019une mani\u00e8re diff\u00e9rente. [...]<\/p><\/div><div class=\"fusion-meta-tb fusion-meta-tb-3 floated\" style=\"--awb-border-bottom:0px;--awb-border-top:0px;--awb-height:32px;--awb-text-color:var(--awb-color5);--awb-border-color:var(--awb-color2);--awb-alignment:space-between;--awb-alignment-medium:space-between;--awb-alignment-small:flex-start;\"><span class=\"fusion-tb-tags\">Tags: <a href=\"https:\/\/sagavinaestartit.com\/tag\/actividades-en-lestartit\/\" rel=\"tag\">actividades en l'Estartit<\/a>, <a href=\"https:\/\/sagavinaestartit.com\/fr\/tag\/activites-a-lestartit\/\" rel=\"tag\">activit\u00e9s \u00e0 l'Estartit<\/a>, <a href=\"https:\/\/sagavinaestartit.com\/fr\/tag\/activites-familiales\/\" rel=\"tag\">activit\u00e9s familiales<\/a>, <a href=\"https:\/\/sagavinaestartit.com\/fr\/tag\/animaux-de-compagnie-estartit\/\" rel=\"tag\">animaux de compagnie estartit<\/a>, <a href=\"https:\/\/sagavinaestartit.com\/fr\/tag\/costa-brava-fr\/\" rel=\"tag\">Costa Brava<\/a>, <a href=\"https:\/\/sagavinaestartit.com\/fr\/tag\/iles-medes\/\" rel=\"tag\">\u00eeles Medes<\/a>, <a href=\"https:\/\/sagavinaestartit.com\/tag\/kayak-estartit\/\" rel=\"tag\">kayak estartit<\/a>, <a href=\"https:\/\/sagavinaestartit.com\/fr\/tag\/kayak-estartit-fr\/\" rel=\"tag\">kayak estartit<\/a>, <a href=\"https:\/\/sagavinaestartit.com\/fr\/tag\/snorkel-estartit-fr\/\" rel=\"tag\">snorkel estartit<\/a>, <a href=\"https:\/\/sagavinaestartit.com\/fr\/tag\/tourisme-local\/\" rel=\"tag\">tourisme local.<\/a><\/span><span class=\"fusion-meta-tb-sep\"><\/span><\/div><\/div><\/div><\/div><div ><a class=\"fusion-button button-flat fusion-button-default-size button-default fusion-button-default button-3 fusion-button-span-yes \" target=\"_self\" href=\"https:\/\/sagavinaestartit.com\/fr\/paddle-surf-estartit\/\"><span class=\"fusion-button-text awb-button__text awb-button__text--default\">LEER M\u00c1S<\/span><\/a><\/div><\/div><\/li>\n<li class=\"fusion-layout-column fusion_builder_column fusion-builder-column-5 fusion-flex-column post-card fusion-grid-column fusion-post-cards-grid-column\" style=\"--awb-bg-blend:overlay;--awb-bg-size:cover;--awb-box-shadow:0px 1px 3px -1px hsla(var(--awb-color3-h),var(--awb-color3-s),var(--awb-color3-l),calc(var(--awb-color3-a) - 55%));;--awb-border-color:var(--awb-color2);--awb-border-color-hover:var(--awb-color4);--awb-border-top:1px;--awb-border-right:1px;--awb-border-bottom:1px;--awb-border-left:1px;--awb-flex-grow:0;--awb-flex-shrink:0;--awb-flex-grow-medium:0;--awb-flex-shrink-medium:0;--awb-flex-grow-small:0;--awb-flex-shrink-small:0;\"><div class=\"fusion-column-wrapper fusion-column-has-shadow fusion-flex-justify-content-flex-start fusion-content-layout-column\"><div class=\"fusion-image-element \" style=\"--awb-caption-title-font-family:var(--h2_typography-font-family);--awb-caption-title-font-weight:var(--h2_typography-font-weight);--awb-caption-title-font-style:var(--h2_typography-font-style);--awb-caption-title-size:var(--h2_typography-font-size);--awb-caption-title-transform:var(--h2_typography-text-transform);--awb-caption-title-line-height:var(--h2_typography-line-height);--awb-caption-title-letter-spacing:var(--h2_typography-letter-spacing);\"><span class=\" fusion-imageframe imageframe-none imageframe-4 hover-type-zoomin\"><img decoding=\"async\" width=\"2560\" height=\"1280\" alt=\"San juan\" title=\"Baners Sa Gavina (1)\" src=\"https:\/\/sagavinaestartit.com\/wp-content\/uploads\/2024\/05\/Baners-Sa-Gavina-1-scaled.webp\" data-orig-src=\"https:\/\/sagavinaestartit.com\/wp-content\/uploads\/2024\/05\/Baners-Sa-Gavina-1-scaled.webp\" class=\"lazyload img-responsive wp-image-33028\" srcset=\"data:image\/svg+xml,%3Csvg%20xmlns%3D%27http%3A%2F%2Fwww.w3.org%2F2000%2Fsvg%27%20width%3D%272560%27%20height%3D%271280%27%20viewBox%3D%270%200%202560%201280%27%3E%3Crect%20width%3D%272560%27%20height%3D%271280%27%20fill-opacity%3D%220%22%2F%3E%3C%2Fsvg%3E\" data-srcset=\"https:\/\/sagavinaestartit.com\/wp-content\/uploads\/2024\/05\/Baners-Sa-Gavina-1-200x100.webp 200w, https:\/\/sagavinaestartit.com\/wp-content\/uploads\/2024\/05\/Baners-Sa-Gavina-1-400x200.webp 400w, https:\/\/sagavinaestartit.com\/wp-content\/uploads\/2024\/05\/Baners-Sa-Gavina-1-600x300.webp 600w, https:\/\/sagavinaestartit.com\/wp-content\/uploads\/2024\/05\/Baners-Sa-Gavina-1-800x400.webp 800w, https:\/\/sagavinaestartit.com\/wp-content\/uploads\/2024\/05\/Baners-Sa-Gavina-1-1200x600.webp 1200w, https:\/\/sagavinaestartit.com\/wp-content\/uploads\/2024\/05\/Baners-Sa-Gavina-1-scaled.webp 2560w\" data-sizes=\"auto\" data-orig-sizes=\"(max-width: 1024px) 100vw, (max-width: 640px) 100vw, 1200px\" \/><\/span><\/div><div class=\"fusion-builder-row fusion-builder-row-inner fusion-row fusion-flex-align-items-flex-start fusion-flex-content-wrap\" style=\"width:calc( 100% + 0px ) !important;max-width:calc( 100% + 0px ) !important;margin-left: calc(-0px \/ 2 );margin-right: calc(-0px \/ 2 );\"><div class=\"fusion-layout-column fusion_builder_column_inner fusion-builder-nested-column-3 fusion_builder_column_inner_1_1 1_1 fusion-flex-column\" style=\"--awb-padding-top:24px;--awb-padding-right:24px;--awb-padding-bottom:12px;--awb-padding-left:24px;--awb-bg-size:cover;--awb-width-large:100%;--awb-margin-top-large:0px;--awb-spacing-right-large:0px;--awb-margin-bottom-large:0px;--awb-spacing-left-large:0px;--awb-width-medium:100%;--awb-order-medium:0;--awb-spacing-right-medium:0px;--awb-spacing-left-medium:0px;--awb-width-small:100%;--awb-order-small:0;--awb-spacing-right-small:0px;--awb-spacing-left-small:0px;\"><div class=\"fusion-column-wrapper fusion-column-has-shadow fusion-flex-justify-content-flex-start fusion-content-layout-column\"><div class=\"fusion-title title fusion-title-4 fusion-title-text fusion-title-size-two\" style=\"--awb-margin-top:4px;--awb-margin-top-small:4px;--awb-margin-bottom-small:16px;\"><div class=\"title-sep-container title-sep-container-left fusion-no-large-visibility fusion-no-medium-visibility fusion-no-small-visibility\"><div class=\"title-sep sep- sep-solid\" style=\"border-color:var(--awb-color3);\"><\/div><\/div><span class=\"awb-title-spacer fusion-no-large-visibility fusion-no-medium-visibility fusion-no-small-visibility\"><\/span><h2 class=\"fusion-title-heading title-heading-left fusion-responsive-typography-calculated\" style=\"margin:0;--fontSize:26;line-height:var(--awb-typography1-line-height);\"><a href=\"https:\/\/sagavinaestartit.com\/fr\/fete-de-la-saint-jean-a-lestartit-2025\/\" class=\"awb-custom-text-color awb-custom-text-hover-color\" target=\"_self\">F\u00eate de la Saint-Jean \u00e0 l\u2019Estartit [2026]<\/a><\/h2><span class=\"awb-title-spacer\"><\/span><div class=\"title-sep-container title-sep-container-right\"><div class=\"title-sep sep- sep-solid\" style=\"border-color:var(--awb-color3);\"><\/div><\/div><\/div><div class=\"fusion-content-tb fusion-content-tb-4\" style=\"--awb-text-color:var(--awb-color6);--awb-text-transform:none;\"><p> Avec l\u2019arriv\u00e9e de l\u2019\u00e9t\u00e9 et des temp\u00e9ratures estivales, nous nous pr\u00e9parons une nouvelle fois \u00e0 c\u00e9l\u00e9brer la traditionnelle F\u00eate de la Saint-Jean \u00e0 l\u2019Estartit le 23 juin au soir. Tous les visiteurs s\u00e9journant dans les appartements de location Sa Gavina de l\u2019Estartit pourront profiter d\u2019un programme d\u2019activit\u00e9s vari\u00e9 pendant [...]<\/p><\/div><div class=\"fusion-meta-tb fusion-meta-tb-4 floated\" style=\"--awb-border-bottom:0px;--awb-border-top:0px;--awb-height:32px;--awb-text-color:var(--awb-color5);--awb-border-color:var(--awb-color2);--awb-alignment:space-between;--awb-alignment-medium:space-between;--awb-alignment-small:flex-start;\"><span class=\"fusion-tb-tags\">Tags: <a href=\"https:\/\/sagavinaestartit.com\/tag\/actividades-familiares\/\" rel=\"tag\">actividades familiares<\/a>, <a href=\"https:\/\/sagavinaestartit.com\/fr\/tag\/activites-a-lestartit\/\" rel=\"tag\">activit\u00e9s \u00e0 l'Estartit<\/a>, <a href=\"https:\/\/sagavinaestartit.com\/tag\/apartamento-mascotas-estartit\/\" rel=\"tag\">apartamento mascotas estartit<\/a>, <a href=\"https:\/\/sagavinaestartit.com\/fr\/tag\/concerts-saint-jean-estartit\/\" rel=\"tag\">concerts saint-jean estartit<\/a>, <a href=\"https:\/\/sagavinaestartit.com\/tag\/espectaculos\/\" rel=\"tag\">espect\u00e1culos<\/a>, <a href=\"https:\/\/sagavinaestartit.com\/tag\/estartit-23-junio\/\" rel=\"tag\">estartit 23 junio<\/a>, <a href=\"https:\/\/sagavinaestartit.com\/tag\/festival-itaca\/\" rel=\"tag\">Festival Itaca<\/a>, <a href=\"https:\/\/sagavinaestartit.com\/tag\/san-juan-estartit\/\" rel=\"tag\">san juan estartit<\/a><\/span><span class=\"fusion-meta-tb-sep\"><\/span><\/div><\/div><\/div><\/div><div ><a class=\"fusion-button button-flat fusion-button-default-size button-default fusion-button-default button-4 fusion-button-span-yes \" target=\"_self\" href=\"https:\/\/sagavinaestartit.com\/fr\/fete-de-la-saint-jean-a-lestartit-2025\/\"><span class=\"fusion-button-text awb-button__text awb-button__text--default\">LEER M\u00c1S<\/span><\/a><\/div><\/div><\/li>\n<li class=\"fusion-layout-column fusion_builder_column fusion-builder-column-6 fusion-flex-column post-card fusion-grid-column fusion-post-cards-grid-column\" style=\"--awb-bg-blend:overlay;--awb-bg-size:cover;--awb-box-shadow:0px 1px 3px -1px hsla(var(--awb-color3-h),var(--awb-color3-s),var(--awb-color3-l),calc(var(--awb-color3-a) - 55%));;--awb-border-color:var(--awb-color2);--awb-border-color-hover:var(--awb-color4);--awb-border-top:1px;--awb-border-right:1px;--awb-border-bottom:1px;--awb-border-left:1px;--awb-flex-grow:0;--awb-flex-shrink:0;--awb-flex-grow-medium:0;--awb-flex-shrink-medium:0;--awb-flex-grow-small:0;--awb-flex-shrink-small:0;\"><div class=\"fusion-column-wrapper fusion-column-has-shadow fusion-flex-justify-content-flex-start fusion-content-layout-column\"><div class=\"fusion-image-element \" style=\"--awb-caption-title-font-family:var(--h2_typography-font-family);--awb-caption-title-font-weight:var(--h2_typography-font-weight);--awb-caption-title-font-style:var(--h2_typography-font-style);--awb-caption-title-size:var(--h2_typography-font-size);--awb-caption-title-transform:var(--h2_typography-text-transform);--awb-caption-title-line-height:var(--h2_typography-line-height);--awb-caption-title-letter-spacing:var(--h2_typography-letter-spacing);\"><span class=\" fusion-imageframe imageframe-none imageframe-5 hover-type-zoomin\"><img decoding=\"async\" width=\"1200\" height=\"899\" alt=\"conciertos-san-juan-estartit-\" title=\"conciertos-san-juan-estartit-1200&#215;899\" src=\"https:\/\/sagavinaestartit.com\/wp-content\/uploads\/2025\/02\/conciertos-san-juan-estartit-1200x899-1.webp\" data-orig-src=\"https:\/\/sagavinaestartit.com\/wp-content\/uploads\/2025\/02\/conciertos-san-juan-estartit-1200x899-1.webp\" class=\"lazyload img-responsive wp-image-32889\" srcset=\"data:image\/svg+xml,%3Csvg%20xmlns%3D%27http%3A%2F%2Fwww.w3.org%2F2000%2Fsvg%27%20width%3D%271200%27%20height%3D%27899%27%20viewBox%3D%270%200%201200%20899%27%3E%3Crect%20width%3D%271200%27%20height%3D%27899%27%20fill-opacity%3D%220%22%2F%3E%3C%2Fsvg%3E\" data-srcset=\"https:\/\/sagavinaestartit.com\/wp-content\/uploads\/2025\/02\/conciertos-san-juan-estartit-1200x899-1-200x150.webp 200w, https:\/\/sagavinaestartit.com\/wp-content\/uploads\/2025\/02\/conciertos-san-juan-estartit-1200x899-1-400x300.webp 400w, https:\/\/sagavinaestartit.com\/wp-content\/uploads\/2025\/02\/conciertos-san-juan-estartit-1200x899-1-600x450.webp 600w, https:\/\/sagavinaestartit.com\/wp-content\/uploads\/2025\/02\/conciertos-san-juan-estartit-1200x899-1-800x599.webp 800w, https:\/\/sagavinaestartit.com\/wp-content\/uploads\/2025\/02\/conciertos-san-juan-estartit-1200x899-1.webp 1200w\" data-sizes=\"auto\" data-orig-sizes=\"(max-width: 1024px) 100vw, (max-width: 640px) 100vw, 1200px\" \/><\/span><\/div><div class=\"fusion-builder-row fusion-builder-row-inner fusion-row fusion-flex-align-items-flex-start fusion-flex-content-wrap\" style=\"width:calc( 100% + 0px ) !important;max-width:calc( 100% + 0px ) !important;margin-left: calc(-0px \/ 2 );margin-right: calc(-0px \/ 2 );\"><div class=\"fusion-layout-column fusion_builder_column_inner fusion-builder-nested-column-4 fusion_builder_column_inner_1_1 1_1 fusion-flex-column\" style=\"--awb-padding-top:24px;--awb-padding-right:24px;--awb-padding-bottom:12px;--awb-padding-left:24px;--awb-bg-size:cover;--awb-width-large:100%;--awb-margin-top-large:0px;--awb-spacing-right-large:0px;--awb-margin-bottom-large:0px;--awb-spacing-left-large:0px;--awb-width-medium:100%;--awb-order-medium:0;--awb-spacing-right-medium:0px;--awb-spacing-left-medium:0px;--awb-width-small:100%;--awb-order-small:0;--awb-spacing-right-small:0px;--awb-spacing-left-small:0px;\"><div class=\"fusion-column-wrapper fusion-column-has-shadow fusion-flex-justify-content-flex-start fusion-content-layout-column\"><div class=\"fusion-title title fusion-title-5 fusion-title-text fusion-title-size-two\" style=\"--awb-margin-top:4px;--awb-margin-top-small:4px;--awb-margin-bottom-small:16px;\"><div class=\"title-sep-container title-sep-container-left fusion-no-large-visibility fusion-no-medium-visibility fusion-no-small-visibility\"><div class=\"title-sep sep- sep-solid\" style=\"border-color:var(--awb-color3);\"><\/div><\/div><span class=\"awb-title-spacer fusion-no-large-visibility fusion-no-medium-visibility fusion-no-small-visibility\"><\/span><h2 class=\"fusion-title-heading title-heading-left fusion-responsive-typography-calculated\" style=\"margin:0;--fontSize:26;line-height:var(--awb-typography1-line-height);\"><a href=\"https:\/\/sagavinaestartit.com\/fr\/concerts-estartit-saint-jean\/\" class=\"awb-custom-text-color awb-custom-text-hover-color\" target=\"_self\">Concerts \u00e0 l\u2019Estartit pour la Saint-Jean 2026<\/a><\/h2><span class=\"awb-title-spacer\"><\/span><div class=\"title-sep-container title-sep-container-right\"><div class=\"title-sep sep- sep-solid\" style=\"border-color:var(--awb-color3);\"><\/div><\/div><\/div><div class=\"fusion-content-tb fusion-content-tb-5\" style=\"--awb-text-color:var(--awb-color6);--awb-text-transform:none;\"><p> Cette ann\u00e9e 2026, pour les f\u00eates de la Saint-Jean 2026 \u00e0 l\u2019Estartit, il y aura trois jours de concerts du Festival \u00cdtaca : les 19,20 et 23 juin, ce dernier pour la nuit de la Saint-Jean. Vous pouvez acheter des billets pour une seule journ\u00e9e ou pour les trois [...]<\/p><\/div><div class=\"fusion-meta-tb fusion-meta-tb-5 floated\" style=\"--awb-border-bottom:0px;--awb-border-top:0px;--awb-height:32px;--awb-text-color:var(--awb-color5);--awb-border-color:var(--awb-color2);--awb-alignment:space-between;--awb-alignment-medium:space-between;--awb-alignment-small:flex-start;\"><span class=\"fusion-tb-tags\">Tags: <a href=\"https:\/\/sagavinaestartit.com\/fr\/tag\/activites-a-lestartit\/\" rel=\"tag\">activit\u00e9s \u00e0 l'Estartit<\/a>, <a href=\"https:\/\/sagavinaestartit.com\/tag\/conciertos\/\" rel=\"tag\">conciertos<\/a>, <a href=\"https:\/\/sagavinaestartit.com\/tag\/costa-brava\/\" rel=\"tag\">Costa Brava<\/a>, <a href=\"https:\/\/sagavinaestartit.com\/tag\/espectaculos\/\" rel=\"tag\">espect\u00e1culos<\/a>, <a href=\"https:\/\/sagavinaestartit.com\/tag\/festival-itaca\/\" rel=\"tag\">Festival Itaca<\/a>, <a href=\"https:\/\/sagavinaestartit.com\/tag\/festival-torroella-montgri\/\" rel=\"tag\">festival torroella montgri<\/a>, <a href=\"https:\/\/sagavinaestartit.com\/fr\/tag\/festivals-et-foires\/\" rel=\"tag\">festivals et foires<\/a>, <a href=\"https:\/\/sagavinaestartit.com\/tag\/sa-gavina\/\" rel=\"tag\">Sa gavina<\/a>, <a href=\"https:\/\/sagavinaestartit.com\/tag\/sant-joan\/\" rel=\"tag\">Sant Joan<\/a><\/span><span class=\"fusion-meta-tb-sep\"><\/span><\/div><\/div><\/div><\/div><div ><a class=\"fusion-button button-flat fusion-button-default-size button-default fusion-button-default button-5 fusion-button-span-yes \" target=\"_self\" href=\"https:\/\/sagavinaestartit.com\/fr\/concerts-estartit-saint-jean\/\"><span class=\"fusion-button-text awb-button__text awb-button__text--default\">LEER M\u00c1S<\/span><\/a><\/div><\/div><\/li>\n<li class=\"fusion-layout-column fusion_builder_column fusion-builder-column-7 fusion-flex-column post-card fusion-grid-column fusion-post-cards-grid-column\" style=\"--awb-bg-blend:overlay;--awb-bg-size:cover;--awb-box-shadow:0px 1px 3px -1px hsla(var(--awb-color3-h),var(--awb-color3-s),var(--awb-color3-l),calc(var(--awb-color3-a) - 55%));;--awb-border-color:var(--awb-color2);--awb-border-color-hover:var(--awb-color4);--awb-border-top:1px;--awb-border-right:1px;--awb-border-bottom:1px;--awb-border-left:1px;--awb-flex-grow:0;--awb-flex-shrink:0;--awb-flex-grow-medium:0;--awb-flex-shrink-medium:0;--awb-flex-grow-small:0;--awb-flex-shrink-small:0;\"><div class=\"fusion-column-wrapper fusion-column-has-shadow fusion-flex-justify-content-flex-start fusion-content-layout-column\"><div class=\"fusion-image-element \" style=\"--awb-caption-title-font-family:var(--h2_typography-font-family);--awb-caption-title-font-weight:var(--h2_typography-font-weight);--awb-caption-title-font-style:var(--h2_typography-font-style);--awb-caption-title-size:var(--h2_typography-font-size);--awb-caption-title-transform:var(--h2_typography-text-transform);--awb-caption-title-line-height:var(--h2_typography-line-height);--awb-caption-title-letter-spacing:var(--h2_typography-letter-spacing);\"><span class=\" fusion-imageframe imageframe-none imageframe-6 hover-type-zoomin\"><img decoding=\"async\" width=\"600\" height=\"400\" alt=\"Mercados Semanales Costa Brava\" title=\"Mercados Semanales Costa Brava\" src=\"https:\/\/sagavinaestartit.com\/wp-content\/uploads\/2024\/05\/Mercados-Semanales-Costa-Brava.webp\" data-orig-src=\"https:\/\/sagavinaestartit.com\/wp-content\/uploads\/2024\/05\/Mercados-Semanales-Costa-Brava.webp\" class=\"lazyload img-responsive wp-image-33094\" srcset=\"data:image\/svg+xml,%3Csvg%20xmlns%3D%27http%3A%2F%2Fwww.w3.org%2F2000%2Fsvg%27%20width%3D%27600%27%20height%3D%27400%27%20viewBox%3D%270%200%20600%20400%27%3E%3Crect%20width%3D%27600%27%20height%3D%27400%27%20fill-opacity%3D%220%22%2F%3E%3C%2Fsvg%3E\" data-srcset=\"https:\/\/sagavinaestartit.com\/wp-content\/uploads\/2024\/05\/Mercados-Semanales-Costa-Brava-200x133.webp 200w, https:\/\/sagavinaestartit.com\/wp-content\/uploads\/2024\/05\/Mercados-Semanales-Costa-Brava-400x267.webp 400w, https:\/\/sagavinaestartit.com\/wp-content\/uploads\/2024\/05\/Mercados-Semanales-Costa-Brava.webp 600w\" data-sizes=\"auto\" data-orig-sizes=\"(max-width: 1024px) 100vw, (max-width: 640px) 100vw, 600px\" \/><\/span><\/div><div class=\"fusion-builder-row fusion-builder-row-inner fusion-row fusion-flex-align-items-flex-start fusion-flex-content-wrap\" style=\"width:calc( 100% + 0px ) !important;max-width:calc( 100% + 0px ) !important;margin-left: calc(-0px \/ 2 );margin-right: calc(-0px \/ 2 );\"><div class=\"fusion-layout-column fusion_builder_column_inner fusion-builder-nested-column-5 fusion_builder_column_inner_1_1 1_1 fusion-flex-column\" style=\"--awb-padding-top:24px;--awb-padding-right:24px;--awb-padding-bottom:12px;--awb-padding-left:24px;--awb-bg-size:cover;--awb-width-large:100%;--awb-margin-top-large:0px;--awb-spacing-right-large:0px;--awb-margin-bottom-large:0px;--awb-spacing-left-large:0px;--awb-width-medium:100%;--awb-order-medium:0;--awb-spacing-right-medium:0px;--awb-spacing-left-medium:0px;--awb-width-small:100%;--awb-order-small:0;--awb-spacing-right-small:0px;--awb-spacing-left-small:0px;\"><div class=\"fusion-column-wrapper fusion-column-has-shadow fusion-flex-justify-content-flex-start fusion-content-layout-column\"><div class=\"fusion-title title fusion-title-6 fusion-title-text fusion-title-size-two\" style=\"--awb-margin-top:4px;--awb-margin-top-small:4px;--awb-margin-bottom-small:16px;\"><div class=\"title-sep-container title-sep-container-left fusion-no-large-visibility fusion-no-medium-visibility fusion-no-small-visibility\"><div class=\"title-sep sep- sep-solid\" style=\"border-color:var(--awb-color3);\"><\/div><\/div><span class=\"awb-title-spacer fusion-no-large-visibility fusion-no-medium-visibility fusion-no-small-visibility\"><\/span><h2 class=\"fusion-title-heading title-heading-left fusion-responsive-typography-calculated\" style=\"margin:0;--fontSize:26;line-height:var(--awb-typography1-line-height);\"><a href=\"https:\/\/sagavinaestartit.com\/fr\/marches-costa-brava\/\" class=\"awb-custom-text-color awb-custom-text-hover-color\" target=\"_self\">March\u00e9s sur la Costa Brava [2026]<\/a><\/h2><span class=\"awb-title-spacer\"><\/span><div class=\"title-sep-container title-sep-container-right\"><div class=\"title-sep sep- sep-solid\" style=\"border-color:var(--awb-color3);\"><\/div><\/div><\/div><div class=\"fusion-content-tb fusion-content-tb-6\" style=\"--awb-text-color:var(--awb-color6);--awb-text-transform:none;\"><p>\r Ce 2026, visitez les march\u00e9s hebdomadaires de la Costa Brava, l\u2019un des plus beaux endroits de Catalogne. Dans ce blog, vous d\u00e9couvrirez le jour et l\u2019heure des march\u00e9s hebdomadaires dans les diff\u00e9rentes villes et villages de la Costa Brava. \r \r Le jeudi est le jour du march\u00e9 aux [...]<\/p><\/div><div class=\"fusion-meta-tb fusion-meta-tb-6 floated\" style=\"--awb-border-bottom:0px;--awb-border-top:0px;--awb-height:32px;--awb-text-color:var(--awb-color5);--awb-border-color:var(--awb-color2);--awb-alignment:space-between;--awb-alignment-medium:space-between;--awb-alignment-small:flex-start;\"><span class=\"fusion-tb-tags\">Tags: <a href=\"https:\/\/sagavinaestartit.com\/fr\/tag\/marches-de-rue-de-costa-brava-marches-de-costa-brava-marches-hebdomadaires-de-costa-brava-marches-hebdomadaires-de-costa-brava\/\" rel=\"tag\">march\u00e9s de rue de costa brava | march\u00e9s de costa brava | march\u00e9s hebdomadaires de costa brava | march\u00e9s hebdomadaires de costa brava<\/a><\/span><span class=\"fusion-meta-tb-sep\"><\/span><\/div><\/div><\/div><\/div><div ><a class=\"fusion-button button-flat fusion-button-default-size button-default fusion-button-default button-6 fusion-button-span-yes \" target=\"_self\" href=\"https:\/\/sagavinaestartit.com\/fr\/marches-costa-brava\/\"><span class=\"fusion-button-text awb-button__text awb-button__text--default\">LEER M\u00c1S<\/span><\/a><\/div><\/div><\/li>\n<li class=\"fusion-layout-column fusion_builder_column fusion-builder-column-8 fusion-flex-column post-card fusion-grid-column fusion-post-cards-grid-column\" style=\"--awb-bg-blend:overlay;--awb-bg-size:cover;--awb-box-shadow:0px 1px 3px -1px hsla(var(--awb-color3-h),var(--awb-color3-s),var(--awb-color3-l),calc(var(--awb-color3-a) - 55%));;--awb-border-color:var(--awb-color2);--awb-border-color-hover:var(--awb-color4);--awb-border-top:1px;--awb-border-right:1px;--awb-border-bottom:1px;--awb-border-left:1px;--awb-flex-grow:0;--awb-flex-shrink:0;--awb-flex-grow-medium:0;--awb-flex-shrink-medium:0;--awb-flex-grow-small:0;--awb-flex-shrink-small:0;\"><div class=\"fusion-column-wrapper fusion-column-has-shadow fusion-flex-justify-content-flex-start fusion-content-layout-column\"><div class=\"fusion-image-element \" style=\"--awb-caption-title-font-family:var(--h2_typography-font-family);--awb-caption-title-font-weight:var(--h2_typography-font-weight);--awb-caption-title-font-style:var(--h2_typography-font-style);--awb-caption-title-size:var(--h2_typography-font-size);--awb-caption-title-transform:var(--h2_typography-text-transform);--awb-caption-title-line-height:var(--h2_typography-line-height);--awb-caption-title-letter-spacing:var(--h2_typography-letter-spacing);\"><span class=\" fusion-imageframe imageframe-none imageframe-7 hover-type-zoomin\"><img decoding=\"async\" width=\"2560\" height=\"1280\" alt=\"Fira Emporda Cuina i Salut\" title=\"Fira Emporda\" src=\"https:\/\/sagavinaestartit.com\/wp-content\/uploads\/2018\/04\/Fira-Emporda-scaled.webp\" data-orig-src=\"https:\/\/sagavinaestartit.com\/wp-content\/uploads\/2018\/04\/Fira-Emporda-scaled.webp\" class=\"lazyload img-responsive wp-image-35540\" srcset=\"data:image\/svg+xml,%3Csvg%20xmlns%3D%27http%3A%2F%2Fwww.w3.org%2F2000%2Fsvg%27%20width%3D%272560%27%20height%3D%271280%27%20viewBox%3D%270%200%202560%201280%27%3E%3Crect%20width%3D%272560%27%20height%3D%271280%27%20fill-opacity%3D%220%22%2F%3E%3C%2Fsvg%3E\" data-srcset=\"https:\/\/sagavinaestartit.com\/wp-content\/uploads\/2018\/04\/Fira-Emporda-200x100.webp 200w, https:\/\/sagavinaestartit.com\/wp-content\/uploads\/2018\/04\/Fira-Emporda-400x200.webp 400w, https:\/\/sagavinaestartit.com\/wp-content\/uploads\/2018\/04\/Fira-Emporda-600x300.webp 600w, https:\/\/sagavinaestartit.com\/wp-content\/uploads\/2018\/04\/Fira-Emporda-800x400.webp 800w, https:\/\/sagavinaestartit.com\/wp-content\/uploads\/2018\/04\/Fira-Emporda-1200x600.webp 1200w, https:\/\/sagavinaestartit.com\/wp-content\/uploads\/2018\/04\/Fira-Emporda-scaled.webp 2560w\" data-sizes=\"auto\" data-orig-sizes=\"(max-width: 1024px) 100vw, (max-width: 640px) 100vw, 1200px\" \/><\/span><\/div><div class=\"fusion-builder-row fusion-builder-row-inner fusion-row fusion-flex-align-items-flex-start fusion-flex-content-wrap\" style=\"width:calc( 100% + 0px ) !important;max-width:calc( 100% + 0px ) !important;margin-left: calc(-0px \/ 2 );margin-right: calc(-0px \/ 2 );\"><div class=\"fusion-layout-column fusion_builder_column_inner fusion-builder-nested-column-6 fusion_builder_column_inner_1_1 1_1 fusion-flex-column\" style=\"--awb-padding-top:24px;--awb-padding-right:24px;--awb-padding-bottom:12px;--awb-padding-left:24px;--awb-bg-size:cover;--awb-width-large:100%;--awb-margin-top-large:0px;--awb-spacing-right-large:0px;--awb-margin-bottom-large:0px;--awb-spacing-left-large:0px;--awb-width-medium:100%;--awb-order-medium:0;--awb-spacing-right-medium:0px;--awb-spacing-left-medium:0px;--awb-width-small:100%;--awb-order-small:0;--awb-spacing-right-small:0px;--awb-spacing-left-small:0px;\"><div class=\"fusion-column-wrapper fusion-column-has-shadow fusion-flex-justify-content-flex-start fusion-content-layout-column\"><div class=\"fusion-title title fusion-title-7 fusion-title-text fusion-title-size-two\" style=\"--awb-margin-top:4px;--awb-margin-top-small:4px;--awb-margin-bottom-small:16px;\"><div class=\"title-sep-container title-sep-container-left fusion-no-large-visibility fusion-no-medium-visibility fusion-no-small-visibility\"><div class=\"title-sep sep- sep-solid\" style=\"border-color:var(--awb-color3);\"><\/div><\/div><span class=\"awb-title-spacer fusion-no-large-visibility fusion-no-medium-visibility fusion-no-small-visibility\"><\/span><h2 class=\"fusion-title-heading title-heading-left fusion-responsive-typography-calculated\" style=\"margin:0;--fontSize:26;line-height:var(--awb-typography1-line-height);\"><a href=\"https:\/\/sagavinaestartit.com\/fr\/salon-emporda-cuisine-et-sante\/\" class=\"awb-custom-text-color awb-custom-text-hover-color\" target=\"_self\">Salon \u00ab Empord\u00e0, cuisine et sant\u00e9 \u00bb<\/a><\/h2><span class=\"awb-title-spacer\"><\/span><div class=\"title-sep-container title-sep-container-right\"><div class=\"title-sep sep- sep-solid\" style=\"border-color:var(--awb-color3);\"><\/div><\/div><\/div><div class=\"fusion-content-tb fusion-content-tb-7\" style=\"--awb-text-color:var(--awb-color6);--awb-text-transform:none;\"><p> Le week-end des 8 et 9 mai, la Fira Empord\u00e0 Cuina i Salut est de retour. L'objectif du salon est de mettre en valeur le lien entre gastronomie et bien-\u00eatre, de revenir aux origines, o\u00f9 le r\u00e9gime m\u00e9diterran\u00e9en, les produits locaux et la philosophie slow food \u00e9taient la norme [...]<\/p><\/div><div class=\"fusion-meta-tb fusion-meta-tb-7 floated\" style=\"--awb-border-bottom:0px;--awb-border-top:0px;--awb-height:32px;--awb-text-color:var(--awb-color5);--awb-border-color:var(--awb-color2);--awb-alignment:space-between;--awb-alignment-medium:space-between;--awb-alignment-small:flex-start;\"><span class=\"fusion-tb-tags\">Tags: <a href=\"https:\/\/sagavinaestartit.com\/tag\/actividades-familiares\/\" rel=\"tag\">actividades familiares<\/a>, <a href=\"https:\/\/sagavinaestartit.com\/fr\/tag\/activites-a-lestartit\/\" rel=\"tag\">activit\u00e9s \u00e0 l'Estartit<\/a>, <a href=\"https:\/\/sagavinaestartit.com\/tag\/apartamento-mascotas-estartit\/\" rel=\"tag\">apartamento mascotas estartit<\/a>, <a href=\"https:\/\/sagavinaestartit.com\/fr\/tag\/expositions\/\" rel=\"tag\">expositions<\/a>, <a href=\"https:\/\/sagavinaestartit.com\/fr\/tag\/festivals-et-foires\/\" rel=\"tag\">festivals et foires<\/a>, <a href=\"https:\/\/sagavinaestartit.com\/tag\/fiestas-y-ferias\/\" rel=\"tag\">fiestas y ferias<\/a>, <a href=\"https:\/\/sagavinaestartit.com\/tag\/que-hacer-en-lestartit-2\/\" rel=\"tag\">qu\u00e9 hacer en l'Estartit<\/a>, <a href=\"https:\/\/sagavinaestartit.com\/tag\/turismo-de-proximidad\/\" rel=\"tag\">turismo de proximidad<\/a>, <a href=\"https:\/\/sagavinaestartit.com\/tag\/turismo-responsable\/\" rel=\"tag\">turismo responsable<\/a><\/span><span class=\"fusion-meta-tb-sep\"><\/span><\/div><\/div><\/div><\/div><div ><a class=\"fusion-button button-flat fusion-button-default-size button-default fusion-button-default button-7 fusion-button-span-yes \" target=\"_self\" href=\"https:\/\/sagavinaestartit.com\/fr\/salon-emporda-cuisine-et-sante\/\"><span class=\"fusion-button-text awb-button__text awb-button__text--default\">LEER M\u00c1S<\/span><\/a><\/div><\/div><\/li>\n<li class=\"fusion-layout-column fusion_builder_column fusion-builder-column-9 fusion-flex-column post-card fusion-grid-column fusion-post-cards-grid-column\" style=\"--awb-bg-blend:overlay;--awb-bg-size:cover;--awb-box-shadow:0px 1px 3px -1px hsla(var(--awb-color3-h),var(--awb-color3-s),var(--awb-color3-l),calc(var(--awb-color3-a) - 55%));;--awb-border-color:var(--awb-color2);--awb-border-color-hover:var(--awb-color4);--awb-border-top:1px;--awb-border-right:1px;--awb-border-bottom:1px;--awb-border-left:1px;--awb-flex-grow:0;--awb-flex-shrink:0;--awb-flex-grow-medium:0;--awb-flex-shrink-medium:0;--awb-flex-grow-small:0;--awb-flex-shrink-small:0;\"><div class=\"fusion-column-wrapper fusion-column-has-shadow fusion-flex-justify-content-flex-start fusion-content-layout-column\"><div class=\"fusion-image-element \" style=\"--awb-caption-title-font-family:var(--h2_typography-font-family);--awb-caption-title-font-weight:var(--h2_typography-font-weight);--awb-caption-title-font-style:var(--h2_typography-font-style);--awb-caption-title-size:var(--h2_typography-font-size);--awb-caption-title-transform:var(--h2_typography-text-transform);--awb-caption-title-line-height:var(--h2_typography-line-height);--awb-caption-title-letter-spacing:var(--h2_typography-letter-spacing);\"><span class=\" fusion-imageframe imageframe-none imageframe-8 hover-type-zoomin\"><img decoding=\"async\" width=\"2560\" height=\"1280\" alt=\"Sant Jordi Estartit\" title=\"Sant Jordi Estartit\" src=\"https:\/\/sagavinaestartit.com\/wp-content\/uploads\/2026\/03\/Sant-Jordi-Estartit-scaled.webp\" data-orig-src=\"https:\/\/sagavinaestartit.com\/wp-content\/uploads\/2026\/03\/Sant-Jordi-Estartit-scaled.webp\" class=\"lazyload img-responsive wp-image-36517\" srcset=\"data:image\/svg+xml,%3Csvg%20xmlns%3D%27http%3A%2F%2Fwww.w3.org%2F2000%2Fsvg%27%20width%3D%272560%27%20height%3D%271280%27%20viewBox%3D%270%200%202560%201280%27%3E%3Crect%20width%3D%272560%27%20height%3D%271280%27%20fill-opacity%3D%220%22%2F%3E%3C%2Fsvg%3E\" data-srcset=\"https:\/\/sagavinaestartit.com\/wp-content\/uploads\/2026\/03\/Sant-Jordi-Estartit-200x100.webp 200w, https:\/\/sagavinaestartit.com\/wp-content\/uploads\/2026\/03\/Sant-Jordi-Estartit-400x200.webp 400w, https:\/\/sagavinaestartit.com\/wp-content\/uploads\/2026\/03\/Sant-Jordi-Estartit-600x300.webp 600w, https:\/\/sagavinaestartit.com\/wp-content\/uploads\/2026\/03\/Sant-Jordi-Estartit-800x400.webp 800w, https:\/\/sagavinaestartit.com\/wp-content\/uploads\/2026\/03\/Sant-Jordi-Estartit-1200x600.webp 1200w, https:\/\/sagavinaestartit.com\/wp-content\/uploads\/2026\/03\/Sant-Jordi-Estartit-scaled.webp 2560w\" data-sizes=\"auto\" data-orig-sizes=\"(max-width: 1024px) 100vw, (max-width: 640px) 100vw, 1200px\" \/><\/span><\/div><div class=\"fusion-builder-row fusion-builder-row-inner fusion-row fusion-flex-align-items-flex-start fusion-flex-content-wrap\" style=\"width:calc( 100% + 0px ) !important;max-width:calc( 100% + 0px ) !important;margin-left: calc(-0px \/ 2 );margin-right: calc(-0px \/ 2 );\"><div class=\"fusion-layout-column fusion_builder_column_inner fusion-builder-nested-column-7 fusion_builder_column_inner_1_1 1_1 fusion-flex-column\" style=\"--awb-padding-top:24px;--awb-padding-right:24px;--awb-padding-bottom:12px;--awb-padding-left:24px;--awb-bg-size:cover;--awb-width-large:100%;--awb-margin-top-large:0px;--awb-spacing-right-large:0px;--awb-margin-bottom-large:0px;--awb-spacing-left-large:0px;--awb-width-medium:100%;--awb-order-medium:0;--awb-spacing-right-medium:0px;--awb-spacing-left-medium:0px;--awb-width-small:100%;--awb-order-small:0;--awb-spacing-right-small:0px;--awb-spacing-left-small:0px;\"><div class=\"fusion-column-wrapper fusion-column-has-shadow fusion-flex-justify-content-flex-start fusion-content-layout-column\"><div class=\"fusion-title title fusion-title-8 fusion-title-text fusion-title-size-two\" style=\"--awb-margin-top:4px;--awb-margin-top-small:4px;--awb-margin-bottom-small:16px;\"><div class=\"title-sep-container title-sep-container-left fusion-no-large-visibility fusion-no-medium-visibility fusion-no-small-visibility\"><div class=\"title-sep sep- sep-solid\" style=\"border-color:var(--awb-color3);\"><\/div><\/div><span class=\"awb-title-spacer fusion-no-large-visibility fusion-no-medium-visibility fusion-no-small-visibility\"><\/span><h2 class=\"fusion-title-heading title-heading-left fusion-responsive-typography-calculated\" style=\"margin:0;--fontSize:26;line-height:var(--awb-typography1-line-height);\"><a href=\"https:\/\/sagavinaestartit.com\/fr\/saint-georges-estartit\/\" class=\"awb-custom-text-color awb-custom-text-hover-color\" target=\"_self\">Saint-Georges \u00e0 L\u2019Estartit 2026<\/a><\/h2><span class=\"awb-title-spacer\"><\/span><div class=\"title-sep-container title-sep-container-right\"><div class=\"title-sep sep- sep-solid\" style=\"border-color:var(--awb-color3);\"><\/div><\/div><\/div><div class=\"fusion-content-tb fusion-content-tb-8\" style=\"--awb-text-color:var(--awb-color6);--awb-text-transform:none;\"><p> La f\u00eate de la Saint-Georges \u00e0 L\u2019Estartit est une c\u00e9l\u00e9bration modeste mais tr\u00e8s typique des villages de Catalogne. Elle conserve l\u2019esprit traditionnel : livres, roses, activit\u00e9s culturelles et ambiance dans les rues. \ud83c\udf39\ud83d\udcda  Quelle est la signification de la f\u00eate de la Saint-Georges ?  Dans toute la [...]<\/p><\/div><div class=\"fusion-meta-tb fusion-meta-tb-8 floated\" style=\"--awb-border-bottom:0px;--awb-border-top:0px;--awb-height:32px;--awb-text-color:var(--awb-color5);--awb-border-color:var(--awb-color2);--awb-alignment:space-between;--awb-alignment-medium:space-between;--awb-alignment-small:flex-start;\"><span class=\"fusion-tb-tags\">Tags: <a href=\"https:\/\/sagavinaestartit.com\/fr\/tag\/activites-a-lestartit\/\" rel=\"tag\">activit\u00e9s \u00e0 l'Estartit<\/a>, <a href=\"https:\/\/sagavinaestartit.com\/fr\/tag\/activites-a-lestartit-fr\/\" rel=\"tag\">activit\u00e9s \u00e0 l'Estartit<\/a>, <a href=\"https:\/\/sagavinaestartit.com\/fr\/tag\/costa-brava-fr\/\" rel=\"tag\">Costa Brava<\/a>, <a href=\"https:\/\/sagavinaestartit.com\/fr\/tag\/que-faire-a-lestartit\/\" rel=\"tag\">Que faire \u00e0 l'Estartit<\/a>, <a href=\"https:\/\/sagavinaestartit.com\/fr\/tag\/que-faire-avec-les-enfants\/\" rel=\"tag\">Que faire avec les enfants<\/a>, <a href=\"https:\/\/sagavinaestartit.com\/fr\/tag\/sant-jordi\/\" rel=\"tag\">sant jordi<\/a>, <a href=\"https:\/\/sagavinaestartit.com\/fr\/tag\/sortir-en-famille\/\" rel=\"tag\">sortir en famille<\/a>, <a href=\"https:\/\/sagavinaestartit.com\/fr\/tag\/tourisme-local\/\" rel=\"tag\">tourisme local.<\/a><\/span><span class=\"fusion-meta-tb-sep\"><\/span><\/div><\/div><\/div><\/div><div ><a class=\"fusion-button button-flat fusion-button-default-size button-default fusion-button-default button-8 fusion-button-span-yes \" target=\"_self\" href=\"https:\/\/sagavinaestartit.com\/fr\/saint-georges-estartit\/\"><span class=\"fusion-button-text awb-button__text awb-button__text--default\">LEER M\u00c1S<\/span><\/a><\/div><\/div><\/li>\n<li class=\"fusion-layout-column fusion_builder_column fusion-builder-column-10 fusion-flex-column post-card fusion-grid-column fusion-post-cards-grid-column\" style=\"--awb-bg-blend:overlay;--awb-bg-size:cover;--awb-box-shadow:0px 1px 3px -1px hsla(var(--awb-color3-h),var(--awb-color3-s),var(--awb-color3-l),calc(var(--awb-color3-a) - 55%));;--awb-border-color:var(--awb-color2);--awb-border-color-hover:var(--awb-color4);--awb-border-top:1px;--awb-border-right:1px;--awb-border-bottom:1px;--awb-border-left:1px;--awb-flex-grow:0;--awb-flex-shrink:0;--awb-flex-grow-medium:0;--awb-flex-shrink-medium:0;--awb-flex-grow-small:0;--awb-flex-shrink-small:0;\"><div class=\"fusion-column-wrapper fusion-column-has-shadow fusion-flex-justify-content-flex-start fusion-content-layout-column\"><div class=\"fusion-image-element \" style=\"--awb-caption-title-font-family:var(--h2_typography-font-family);--awb-caption-title-font-weight:var(--h2_typography-font-weight);--awb-caption-title-font-style:var(--h2_typography-font-style);--awb-caption-title-size:var(--h2_typography-font-size);--awb-caption-title-transform:var(--h2_typography-text-transform);--awb-caption-title-line-height:var(--h2_typography-line-height);--awb-caption-title-letter-spacing:var(--h2_typography-letter-spacing);\"><span class=\" fusion-imageframe imageframe-none imageframe-9 hover-type-zoomin\"><img decoding=\"async\" width=\"2560\" height=\"1280\" alt=\"Fimag 2026\" title=\"Fimag 2026\" src=\"https:\/\/sagavinaestartit.com\/wp-content\/uploads\/2026\/03\/Fimag-2026-scaled.webp\" data-orig-src=\"https:\/\/sagavinaestartit.com\/wp-content\/uploads\/2026\/03\/Fimag-2026-scaled.webp\" class=\"lazyload img-responsive wp-image-36384\" srcset=\"data:image\/svg+xml,%3Csvg%20xmlns%3D%27http%3A%2F%2Fwww.w3.org%2F2000%2Fsvg%27%20width%3D%272560%27%20height%3D%271280%27%20viewBox%3D%270%200%202560%201280%27%3E%3Crect%20width%3D%272560%27%20height%3D%271280%27%20fill-opacity%3D%220%22%2F%3E%3C%2Fsvg%3E\" data-srcset=\"https:\/\/sagavinaestartit.com\/wp-content\/uploads\/2026\/03\/Fimag-2026-200x100.webp 200w, https:\/\/sagavinaestartit.com\/wp-content\/uploads\/2026\/03\/Fimag-2026-400x200.webp 400w, https:\/\/sagavinaestartit.com\/wp-content\/uploads\/2026\/03\/Fimag-2026-600x300.webp 600w, https:\/\/sagavinaestartit.com\/wp-content\/uploads\/2026\/03\/Fimag-2026-800x400.webp 800w, https:\/\/sagavinaestartit.com\/wp-content\/uploads\/2026\/03\/Fimag-2026-1200x600.webp 1200w, https:\/\/sagavinaestartit.com\/wp-content\/uploads\/2026\/03\/Fimag-2026-scaled.webp 2560w\" data-sizes=\"auto\" data-orig-sizes=\"(max-width: 1024px) 100vw, (max-width: 640px) 100vw, 1200px\" \/><\/span><\/div><div class=\"fusion-builder-row fusion-builder-row-inner fusion-row fusion-flex-align-items-flex-start fusion-flex-content-wrap\" style=\"width:calc( 100% + 0px ) !important;max-width:calc( 100% + 0px ) !important;margin-left: calc(-0px \/ 2 );margin-right: calc(-0px \/ 2 );\"><div class=\"fusion-layout-column fusion_builder_column_inner fusion-builder-nested-column-8 fusion_builder_column_inner_1_1 1_1 fusion-flex-column\" style=\"--awb-padding-top:24px;--awb-padding-right:24px;--awb-padding-bottom:12px;--awb-padding-left:24px;--awb-bg-size:cover;--awb-width-large:100%;--awb-margin-top-large:0px;--awb-spacing-right-large:0px;--awb-margin-bottom-large:0px;--awb-spacing-left-large:0px;--awb-width-medium:100%;--awb-order-medium:0;--awb-spacing-right-medium:0px;--awb-spacing-left-medium:0px;--awb-width-small:100%;--awb-order-small:0;--awb-spacing-right-small:0px;--awb-spacing-left-small:0px;\"><div class=\"fusion-column-wrapper fusion-column-has-shadow fusion-flex-justify-content-flex-start fusion-content-layout-column\"><div class=\"fusion-title title fusion-title-9 fusion-title-text fusion-title-size-two\" style=\"--awb-margin-top:4px;--awb-margin-top-small:4px;--awb-margin-bottom-small:16px;\"><div class=\"title-sep-container title-sep-container-left fusion-no-large-visibility fusion-no-medium-visibility fusion-no-small-visibility\"><div class=\"title-sep sep- sep-solid\" style=\"border-color:var(--awb-color3);\"><\/div><\/div><span class=\"awb-title-spacer fusion-no-large-visibility fusion-no-medium-visibility fusion-no-small-visibility\"><\/span><h2 class=\"fusion-title-heading title-heading-left fusion-responsive-typography-calculated\" style=\"margin:0;--fontSize:26;line-height:var(--awb-typography1-line-height);\"><a href=\"https:\/\/sagavinaestartit.com\/fr\/fimag-salon-international-magie\/\" class=\"awb-custom-text-color awb-custom-text-hover-color\" target=\"_self\">FIMAG &#8211; Salon international de la magie<\/a><\/h2><span class=\"awb-title-spacer\"><\/span><div class=\"title-sep-container title-sep-container-right\"><div class=\"title-sep sep- sep-solid\" style=\"border-color:var(--awb-color3);\"><\/div><\/div><\/div><div class=\"fusion-content-tb fusion-content-tb-9\" style=\"--awb-text-color:var(--awb-color6);--awb-text-transform:none;\"><p> Le week-end du 4 au 7 juin 2026, la magie revient !  Le Festival international de magie revient \u00e0 Torroella de Montgr\u00ed, l'un des \u00e9v\u00e9nements phares de l'illusionnisme dans le sud de l'Europe. Depuis 2012, le FIMAG s'est impos\u00e9 comme un rendez-vous incontournable pour les amateurs de magie, [...]<\/p><\/div><div class=\"fusion-meta-tb fusion-meta-tb-9 floated\" style=\"--awb-border-bottom:0px;--awb-border-top:0px;--awb-height:32px;--awb-text-color:var(--awb-color5);--awb-border-color:var(--awb-color2);--awb-alignment:space-between;--awb-alignment-medium:space-between;--awb-alignment-small:flex-start;\"><span class=\"fusion-tb-tags\">Tags: <a href=\"https:\/\/sagavinaestartit.com\/fr\/tag\/activites-a-lestartit-fr\/\" rel=\"tag\">activit\u00e9s \u00e0 l'Estartit<\/a>, <a href=\"https:\/\/sagavinaestartit.com\/fr\/tag\/activites-a-lestartit\/\" rel=\"tag\">activit\u00e9s \u00e0 l'Estartit<\/a>, <a href=\"https:\/\/sagavinaestartit.com\/fr\/tag\/activites-familiales\/\" rel=\"tag\">activit\u00e9s familiales<\/a>, <a href=\"https:\/\/sagavinaestartit.com\/fr\/tag\/animaux-de-compagnie-estartit\/\" rel=\"tag\">animaux de compagnie estartit<\/a>, <a href=\"https:\/\/sagavinaestartit.com\/fr\/tag\/costa-brava-fr\/\" rel=\"tag\">Costa Brava<\/a>, <a href=\"https:\/\/sagavinaestartit.com\/fr\/tag\/festival\/\" rel=\"tag\">festival<\/a>, <a href=\"https:\/\/sagavinaestartit.com\/fr\/tag\/festival-torroella-montgri-fr\/\" rel=\"tag\">festival torroella montgri<\/a>, <a href=\"https:\/\/sagavinaestartit.com\/fr\/tag\/que-faire-a-lestartit\/\" rel=\"tag\">Que faire \u00e0 l'Estartit<\/a>, <a href=\"https:\/\/sagavinaestartit.com\/fr\/tag\/sortir-en-famille\/\" rel=\"tag\">sortir en famille<\/a>, <a href=\"https:\/\/sagavinaestartit.com\/fr\/tag\/tourisme-local\/\" rel=\"tag\">tourisme local.<\/a><\/span><span class=\"fusion-meta-tb-sep\"><\/span><\/div><\/div><\/div><\/div><div ><a class=\"fusion-button button-flat fusion-button-default-size button-default fusion-button-default button-9 fusion-button-span-yes \" target=\"_self\" href=\"https:\/\/sagavinaestartit.com\/fr\/fimag-salon-international-magie\/\"><span class=\"fusion-button-text awb-button__text awb-button__text--default\">LEER M\u00c1S<\/span><\/a><\/div><\/div><\/li>\n<\/ul><div class=\"pagination clearfix\"><span class=\"current\">1<\/span><a href=\"https:\/\/sagavinaestartit.com\/fr\/wp-json\/wp\/v2\/pages\/29604\/page\/2\/\" class=\"inactive\">2<\/a><a class=\"pagination-next\" rel=\"next\" href=\"https:\/\/sagavinaestartit.com\/fr\/wp-json\/wp\/v2\/pages\/29604\/page\/2\/\"><span class=\"page-text\">Next<\/span><span class=\"page-next\"><\/span><\/a><\/div><div class=\"fusion-clearfix\"><\/div><\/div><\/div><\/div><\/div><\/div>\n","protected":false},"excerpt":{"rendered":"","protected":false},"author":1,"featured_media":32606,"parent":0,"menu_order":0,"comment_status":"open","ping_status":"closed","template":"100-width.php","meta":{"footnotes":""},"class_list":["post-29604","page","type-page","status-publish","has-post-thumbnail","hentry"],"yoast_head":"<!-- This site is optimized with the Yoast SEO plugin v27.1.1 - https:\/\/yoast.com\/product\/yoast-seo-wordpress\/ -->\n<title>Qu\u00e9 hacer en l&#039;Estartit, Costa Brava | Sa Gavina Apartaments<\/title>\n<meta name=\"description\" content=\"D\u00e9couvrez les activit\u00e9s \u00e0 faire \u00e0 l&#039;Estartit, sur la Costa Brava. Consultez les derni\u00e8res actualit\u00e9s, mises \u00e0 jour et activit\u00e9s propos\u00e9es \u00e0 l&#039;Estartit.\" \/>\n<meta name=\"robots\" content=\"index, follow, max-snippet:-1, max-image-preview:large, max-video-preview:-1\" \/>\n<link rel=\"canonical\" href=\"https:\/\/sagavinaestartit.com\/fr\/nouvelles\/\" \/>\n<meta property=\"og:locale\" content=\"fr_FR\" \/>\n<meta property=\"og:type\" content=\"article\" \/>\n<meta property=\"og:title\" content=\"Qu\u00e9 hacer en l&#039;Estartit, Costa Brava | Sa Gavina Apartaments\" \/>\n<meta property=\"og:description\" content=\"D\u00e9couvrez les activit\u00e9s \u00e0 faire \u00e0 l&#039;Estartit, sur la Costa Brava. Consultez les derni\u00e8res actualit\u00e9s, mises \u00e0 jour et activit\u00e9s propos\u00e9es \u00e0 l&#039;Estartit.\" \/>\n<meta property=\"og:url\" content=\"https:\/\/sagavinaestartit.com\/fr\/nouvelles\/\" \/>\n<meta property=\"og:site_name\" content=\"Sa Gavina Apartaments\" \/>\n<meta property=\"article:modified_time\" content=\"2026-04-02T09:32:56+00:00\" \/>\n<meta property=\"og:image\" content=\"https:\/\/sagavinaestartit.com\/wp-content\/uploads\/2025\/06\/apartamentos-estartit-costa-brava-1.webp\" \/>\n\t<meta property=\"og:image:width\" content=\"2000\" \/>\n\t<meta property=\"og:image:height\" content=\"500\" \/>\n\t<meta property=\"og:image:type\" content=\"image\/webp\" \/>\n<meta name=\"twitter:card\" content=\"summary_large_image\" \/>\n<meta name=\"twitter:label1\" content=\"Dur\u00e9e de lecture estim\u00e9e\" \/>\n\t<meta name=\"twitter:data1\" content=\"4 minutes\" \/>\n<script type=\"application\/ld+json\" class=\"yoast-schema-graph\">{\"@context\":\"https:\/\/schema.org\",\"@graph\":[{\"@type\":\"WebPage\",\"@id\":\"https:\/\/sagavinaestartit.com\/fr\/nouvelles\/\",\"url\":\"https:\/\/sagavinaestartit.com\/fr\/nouvelles\/\",\"name\":\"Qu\u00e9 hacer en l'Estartit, Costa Brava | Sa Gavina Apartaments\",\"isPartOf\":{\"@id\":\"https:\/\/sagavinaestartit.com\/fr\/#website\"},\"primaryImageOfPage\":{\"@id\":\"https:\/\/sagavinaestartit.com\/fr\/nouvelles\/#primaryimage\"},\"image\":{\"@id\":\"https:\/\/sagavinaestartit.com\/fr\/nouvelles\/#primaryimage\"},\"thumbnailUrl\":\"https:\/\/sagavinaestartit.com\/wp-content\/uploads\/2025\/06\/apartamentos-estartit-costa-brava-1.webp\",\"datePublished\":\"2015-02-03T19:15:53+00:00\",\"dateModified\":\"2026-04-02T09:32:56+00:00\",\"description\":\"D\u00e9couvrez les activit\u00e9s \u00e0 faire \u00e0 l'Estartit, sur la Costa Brava. Consultez les derni\u00e8res actualit\u00e9s, mises \u00e0 jour et activit\u00e9s propos\u00e9es \u00e0 l'Estartit.\",\"breadcrumb\":{\"@id\":\"https:\/\/sagavinaestartit.com\/fr\/nouvelles\/#breadcrumb\"},\"inLanguage\":\"fr-FR\",\"potentialAction\":[{\"@type\":\"ReadAction\",\"target\":[\"https:\/\/sagavinaestartit.com\/fr\/nouvelles\/\"]}]},{\"@type\":\"ImageObject\",\"inLanguage\":\"fr-FR\",\"@id\":\"https:\/\/sagavinaestartit.com\/fr\/nouvelles\/#primaryimage\",\"url\":\"https:\/\/sagavinaestartit.com\/wp-content\/uploads\/2025\/06\/apartamentos-estartit-costa-brava-1.webp\",\"contentUrl\":\"https:\/\/sagavinaestartit.com\/wp-content\/uploads\/2025\/06\/apartamentos-estartit-costa-brava-1.webp\",\"width\":2000,\"height\":500},{\"@type\":\"BreadcrumbList\",\"@id\":\"https:\/\/sagavinaestartit.com\/fr\/nouvelles\/#breadcrumb\",\"itemListElement\":[{\"@type\":\"ListItem\",\"position\":1,\"name\":\"Portada\",\"item\":\"https:\/\/sagavinaestartit.com\/fr\/home\/\"},{\"@type\":\"ListItem\",\"position\":2,\"name\":\"QUE FAIRE \u00c0 L&#8217;ESTARTIT\"}]},{\"@type\":\"WebSite\",\"@id\":\"https:\/\/sagavinaestartit.com\/fr\/#website\",\"url\":\"https:\/\/sagavinaestartit.com\/fr\/\",\"name\":\"Sa Gavina Apartaments\",\"description\":\"Sa Gavina Apartments\",\"publisher\":{\"@id\":\"https:\/\/sagavinaestartit.com\/fr\/#organization\"},\"potentialAction\":[{\"@type\":\"SearchAction\",\"target\":{\"@type\":\"EntryPoint\",\"urlTemplate\":\"https:\/\/sagavinaestartit.com\/fr\/?s={search_term_string}\"},\"query-input\":{\"@type\":\"PropertyValueSpecification\",\"valueRequired\":true,\"valueName\":\"search_term_string\"}}],\"inLanguage\":\"fr-FR\"},{\"@type\":\"Organization\",\"@id\":\"https:\/\/sagavinaestartit.com\/fr\/#organization\",\"name\":\"Sa Gavina Apartments\",\"url\":\"https:\/\/sagavinaestartit.com\/fr\/\",\"logo\":{\"@type\":\"ImageObject\",\"inLanguage\":\"fr-FR\",\"@id\":\"https:\/\/sagavinaestartit.com\/fr\/#\/schema\/logo\/image\/\",\"url\":\"https:\/\/sagavinaestartit.com\/wp-content\/uploads\/2024\/12\/3-1.png\",\"contentUrl\":\"https:\/\/sagavinaestartit.com\/wp-content\/uploads\/2024\/12\/3-1.png\",\"width\":500,\"height\":200,\"caption\":\"Sa Gavina Apartments\"},\"image\":{\"@id\":\"https:\/\/sagavinaestartit.com\/fr\/#\/schema\/logo\/image\/\"}}]}<\/script>\n<!-- \/ Yoast SEO plugin. -->","yoast_head_json":{"title":"Qu\u00e9 hacer en l'Estartit, Costa Brava | Sa Gavina Apartaments","description":"D\u00e9couvrez les activit\u00e9s \u00e0 faire \u00e0 l'Estartit, sur la Costa Brava. Consultez les derni\u00e8res actualit\u00e9s, mises \u00e0 jour et activit\u00e9s propos\u00e9es \u00e0 l'Estartit.","robots":{"index":"index","follow":"follow","max-snippet":"max-snippet:-1","max-image-preview":"max-image-preview:large","max-video-preview":"max-video-preview:-1"},"canonical":"https:\/\/sagavinaestartit.com\/fr\/nouvelles\/","og_locale":"fr_FR","og_type":"article","og_title":"Qu\u00e9 hacer en l'Estartit, Costa Brava | Sa Gavina Apartaments","og_description":"D\u00e9couvrez les activit\u00e9s \u00e0 faire \u00e0 l'Estartit, sur la Costa Brava. Consultez les derni\u00e8res actualit\u00e9s, mises \u00e0 jour et activit\u00e9s propos\u00e9es \u00e0 l'Estartit.","og_url":"https:\/\/sagavinaestartit.com\/fr\/nouvelles\/","og_site_name":"Sa Gavina Apartaments","article_modified_time":"2026-04-02T09:32:56+00:00","og_image":[{"width":2000,"height":500,"url":"https:\/\/sagavinaestartit.com\/wp-content\/uploads\/2025\/06\/apartamentos-estartit-costa-brava-1.webp","type":"image\/webp"}],"twitter_card":"summary_large_image","twitter_misc":{"Dur\u00e9e de lecture estim\u00e9e":"4 minutes"},"schema":{"@context":"https:\/\/schema.org","@graph":[{"@type":"WebPage","@id":"https:\/\/sagavinaestartit.com\/fr\/nouvelles\/","url":"https:\/\/sagavinaestartit.com\/fr\/nouvelles\/","name":"Qu\u00e9 hacer en l'Estartit, Costa Brava | Sa Gavina Apartaments","isPartOf":{"@id":"https:\/\/sagavinaestartit.com\/fr\/#website"},"primaryImageOfPage":{"@id":"https:\/\/sagavinaestartit.com\/fr\/nouvelles\/#primaryimage"},"image":{"@id":"https:\/\/sagavinaestartit.com\/fr\/nouvelles\/#primaryimage"},"thumbnailUrl":"https:\/\/sagavinaestartit.com\/wp-content\/uploads\/2025\/06\/apartamentos-estartit-costa-brava-1.webp","datePublished":"2015-02-03T19:15:53+00:00","dateModified":"2026-04-02T09:32:56+00:00","description":"D\u00e9couvrez les activit\u00e9s \u00e0 faire \u00e0 l'Estartit, sur la Costa Brava. Consultez les derni\u00e8res actualit\u00e9s, mises \u00e0 jour et activit\u00e9s propos\u00e9es \u00e0 l'Estartit.","breadcrumb":{"@id":"https:\/\/sagavinaestartit.com\/fr\/nouvelles\/#breadcrumb"},"inLanguage":"fr-FR","potentialAction":[{"@type":"ReadAction","target":["https:\/\/sagavinaestartit.com\/fr\/nouvelles\/"]}]},{"@type":"ImageObject","inLanguage":"fr-FR","@id":"https:\/\/sagavinaestartit.com\/fr\/nouvelles\/#primaryimage","url":"https:\/\/sagavinaestartit.com\/wp-content\/uploads\/2025\/06\/apartamentos-estartit-costa-brava-1.webp","contentUrl":"https:\/\/sagavinaestartit.com\/wp-content\/uploads\/2025\/06\/apartamentos-estartit-costa-brava-1.webp","width":2000,"height":500},{"@type":"BreadcrumbList","@id":"https:\/\/sagavinaestartit.com\/fr\/nouvelles\/#breadcrumb","itemListElement":[{"@type":"ListItem","position":1,"name":"Portada","item":"https:\/\/sagavinaestartit.com\/fr\/home\/"},{"@type":"ListItem","position":2,"name":"QUE FAIRE \u00c0 L&#8217;ESTARTIT"}]},{"@type":"WebSite","@id":"https:\/\/sagavinaestartit.com\/fr\/#website","url":"https:\/\/sagavinaestartit.com\/fr\/","name":"Sa Gavina Apartaments","description":"Sa Gavina Apartments","publisher":{"@id":"https:\/\/sagavinaestartit.com\/fr\/#organization"},"potentialAction":[{"@type":"SearchAction","target":{"@type":"EntryPoint","urlTemplate":"https:\/\/sagavinaestartit.com\/fr\/?s={search_term_string}"},"query-input":{"@type":"PropertyValueSpecification","valueRequired":true,"valueName":"search_term_string"}}],"inLanguage":"fr-FR"},{"@type":"Organization","@id":"https:\/\/sagavinaestartit.com\/fr\/#organization","name":"Sa Gavina Apartments","url":"https:\/\/sagavinaestartit.com\/fr\/","logo":{"@type":"ImageObject","inLanguage":"fr-FR","@id":"https:\/\/sagavinaestartit.com\/fr\/#\/schema\/logo\/image\/","url":"https:\/\/sagavinaestartit.com\/wp-content\/uploads\/2024\/12\/3-1.png","contentUrl":"https:\/\/sagavinaestartit.com\/wp-content\/uploads\/2024\/12\/3-1.png","width":500,"height":200,"caption":"Sa Gavina Apartments"},"image":{"@id":"https:\/\/sagavinaestartit.com\/fr\/#\/schema\/logo\/image\/"}}]}},"_links":{"self":[{"href":"https:\/\/sagavinaestartit.com\/fr\/wp-json\/wp\/v2\/pages\/29604","targetHints":{"allow":["GET"]}}],"collection":[{"href":"https:\/\/sagavinaestartit.com\/fr\/wp-json\/wp\/v2\/pages"}],"about":[{"href":"https:\/\/sagavinaestartit.com\/fr\/wp-json\/wp\/v2\/types\/page"}],"author":[{"embeddable":true,"href":"https:\/\/sagavinaestartit.com\/fr\/wp-json\/wp\/v2\/users\/1"}],"replies":[{"embeddable":true,"href":"https:\/\/sagavinaestartit.com\/fr\/wp-json\/wp\/v2\/comments?post=29604"}],"version-history":[{"count":6,"href":"https:\/\/sagavinaestartit.com\/fr\/wp-json\/wp\/v2\/pages\/29604\/revisions"}],"predecessor-version":[{"id":36741,"href":"https:\/\/sagavinaestartit.com\/fr\/wp-json\/wp\/v2\/pages\/29604\/revisions\/36741"}],"wp:featuredmedia":[{"embeddable":true,"href":"https:\/\/sagavinaestartit.com\/fr\/wp-json\/wp\/v2\/media\/32606"}],"wp:attachment":[{"href":"https:\/\/sagavinaestartit.com\/fr\/wp-json\/wp\/v2\/media?parent=29604"}],"curies":[{"name":"wp","href":"https:\/\/api.w.org\/{rel}","templated":true}]}}