{"id":29601,"date":"2015-02-03T20:15:53","date_gmt":"2015-02-03T19:15:53","guid":{"rendered":"https:\/\/sagavinaestartit.com\/que-fer-a-lestartit\/novetats\/"},"modified":"2026-04-02T11:30:27","modified_gmt":"2026-04-02T09:30:27","slug":"novetats","status":"publish","type":"page","link":"https:\/\/sagavinaestartit.com\/ca\/novetats\/","title":{"rendered":"QU\u00c8 FER A L&#8217;ESTARTIT"},"content":{"rendered":"<div class=\"fusion-fullwidth fullwidth-box fusion-builder-row-1 fusion-flex-container nonhundred-percent-fullwidth non-hundred-percent-height-scrolling\" style=\"--awb-background-position:left top;--awb-border-sizes-top:0px;--awb-border-sizes-bottom:0px;--awb-border-sizes-left:0px;--awb-border-sizes-right:0px;--awb-border-radius-top-left:0px;--awb-border-radius-top-right:0px;--awb-border-radius-bottom-right:0px;--awb-border-radius-bottom-left:0px;--awb-padding-top:20px;--awb-padding-bottom:95px;--awb-flex-wrap:wrap;\" ><div class=\"fusion-builder-row fusion-row fusion-flex-align-items-flex-start fusion-flex-content-wrap\" style=\"max-width:calc( 1170px + 0px );margin-left: calc(-0px \/ 2 );margin-right: calc(-0px \/ 2 );\"><div class=\"fusion-layout-column fusion_builder_column fusion-builder-column-0 fusion_builder_column_1_1 1_1 fusion-flex-column\" style=\"--awb-bg-size:cover;--awb-width-large:100%;--awb-margin-top-large:0px;--awb-spacing-right-large:0px;--awb-margin-bottom-large:20px;--awb-spacing-left-large:0px;--awb-width-medium:100%;--awb-order-medium:0;--awb-spacing-right-medium:0px;--awb-spacing-left-medium:0px;--awb-width-small:100%;--awb-order-small:0;--awb-spacing-right-small:0px;--awb-spacing-left-small:0px;\"><div class=\"fusion-column-wrapper fusion-column-has-shadow fusion-flex-justify-content-flex-start fusion-content-layout-column\"><div class=\"fusion-text fusion-text-1\"><p><span style=\"color: var(--awb-text-color); font-family: var(--awb-text-font-family); font-size: var(--awb-font-size); font-style: var(--awb-text-font-style); font-weight: var(--awb-text-font-weight); letter-spacing: var(--awb-letter-spacing); text-align: var(--awb-content-alignment); text-transform: var(--awb-text-transform); background-color: var(--awb-bg-color-hover);\">Descobreix qu\u00e8 fer a l&#8217;Estartit, una de les millors destinacions de vacances de la Costa Brava. L&#8217;Estartit ofereix una gran varietat d&#8217;activitats per a tots els gustos. Des d&#8217;explorar les Illes Medes practicant snorkel o busseig, fins a gaudir de les platges d&#8217;aig\u00fces cristal\u00b7lines i fer rutes de senderisme amb vistes impressionants. A m\u00e9s, l&#8217;Estartit compta amb un animat passeig mar\u00edtim, esports aqu\u00e0tics i una rica oferta gastron\u00f2mica. Descobriu a continuaci\u00f3 les millors activitats i experi\u00e8ncies per aprofitar al m\u00e0xim la vostra visita a l&#8217;Estartit.    <\/span><\/p>\n<\/div><\/div><\/div><div class=\"fusion-layout-column fusion_builder_column fusion-builder-column-1 fusion_builder_column_1_1 1_1 fusion-flex-column fusion-flex-align-self-flex-start fusion-column-no-min-height\" style=\"--awb-bg-blend:overlay;--awb-bg-size:cover;--awb-width-large:100%;--awb-margin-top-large:0px;--awb-spacing-right-large:0px;--awb-margin-bottom-large:0px;--awb-spacing-left-large:0px;--awb-width-medium:100%;--awb-spacing-right-medium:0px;--awb-spacing-left-medium:0px;--awb-width-small:100%;--awb-spacing-right-small:0px;--awb-spacing-left-small:0px;\"><div class=\"fusion-column-wrapper fusion-flex-justify-content-flex-start fusion-content-layout-column\"><div class=\"fusion-post-cards fusion-post-cards-1 fusion-grid-archive fusion-grid-columns-3\" style=\"--awb-dots-align:center;--awb-columns:3;--awb-active-filter-border-size:3px;--awb-filters-height:36px;\"><ul class=\"fusion-grid fusion-grid-3 fusion-flex-align-items-flex-start fusion-grid-posts-cards\"><li class=\"fusion-layout-column fusion_builder_column fusion-builder-column-2 fusion-flex-column post-card fusion-grid-column fusion-post-cards-grid-column\" style=\"--awb-bg-blend:overlay;--awb-bg-size:cover;--awb-box-shadow:0px 1px 3px -1px hsla(var(--awb-color3-h),var(--awb-color3-s),var(--awb-color3-l),calc(var(--awb-color3-a) - 55%));;--awb-border-color:var(--awb-color2);--awb-border-color-hover:var(--awb-color4);--awb-border-top:1px;--awb-border-right:1px;--awb-border-bottom:1px;--awb-border-left:1px;--awb-flex-grow:0;--awb-flex-shrink:0;--awb-flex-grow-medium:0;--awb-flex-shrink-medium:0;--awb-flex-grow-small:0;--awb-flex-shrink-small:0;\"><div class=\"fusion-column-wrapper fusion-column-has-shadow fusion-flex-justify-content-flex-start fusion-content-layout-column\"><div class=\"fusion-image-element \" style=\"--awb-caption-title-font-family:var(--h2_typography-font-family);--awb-caption-title-font-weight:var(--h2_typography-font-weight);--awb-caption-title-font-style:var(--h2_typography-font-style);--awb-caption-title-size:var(--h2_typography-font-size);--awb-caption-title-transform:var(--h2_typography-text-transform);--awb-caption-title-line-height:var(--h2_typography-line-height);--awb-caption-title-letter-spacing:var(--h2_typography-letter-spacing);\"><span class=\" fusion-imageframe imageframe-none imageframe-1 hover-type-zoomin\"><img decoding=\"async\" width=\"2560\" height=\"1280\" alt=\"San juan\" title=\"Baners Sa Gavina (1)\" src=\"https:\/\/sagavinaestartit.com\/wp-content\/uploads\/2024\/05\/Baners-Sa-Gavina-1-scaled.webp\" data-orig-src=\"https:\/\/sagavinaestartit.com\/wp-content\/uploads\/2024\/05\/Baners-Sa-Gavina-1-scaled.webp\" class=\"lazyload img-responsive wp-image-33025\" srcset=\"data:image\/svg+xml,%3Csvg%20xmlns%3D%27http%3A%2F%2Fwww.w3.org%2F2000%2Fsvg%27%20width%3D%272560%27%20height%3D%271280%27%20viewBox%3D%270%200%202560%201280%27%3E%3Crect%20width%3D%272560%27%20height%3D%271280%27%20fill-opacity%3D%220%22%2F%3E%3C%2Fsvg%3E\" data-srcset=\"https:\/\/sagavinaestartit.com\/wp-content\/uploads\/2024\/05\/Baners-Sa-Gavina-1-200x100.webp 200w, https:\/\/sagavinaestartit.com\/wp-content\/uploads\/2024\/05\/Baners-Sa-Gavina-1-400x200.webp 400w, https:\/\/sagavinaestartit.com\/wp-content\/uploads\/2024\/05\/Baners-Sa-Gavina-1-600x300.webp 600w, https:\/\/sagavinaestartit.com\/wp-content\/uploads\/2024\/05\/Baners-Sa-Gavina-1-800x400.webp 800w, https:\/\/sagavinaestartit.com\/wp-content\/uploads\/2024\/05\/Baners-Sa-Gavina-1-1200x600.webp 1200w, https:\/\/sagavinaestartit.com\/wp-content\/uploads\/2024\/05\/Baners-Sa-Gavina-1-scaled.webp 2560w\" data-sizes=\"auto\" data-orig-sizes=\"(max-width: 1024px) 100vw, (max-width: 640px) 100vw, 1200px\" \/><\/span><\/div><div class=\"fusion-builder-row fusion-builder-row-inner fusion-row fusion-flex-align-items-flex-start fusion-flex-content-wrap\" style=\"width:calc( 100% + 0px ) !important;max-width:calc( 100% + 0px ) !important;margin-left: calc(-0px \/ 2 );margin-right: calc(-0px \/ 2 );\"><div class=\"fusion-layout-column fusion_builder_column_inner fusion-builder-nested-column-0 fusion_builder_column_inner_1_1 1_1 fusion-flex-column\" style=\"--awb-padding-top:24px;--awb-padding-right:24px;--awb-padding-bottom:12px;--awb-padding-left:24px;--awb-bg-size:cover;--awb-width-large:100%;--awb-margin-top-large:0px;--awb-spacing-right-large:0px;--awb-margin-bottom-large:0px;--awb-spacing-left-large:0px;--awb-width-medium:100%;--awb-order-medium:0;--awb-spacing-right-medium:0px;--awb-spacing-left-medium:0px;--awb-width-small:100%;--awb-order-small:0;--awb-spacing-right-small:0px;--awb-spacing-left-small:0px;\"><div class=\"fusion-column-wrapper fusion-column-has-shadow fusion-flex-justify-content-flex-start fusion-content-layout-column\"><div class=\"fusion-title title fusion-title-1 fusion-title-text fusion-title-size-two\" style=\"--awb-margin-top:4px;--awb-margin-top-small:4px;--awb-margin-bottom-small:16px;\"><div class=\"title-sep-container title-sep-container-left fusion-no-large-visibility fusion-no-medium-visibility fusion-no-small-visibility\"><div class=\"title-sep sep- sep-solid\" style=\"border-color:var(--awb-color3);\"><\/div><\/div><span class=\"awb-title-spacer fusion-no-large-visibility fusion-no-medium-visibility fusion-no-small-visibility\"><\/span><h2 class=\"fusion-title-heading title-heading-left fusion-responsive-typography-calculated\" style=\"margin:0;--fontSize:26;line-height:var(--awb-typography1-line-height);\"><a href=\"https:\/\/sagavinaestartit.com\/ca\/revetlla-de-sant-joan-a-lestartit-2025\/\" class=\"awb-custom-text-color awb-custom-text-hover-color\" target=\"_self\">Revetlla de Sant Joan a l\u2019Estartit [2026]<\/a><\/h2><span class=\"awb-title-spacer\"><\/span><div class=\"title-sep-container title-sep-container-right\"><div class=\"title-sep sep- sep-solid\" style=\"border-color:var(--awb-color3);\"><\/div><\/div><\/div><div class=\"fusion-content-tb fusion-content-tb-1\" style=\"--awb-text-color:var(--awb-color6);--awb-text-transform:none;\"><p> Amb l\u2019arribada de l\u2019estiu i de les altes temperatures, un any m\u00e9s ens preparem per celebrar la tradicional Revetlla de Sant Joan a l\u2019Estartit el proper 23 de juny a la nit. Tots els hostes allotjats als apartaments de lloguer Sa Gavina de l\u2019Estartit podran gaudir d\u2019un complet programa [...]<\/p><\/div><div class=\"fusion-meta-tb fusion-meta-tb-1 floated\" style=\"--awb-border-bottom:0px;--awb-border-top:0px;--awb-height:32px;--awb-text-color:var(--awb-color5);--awb-border-color:var(--awb-color2);--awb-alignment:space-between;--awb-alignment-medium:space-between;--awb-alignment-small:flex-start;\"><span class=\"fusion-tb-tags\">Tags: <a href=\"https:\/\/sagavinaestartit.com\/ca\/tag\/activitats-a-lestartit\/\" rel=\"tag\">activitats a l'Estartit<\/a>, <a href=\"https:\/\/sagavinaestartit.com\/tag\/activitats-familiars\/\" rel=\"tag\">activitats familiars<\/a>, <a href=\"https:\/\/sagavinaestartit.com\/tag\/apartamento-mascotas-estartit\/\" rel=\"tag\">apartamento mascotas estartit<\/a>, <a href=\"https:\/\/sagavinaestartit.com\/ca\/tag\/concert-sant-joan-estartit\/\" rel=\"tag\">concert sant joan estartit<\/a>, <a href=\"https:\/\/sagavinaestartit.com\/ca\/tag\/espectacles\/\" rel=\"tag\">espectacles<\/a>, <a href=\"https:\/\/sagavinaestartit.com\/tag\/estartit-23-junio\/\" rel=\"tag\">estartit 23 junio<\/a>, <a href=\"https:\/\/sagavinaestartit.com\/tag\/festival-itaca\/\" rel=\"tag\">Festival Itaca<\/a>, <a href=\"https:\/\/sagavinaestartit.com\/tag\/san-juan-estartit\/\" rel=\"tag\">san juan estartit<\/a><\/span><span class=\"fusion-meta-tb-sep\"><\/span><\/div><\/div><\/div><\/div><div ><a class=\"fusion-button button-flat fusion-button-default-size button-default fusion-button-default button-1 fusion-button-span-yes \" target=\"_self\" href=\"https:\/\/sagavinaestartit.com\/ca\/revetlla-de-sant-joan-a-lestartit-2025\/\"><span class=\"fusion-button-text awb-button__text awb-button__text--default\">LEER M\u00c1S<\/span><\/a><\/div><\/div><\/li>\n<li class=\"fusion-layout-column fusion_builder_column fusion-builder-column-3 fusion-flex-column post-card fusion-grid-column fusion-post-cards-grid-column\" style=\"--awb-bg-blend:overlay;--awb-bg-size:cover;--awb-box-shadow:0px 1px 3px -1px hsla(var(--awb-color3-h),var(--awb-color3-s),var(--awb-color3-l),calc(var(--awb-color3-a) - 55%));;--awb-border-color:var(--awb-color2);--awb-border-color-hover:var(--awb-color4);--awb-border-top:1px;--awb-border-right:1px;--awb-border-bottom:1px;--awb-border-left:1px;--awb-flex-grow:0;--awb-flex-shrink:0;--awb-flex-grow-medium:0;--awb-flex-shrink-medium:0;--awb-flex-grow-small:0;--awb-flex-shrink-small:0;\"><div class=\"fusion-column-wrapper fusion-column-has-shadow fusion-flex-justify-content-flex-start fusion-content-layout-column\"><div class=\"fusion-image-element \" style=\"--awb-caption-title-font-family:var(--h2_typography-font-family);--awb-caption-title-font-weight:var(--h2_typography-font-weight);--awb-caption-title-font-style:var(--h2_typography-font-style);--awb-caption-title-size:var(--h2_typography-font-size);--awb-caption-title-transform:var(--h2_typography-text-transform);--awb-caption-title-line-height:var(--h2_typography-line-height);--awb-caption-title-letter-spacing:var(--h2_typography-letter-spacing);\"><span class=\" fusion-imageframe imageframe-none imageframe-2 hover-type-zoomin\"><img decoding=\"async\" width=\"1200\" height=\"899\" alt=\"conciertos-san-juan-estartit-\" title=\"conciertos-san-juan-estartit-1200&#215;899\" src=\"https:\/\/sagavinaestartit.com\/wp-content\/uploads\/2025\/02\/conciertos-san-juan-estartit-1200x899-1.webp\" data-orig-src=\"https:\/\/sagavinaestartit.com\/wp-content\/uploads\/2025\/02\/conciertos-san-juan-estartit-1200x899-1.webp\" class=\"lazyload img-responsive wp-image-32886\" srcset=\"data:image\/svg+xml,%3Csvg%20xmlns%3D%27http%3A%2F%2Fwww.w3.org%2F2000%2Fsvg%27%20width%3D%271200%27%20height%3D%27899%27%20viewBox%3D%270%200%201200%20899%27%3E%3Crect%20width%3D%271200%27%20height%3D%27899%27%20fill-opacity%3D%220%22%2F%3E%3C%2Fsvg%3E\" data-srcset=\"https:\/\/sagavinaestartit.com\/wp-content\/uploads\/2025\/02\/conciertos-san-juan-estartit-1200x899-1-200x150.webp 200w, https:\/\/sagavinaestartit.com\/wp-content\/uploads\/2025\/02\/conciertos-san-juan-estartit-1200x899-1-400x300.webp 400w, https:\/\/sagavinaestartit.com\/wp-content\/uploads\/2025\/02\/conciertos-san-juan-estartit-1200x899-1-600x450.webp 600w, https:\/\/sagavinaestartit.com\/wp-content\/uploads\/2025\/02\/conciertos-san-juan-estartit-1200x899-1-800x599.webp 800w, https:\/\/sagavinaestartit.com\/wp-content\/uploads\/2025\/02\/conciertos-san-juan-estartit-1200x899-1.webp 1200w\" data-sizes=\"auto\" data-orig-sizes=\"(max-width: 1024px) 100vw, (max-width: 640px) 100vw, 1200px\" \/><\/span><\/div><div class=\"fusion-builder-row fusion-builder-row-inner fusion-row fusion-flex-align-items-flex-start fusion-flex-content-wrap\" style=\"width:calc( 100% + 0px ) !important;max-width:calc( 100% + 0px ) !important;margin-left: calc(-0px \/ 2 );margin-right: calc(-0px \/ 2 );\"><div class=\"fusion-layout-column fusion_builder_column_inner fusion-builder-nested-column-1 fusion_builder_column_inner_1_1 1_1 fusion-flex-column\" style=\"--awb-padding-top:24px;--awb-padding-right:24px;--awb-padding-bottom:12px;--awb-padding-left:24px;--awb-bg-size:cover;--awb-width-large:100%;--awb-margin-top-large:0px;--awb-spacing-right-large:0px;--awb-margin-bottom-large:0px;--awb-spacing-left-large:0px;--awb-width-medium:100%;--awb-order-medium:0;--awb-spacing-right-medium:0px;--awb-spacing-left-medium:0px;--awb-width-small:100%;--awb-order-small:0;--awb-spacing-right-small:0px;--awb-spacing-left-small:0px;\"><div class=\"fusion-column-wrapper fusion-column-has-shadow fusion-flex-justify-content-flex-start fusion-content-layout-column\"><div class=\"fusion-title title fusion-title-2 fusion-title-text fusion-title-size-two\" style=\"--awb-margin-top:4px;--awb-margin-top-small:4px;--awb-margin-bottom-small:16px;\"><div class=\"title-sep-container title-sep-container-left fusion-no-large-visibility fusion-no-medium-visibility fusion-no-small-visibility\"><div class=\"title-sep sep- sep-solid\" style=\"border-color:var(--awb-color3);\"><\/div><\/div><span class=\"awb-title-spacer fusion-no-large-visibility fusion-no-medium-visibility fusion-no-small-visibility\"><\/span><h2 class=\"fusion-title-heading title-heading-left fusion-responsive-typography-calculated\" style=\"margin:0;--fontSize:26;line-height:var(--awb-typography1-line-height);\"><a href=\"https:\/\/sagavinaestartit.com\/ca\/concerts-estartit-sant-joan\/\" class=\"awb-custom-text-color awb-custom-text-hover-color\" target=\"_self\">Concerts a l\u2019Estartit per Sant Joan 2026<\/a><\/h2><span class=\"awb-title-spacer\"><\/span><div class=\"title-sep-container title-sep-container-right\"><div class=\"title-sep sep- sep-solid\" style=\"border-color:var(--awb-color3);\"><\/div><\/div><\/div><div class=\"fusion-content-tb fusion-content-tb-2\" style=\"--awb-text-color:var(--awb-color6);--awb-text-transform:none;\"><p> Aquest any 2026, per a la revetlla de Sant Joan 2026 a l'Estartit es realitzaran tres dies de concerts per part del Festival \u00cdtaca (@itacacultura): el dia 19, 20 i 23 de juny, aquest \u00faltim per a la nit de Sant Joan. Es poden comprar entrades per a un [...]<\/p><\/div><div class=\"fusion-meta-tb fusion-meta-tb-2 floated\" style=\"--awb-border-bottom:0px;--awb-border-top:0px;--awb-height:32px;--awb-text-color:var(--awb-color5);--awb-border-color:var(--awb-color2);--awb-alignment:space-between;--awb-alignment-medium:space-between;--awb-alignment-small:flex-start;\"><span class=\"fusion-tb-tags\">Tags: <a href=\"https:\/\/sagavinaestartit.com\/ca\/tag\/activitats-a-lestartit\/\" rel=\"tag\">activitats a l'Estartit<\/a>, <a href=\"https:\/\/sagavinaestartit.com\/ca\/tag\/concerts\/\" rel=\"tag\">concerts<\/a>, <a href=\"https:\/\/sagavinaestartit.com\/tag\/costa-brava\/\" rel=\"tag\">Costa Brava<\/a>, <a href=\"https:\/\/sagavinaestartit.com\/ca\/tag\/espectacles\/\" rel=\"tag\">espectacles<\/a>, <a href=\"https:\/\/sagavinaestartit.com\/tag\/festival-itaca\/\" rel=\"tag\">Festival Itaca<\/a>, <a href=\"https:\/\/sagavinaestartit.com\/tag\/festival-torroella-montgri\/\" rel=\"tag\">festival torroella montgri<\/a>, <a href=\"https:\/\/sagavinaestartit.com\/tag\/fiestas-y-ferias\/\" rel=\"tag\">fiestas y ferias<\/a>, <a href=\"https:\/\/sagavinaestartit.com\/tag\/sa-gavina\/\" rel=\"tag\">Sa gavina<\/a>, <a href=\"https:\/\/sagavinaestartit.com\/tag\/sant-joan\/\" rel=\"tag\">Sant Joan<\/a><\/span><span class=\"fusion-meta-tb-sep\"><\/span><\/div><\/div><\/div><\/div><div ><a class=\"fusion-button button-flat fusion-button-default-size button-default fusion-button-default button-2 fusion-button-span-yes \" target=\"_self\" href=\"https:\/\/sagavinaestartit.com\/ca\/concerts-estartit-sant-joan\/\"><span class=\"fusion-button-text awb-button__text awb-button__text--default\">LEER M\u00c1S<\/span><\/a><\/div><\/div><\/li>\n<li class=\"fusion-layout-column fusion_builder_column fusion-builder-column-4 fusion-flex-column post-card fusion-grid-column fusion-post-cards-grid-column\" style=\"--awb-bg-blend:overlay;--awb-bg-size:cover;--awb-box-shadow:0px 1px 3px -1px hsla(var(--awb-color3-h),var(--awb-color3-s),var(--awb-color3-l),calc(var(--awb-color3-a) - 55%));;--awb-border-color:var(--awb-color2);--awb-border-color-hover:var(--awb-color4);--awb-border-top:1px;--awb-border-right:1px;--awb-border-bottom:1px;--awb-border-left:1px;--awb-flex-grow:0;--awb-flex-shrink:0;--awb-flex-grow-medium:0;--awb-flex-shrink-medium:0;--awb-flex-grow-small:0;--awb-flex-shrink-small:0;\"><div class=\"fusion-column-wrapper fusion-column-has-shadow fusion-flex-justify-content-flex-start fusion-content-layout-column\"><div class=\"fusion-image-element \" style=\"--awb-caption-title-font-family:var(--h2_typography-font-family);--awb-caption-title-font-weight:var(--h2_typography-font-weight);--awb-caption-title-font-style:var(--h2_typography-font-style);--awb-caption-title-size:var(--h2_typography-font-size);--awb-caption-title-transform:var(--h2_typography-text-transform);--awb-caption-title-line-height:var(--h2_typography-line-height);--awb-caption-title-letter-spacing:var(--h2_typography-letter-spacing);\"><span class=\" fusion-imageframe imageframe-none imageframe-3 hover-type-zoomin\"><img decoding=\"async\" width=\"600\" height=\"400\" alt=\"Mercados Semanales Costa Brava\" title=\"Mercados Semanales Costa Brava\" src=\"https:\/\/sagavinaestartit.com\/wp-content\/uploads\/2024\/05\/Mercados-Semanales-Costa-Brava.webp\" data-orig-src=\"https:\/\/sagavinaestartit.com\/wp-content\/uploads\/2024\/05\/Mercados-Semanales-Costa-Brava.webp\" class=\"lazyload img-responsive wp-image-33091\" srcset=\"data:image\/svg+xml,%3Csvg%20xmlns%3D%27http%3A%2F%2Fwww.w3.org%2F2000%2Fsvg%27%20width%3D%27600%27%20height%3D%27400%27%20viewBox%3D%270%200%20600%20400%27%3E%3Crect%20width%3D%27600%27%20height%3D%27400%27%20fill-opacity%3D%220%22%2F%3E%3C%2Fsvg%3E\" data-srcset=\"https:\/\/sagavinaestartit.com\/wp-content\/uploads\/2024\/05\/Mercados-Semanales-Costa-Brava-200x133.webp 200w, https:\/\/sagavinaestartit.com\/wp-content\/uploads\/2024\/05\/Mercados-Semanales-Costa-Brava-400x267.webp 400w, https:\/\/sagavinaestartit.com\/wp-content\/uploads\/2024\/05\/Mercados-Semanales-Costa-Brava.webp 600w\" data-sizes=\"auto\" data-orig-sizes=\"(max-width: 1024px) 100vw, (max-width: 640px) 100vw, 600px\" \/><\/span><\/div><div class=\"fusion-builder-row fusion-builder-row-inner fusion-row fusion-flex-align-items-flex-start fusion-flex-content-wrap\" style=\"width:calc( 100% + 0px ) !important;max-width:calc( 100% + 0px ) !important;margin-left: calc(-0px \/ 2 );margin-right: calc(-0px \/ 2 );\"><div class=\"fusion-layout-column fusion_builder_column_inner fusion-builder-nested-column-2 fusion_builder_column_inner_1_1 1_1 fusion-flex-column\" style=\"--awb-padding-top:24px;--awb-padding-right:24px;--awb-padding-bottom:12px;--awb-padding-left:24px;--awb-bg-size:cover;--awb-width-large:100%;--awb-margin-top-large:0px;--awb-spacing-right-large:0px;--awb-margin-bottom-large:0px;--awb-spacing-left-large:0px;--awb-width-medium:100%;--awb-order-medium:0;--awb-spacing-right-medium:0px;--awb-spacing-left-medium:0px;--awb-width-small:100%;--awb-order-small:0;--awb-spacing-right-small:0px;--awb-spacing-left-small:0px;\"><div class=\"fusion-column-wrapper fusion-column-has-shadow fusion-flex-justify-content-flex-start fusion-content-layout-column\"><div class=\"fusion-title title fusion-title-3 fusion-title-text fusion-title-size-two\" style=\"--awb-margin-top:4px;--awb-margin-top-small:4px;--awb-margin-bottom-small:16px;\"><div class=\"title-sep-container title-sep-container-left fusion-no-large-visibility fusion-no-medium-visibility fusion-no-small-visibility\"><div class=\"title-sep sep- sep-solid\" style=\"border-color:var(--awb-color3);\"><\/div><\/div><span class=\"awb-title-spacer fusion-no-large-visibility fusion-no-medium-visibility fusion-no-small-visibility\"><\/span><h2 class=\"fusion-title-heading title-heading-left fusion-responsive-typography-calculated\" style=\"margin:0;--fontSize:26;line-height:var(--awb-typography1-line-height);\"><a href=\"https:\/\/sagavinaestartit.com\/ca\/mercats-costa-brava\/\" class=\"awb-custom-text-color awb-custom-text-hover-color\" target=\"_self\">Mercats a la Costa Brava [2026]<\/a><\/h2><span class=\"awb-title-spacer\"><\/span><div class=\"title-sep-container title-sep-container-right\"><div class=\"title-sep sep- sep-solid\" style=\"border-color:var(--awb-color3);\"><\/div><\/div><\/div><div class=\"fusion-content-tb fusion-content-tb-3\" style=\"--awb-text-color:var(--awb-color6);--awb-text-transform:none;\"><p>\r Aquest 2026, visita els mercats setmanals de la Costa Brava, un dels llocs m\u00e9s bonics de Catalunya. En aquest bloc, podr\u00e0s con\u00e8ixer quin dia i hora es fan els mercats setmanals als diferents pobles de la Costa Brava. \r \r Els dijous, \u00e9s dia de mercat a l'Estartit, essent [...]<\/p><\/div><div class=\"fusion-meta-tb fusion-meta-tb-3 floated\" style=\"--awb-border-bottom:0px;--awb-border-top:0px;--awb-height:32px;--awb-text-color:var(--awb-color5);--awb-border-color:var(--awb-color2);--awb-alignment:space-between;--awb-alignment-medium:space-between;--awb-alignment-small:flex-start;\"><span class=\"fusion-tb-tags\">Tags: <a href=\"https:\/\/sagavinaestartit.com\/ca\/tag\/mercadillos-costa-bravamercados-costa-bravamercados-semanales-costa-brava\/\" rel=\"tag\">mercadillos costa brava|mercados costa brava|mercados semanales costa brava<\/a><\/span><span class=\"fusion-meta-tb-sep\"><\/span><\/div><\/div><\/div><\/div><div ><a class=\"fusion-button button-flat fusion-button-default-size button-default fusion-button-default button-3 fusion-button-span-yes \" target=\"_self\" href=\"https:\/\/sagavinaestartit.com\/ca\/mercats-costa-brava\/\"><span class=\"fusion-button-text awb-button__text awb-button__text--default\">LEER M\u00c1S<\/span><\/a><\/div><\/div><\/li>\n<li class=\"fusion-layout-column fusion_builder_column fusion-builder-column-5 fusion-flex-column post-card fusion-grid-column fusion-post-cards-grid-column\" style=\"--awb-bg-blend:overlay;--awb-bg-size:cover;--awb-box-shadow:0px 1px 3px -1px hsla(var(--awb-color3-h),var(--awb-color3-s),var(--awb-color3-l),calc(var(--awb-color3-a) - 55%));;--awb-border-color:var(--awb-color2);--awb-border-color-hover:var(--awb-color4);--awb-border-top:1px;--awb-border-right:1px;--awb-border-bottom:1px;--awb-border-left:1px;--awb-flex-grow:0;--awb-flex-shrink:0;--awb-flex-grow-medium:0;--awb-flex-shrink-medium:0;--awb-flex-grow-small:0;--awb-flex-shrink-small:0;\"><div class=\"fusion-column-wrapper fusion-column-has-shadow fusion-flex-justify-content-flex-start fusion-content-layout-column\"><div class=\"fusion-image-element \" style=\"--awb-caption-title-font-family:var(--h2_typography-font-family);--awb-caption-title-font-weight:var(--h2_typography-font-weight);--awb-caption-title-font-style:var(--h2_typography-font-style);--awb-caption-title-size:var(--h2_typography-font-size);--awb-caption-title-transform:var(--h2_typography-text-transform);--awb-caption-title-line-height:var(--h2_typography-line-height);--awb-caption-title-letter-spacing:var(--h2_typography-letter-spacing);\"><span class=\" fusion-imageframe imageframe-none imageframe-4 hover-type-zoomin\"><img decoding=\"async\" width=\"2560\" height=\"1280\" alt=\"Fira Emporda Cuina i Salut\" title=\"Fira Emporda\" src=\"https:\/\/sagavinaestartit.com\/wp-content\/uploads\/2018\/04\/Fira-Emporda-scaled.webp\" data-orig-src=\"https:\/\/sagavinaestartit.com\/wp-content\/uploads\/2018\/04\/Fira-Emporda-scaled.webp\" class=\"lazyload img-responsive wp-image-35537\" srcset=\"data:image\/svg+xml,%3Csvg%20xmlns%3D%27http%3A%2F%2Fwww.w3.org%2F2000%2Fsvg%27%20width%3D%272560%27%20height%3D%271280%27%20viewBox%3D%270%200%202560%201280%27%3E%3Crect%20width%3D%272560%27%20height%3D%271280%27%20fill-opacity%3D%220%22%2F%3E%3C%2Fsvg%3E\" data-srcset=\"https:\/\/sagavinaestartit.com\/wp-content\/uploads\/2018\/04\/Fira-Emporda-200x100.webp 200w, https:\/\/sagavinaestartit.com\/wp-content\/uploads\/2018\/04\/Fira-Emporda-400x200.webp 400w, https:\/\/sagavinaestartit.com\/wp-content\/uploads\/2018\/04\/Fira-Emporda-600x300.webp 600w, https:\/\/sagavinaestartit.com\/wp-content\/uploads\/2018\/04\/Fira-Emporda-800x400.webp 800w, https:\/\/sagavinaestartit.com\/wp-content\/uploads\/2018\/04\/Fira-Emporda-1200x600.webp 1200w, https:\/\/sagavinaestartit.com\/wp-content\/uploads\/2018\/04\/Fira-Emporda-scaled.webp 2560w\" data-sizes=\"auto\" data-orig-sizes=\"(max-width: 1024px) 100vw, (max-width: 640px) 100vw, 1200px\" \/><\/span><\/div><div class=\"fusion-builder-row fusion-builder-row-inner fusion-row fusion-flex-align-items-flex-start fusion-flex-content-wrap\" style=\"width:calc( 100% + 0px ) !important;max-width:calc( 100% + 0px ) !important;margin-left: calc(-0px \/ 2 );margin-right: calc(-0px \/ 2 );\"><div class=\"fusion-layout-column fusion_builder_column_inner fusion-builder-nested-column-3 fusion_builder_column_inner_1_1 1_1 fusion-flex-column\" style=\"--awb-padding-top:24px;--awb-padding-right:24px;--awb-padding-bottom:12px;--awb-padding-left:24px;--awb-bg-size:cover;--awb-width-large:100%;--awb-margin-top-large:0px;--awb-spacing-right-large:0px;--awb-margin-bottom-large:0px;--awb-spacing-left-large:0px;--awb-width-medium:100%;--awb-order-medium:0;--awb-spacing-right-medium:0px;--awb-spacing-left-medium:0px;--awb-width-small:100%;--awb-order-small:0;--awb-spacing-right-small:0px;--awb-spacing-left-small:0px;\"><div class=\"fusion-column-wrapper fusion-column-has-shadow fusion-flex-justify-content-flex-start fusion-content-layout-column\"><div class=\"fusion-title title fusion-title-4 fusion-title-text fusion-title-size-two\" style=\"--awb-margin-top:4px;--awb-margin-top-small:4px;--awb-margin-bottom-small:16px;\"><div class=\"title-sep-container title-sep-container-left fusion-no-large-visibility fusion-no-medium-visibility fusion-no-small-visibility\"><div class=\"title-sep sep- sep-solid\" style=\"border-color:var(--awb-color3);\"><\/div><\/div><span class=\"awb-title-spacer fusion-no-large-visibility fusion-no-medium-visibility fusion-no-small-visibility\"><\/span><h2 class=\"fusion-title-heading title-heading-left fusion-responsive-typography-calculated\" style=\"margin:0;--fontSize:26;line-height:var(--awb-typography1-line-height);\"><a href=\"https:\/\/sagavinaestartit.com\/ca\/fira-emporda-cuina-i-salut\/\" class=\"awb-custom-text-color awb-custom-text-hover-color\" target=\"_self\">Fira \u201cEmpord\u00e0, cuina i salut\u201d<\/a><\/h2><span class=\"awb-title-spacer\"><\/span><div class=\"title-sep-container title-sep-container-right\"><div class=\"title-sep sep- sep-solid\" style=\"border-color:var(--awb-color3);\"><\/div><\/div><\/div><div class=\"fusion-content-tb fusion-content-tb-4\" style=\"--awb-text-color:var(--awb-color6);--awb-text-transform:none;\"><p> El cap de setmana del 8 i 9 de maig torna la Fira Empord\u00e0 Cuina i Salut L'objectiu de la fira \u00e9s posar en valor l'enlla\u00e7 entre gastronomia i benestar, tornar als or\u00edgens on la dieta mediterr\u00e0nia, els productes de Km0 i la filosofia slow food eren la pr\u00e0ctica [...]<\/p><\/div><div class=\"fusion-meta-tb fusion-meta-tb-4 floated\" style=\"--awb-border-bottom:0px;--awb-border-top:0px;--awb-height:32px;--awb-text-color:var(--awb-color5);--awb-border-color:var(--awb-color2);--awb-alignment:space-between;--awb-alignment-medium:space-between;--awb-alignment-small:flex-start;\"><span class=\"fusion-tb-tags\">Tags: <a href=\"https:\/\/sagavinaestartit.com\/tag\/actividades-familiares\/\" rel=\"tag\">actividades familiares<\/a>, <a href=\"https:\/\/sagavinaestartit.com\/ca\/tag\/activitats-a-lestartit\/\" rel=\"tag\">activitats a l'Estartit<\/a>, <a href=\"https:\/\/sagavinaestartit.com\/tag\/activitats-familiars\/\" rel=\"tag\">activitats familiars<\/a>, <a href=\"https:\/\/sagavinaestartit.com\/tag\/apartamento-mascotas-estartit\/\" rel=\"tag\">apartamento mascotas estartit<\/a>, <a href=\"https:\/\/sagavinaestartit.com\/ca\/tag\/exposicions\/\" rel=\"tag\">exposicions<\/a>, <a href=\"https:\/\/sagavinaestartit.com\/tag\/fiestas-y-ferias\/\" rel=\"tag\">fiestas y ferias<\/a>, <a href=\"https:\/\/sagavinaestartit.com\/tag\/que-hacer-en-lestartit-2\/\" rel=\"tag\">qu\u00e9 hacer en l'Estartit<\/a>, <a href=\"https:\/\/sagavinaestartit.com\/tag\/turismo-de-proximidad\/\" rel=\"tag\">turismo de proximidad<\/a>, <a href=\"https:\/\/sagavinaestartit.com\/tag\/turismo-responsable\/\" rel=\"tag\">turismo responsable<\/a><\/span><span class=\"fusion-meta-tb-sep\"><\/span><\/div><\/div><\/div><\/div><div ><a class=\"fusion-button button-flat fusion-button-default-size button-default fusion-button-default button-4 fusion-button-span-yes \" target=\"_self\" href=\"https:\/\/sagavinaestartit.com\/ca\/fira-emporda-cuina-i-salut\/\"><span class=\"fusion-button-text awb-button__text awb-button__text--default\">LEER M\u00c1S<\/span><\/a><\/div><\/div><\/li>\n<li class=\"fusion-layout-column fusion_builder_column fusion-builder-column-6 fusion-flex-column post-card fusion-grid-column fusion-post-cards-grid-column\" style=\"--awb-bg-blend:overlay;--awb-bg-size:cover;--awb-box-shadow:0px 1px 3px -1px hsla(var(--awb-color3-h),var(--awb-color3-s),var(--awb-color3-l),calc(var(--awb-color3-a) - 55%));;--awb-border-color:var(--awb-color2);--awb-border-color-hover:var(--awb-color4);--awb-border-top:1px;--awb-border-right:1px;--awb-border-bottom:1px;--awb-border-left:1px;--awb-flex-grow:0;--awb-flex-shrink:0;--awb-flex-grow-medium:0;--awb-flex-shrink-medium:0;--awb-flex-grow-small:0;--awb-flex-shrink-small:0;\"><div class=\"fusion-column-wrapper fusion-column-has-shadow fusion-flex-justify-content-flex-start fusion-content-layout-column\"><div class=\"fusion-image-element \" style=\"--awb-caption-title-font-family:var(--h2_typography-font-family);--awb-caption-title-font-weight:var(--h2_typography-font-weight);--awb-caption-title-font-style:var(--h2_typography-font-style);--awb-caption-title-size:var(--h2_typography-font-size);--awb-caption-title-transform:var(--h2_typography-text-transform);--awb-caption-title-line-height:var(--h2_typography-line-height);--awb-caption-title-letter-spacing:var(--h2_typography-letter-spacing);\"><span class=\" fusion-imageframe imageframe-none imageframe-5 hover-type-zoomin\"><img decoding=\"async\" width=\"2560\" height=\"1280\" alt=\"Sant Jordi Estartit\" title=\"Sant Jordi Estartit\" src=\"https:\/\/sagavinaestartit.com\/wp-content\/uploads\/2026\/03\/Sant-Jordi-Estartit-scaled.webp\" data-orig-src=\"https:\/\/sagavinaestartit.com\/wp-content\/uploads\/2026\/03\/Sant-Jordi-Estartit-scaled.webp\" class=\"lazyload img-responsive wp-image-36514\" srcset=\"data:image\/svg+xml,%3Csvg%20xmlns%3D%27http%3A%2F%2Fwww.w3.org%2F2000%2Fsvg%27%20width%3D%272560%27%20height%3D%271280%27%20viewBox%3D%270%200%202560%201280%27%3E%3Crect%20width%3D%272560%27%20height%3D%271280%27%20fill-opacity%3D%220%22%2F%3E%3C%2Fsvg%3E\" data-srcset=\"https:\/\/sagavinaestartit.com\/wp-content\/uploads\/2026\/03\/Sant-Jordi-Estartit-200x100.webp 200w, https:\/\/sagavinaestartit.com\/wp-content\/uploads\/2026\/03\/Sant-Jordi-Estartit-400x200.webp 400w, https:\/\/sagavinaestartit.com\/wp-content\/uploads\/2026\/03\/Sant-Jordi-Estartit-600x300.webp 600w, https:\/\/sagavinaestartit.com\/wp-content\/uploads\/2026\/03\/Sant-Jordi-Estartit-800x400.webp 800w, https:\/\/sagavinaestartit.com\/wp-content\/uploads\/2026\/03\/Sant-Jordi-Estartit-1200x600.webp 1200w, https:\/\/sagavinaestartit.com\/wp-content\/uploads\/2026\/03\/Sant-Jordi-Estartit-scaled.webp 2560w\" data-sizes=\"auto\" data-orig-sizes=\"(max-width: 1024px) 100vw, (max-width: 640px) 100vw, 1200px\" \/><\/span><\/div><div class=\"fusion-builder-row fusion-builder-row-inner fusion-row fusion-flex-align-items-flex-start fusion-flex-content-wrap\" style=\"width:calc( 100% + 0px ) !important;max-width:calc( 100% + 0px ) !important;margin-left: calc(-0px \/ 2 );margin-right: calc(-0px \/ 2 );\"><div class=\"fusion-layout-column fusion_builder_column_inner fusion-builder-nested-column-4 fusion_builder_column_inner_1_1 1_1 fusion-flex-column\" style=\"--awb-padding-top:24px;--awb-padding-right:24px;--awb-padding-bottom:12px;--awb-padding-left:24px;--awb-bg-size:cover;--awb-width-large:100%;--awb-margin-top-large:0px;--awb-spacing-right-large:0px;--awb-margin-bottom-large:0px;--awb-spacing-left-large:0px;--awb-width-medium:100%;--awb-order-medium:0;--awb-spacing-right-medium:0px;--awb-spacing-left-medium:0px;--awb-width-small:100%;--awb-order-small:0;--awb-spacing-right-small:0px;--awb-spacing-left-small:0px;\"><div class=\"fusion-column-wrapper fusion-column-has-shadow fusion-flex-justify-content-flex-start fusion-content-layout-column\"><div class=\"fusion-title title fusion-title-5 fusion-title-text fusion-title-size-two\" style=\"--awb-margin-top:4px;--awb-margin-top-small:4px;--awb-margin-bottom-small:16px;\"><div class=\"title-sep-container title-sep-container-left fusion-no-large-visibility fusion-no-medium-visibility fusion-no-small-visibility\"><div class=\"title-sep sep- sep-solid\" style=\"border-color:var(--awb-color3);\"><\/div><\/div><span class=\"awb-title-spacer fusion-no-large-visibility fusion-no-medium-visibility fusion-no-small-visibility\"><\/span><h2 class=\"fusion-title-heading title-heading-left fusion-responsive-typography-calculated\" style=\"margin:0;--fontSize:26;line-height:var(--awb-typography1-line-height);\"><a href=\"https:\/\/sagavinaestartit.com\/ca\/sant-jordi-estartit\/\" class=\"awb-custom-text-color awb-custom-text-hover-color\" target=\"_self\">Sant Jordi a l\u2019Estartit  2026<\/a><\/h2><span class=\"awb-title-spacer\"><\/span><div class=\"title-sep-container title-sep-container-right\"><div class=\"title-sep sep- sep-solid\" style=\"border-color:var(--awb-color3);\"><\/div><\/div><\/div><div class=\"fusion-content-tb fusion-content-tb-5\" style=\"--awb-text-color:var(--awb-color6);--awb-text-transform:none;\"><p> La festa de Sant Jordi a L\u2019Estartit \u00e9s una celebraci\u00f3 petita per\u00f2 molt t\u00edpica dels pobles de Catalunya. Mant\u00e9 l\u00b4esperit tradicional: llibres, roses, activitats culturals i ambient al carrer. \ud83c\udf39\ud83d\udcda  Quin \u00e9s el significat de la festa de Sant Jordi?  A tot Catalunya, Sant Jordi \u00e9s una [...]<\/p><\/div><div class=\"fusion-meta-tb fusion-meta-tb-5 floated\" style=\"--awb-border-bottom:0px;--awb-border-top:0px;--awb-height:32px;--awb-text-color:var(--awb-color5);--awb-border-color:var(--awb-color2);--awb-alignment:space-between;--awb-alignment-medium:space-between;--awb-alignment-small:flex-start;\"><span class=\"fusion-tb-tags\">Tags: <a href=\"https:\/\/sagavinaestartit.com\/ca\/tag\/activitats-a-lestartit-ca\/\" rel=\"tag\">activitats a l'Estartit<\/a>, <a href=\"https:\/\/sagavinaestartit.com\/ca\/tag\/activitats-a-lestartit\/\" rel=\"tag\">activitats a l'Estartit<\/a>, <a href=\"https:\/\/sagavinaestartit.com\/ca\/tag\/costa-brava-ca\/\" rel=\"tag\">Costa Brava<\/a>, <a href=\"https:\/\/sagavinaestartit.com\/ca\/tag\/que-fer-amb-nens-ca\/\" rel=\"tag\">Que fer amb nens<\/a>, <a href=\"https:\/\/sagavinaestartit.com\/ca\/tag\/que-hacer-en-lestartit\/\" rel=\"tag\">qu\u00e9 hacer en l'Estartit<\/a>, <a href=\"https:\/\/sagavinaestartit.com\/ca\/tag\/sant-jordi\/\" rel=\"tag\">sant jordi<\/a>, <a href=\"https:\/\/sagavinaestartit.com\/ca\/tag\/sortir-en-familia-ca\/\" rel=\"tag\">sortir en familia<\/a>, <a href=\"https:\/\/sagavinaestartit.com\/ca\/tag\/turisme-de-proximitat\/\" rel=\"tag\">turisme de proximitat<\/a><\/span><span class=\"fusion-meta-tb-sep\"><\/span><\/div><\/div><\/div><\/div><div ><a class=\"fusion-button button-flat fusion-button-default-size button-default fusion-button-default button-5 fusion-button-span-yes \" target=\"_self\" href=\"https:\/\/sagavinaestartit.com\/ca\/sant-jordi-estartit\/\"><span class=\"fusion-button-text awb-button__text awb-button__text--default\">LEER M\u00c1S<\/span><\/a><\/div><\/div><\/li>\n<li class=\"fusion-layout-column fusion_builder_column fusion-builder-column-7 fusion-flex-column post-card fusion-grid-column fusion-post-cards-grid-column\" style=\"--awb-bg-blend:overlay;--awb-bg-size:cover;--awb-box-shadow:0px 1px 3px -1px hsla(var(--awb-color3-h),var(--awb-color3-s),var(--awb-color3-l),calc(var(--awb-color3-a) - 55%));;--awb-border-color:var(--awb-color2);--awb-border-color-hover:var(--awb-color4);--awb-border-top:1px;--awb-border-right:1px;--awb-border-bottom:1px;--awb-border-left:1px;--awb-flex-grow:0;--awb-flex-shrink:0;--awb-flex-grow-medium:0;--awb-flex-shrink-medium:0;--awb-flex-grow-small:0;--awb-flex-shrink-small:0;\"><div class=\"fusion-column-wrapper fusion-column-has-shadow fusion-flex-justify-content-flex-start fusion-content-layout-column\"><div class=\"fusion-image-element \" style=\"--awb-caption-title-font-family:var(--h2_typography-font-family);--awb-caption-title-font-weight:var(--h2_typography-font-weight);--awb-caption-title-font-style:var(--h2_typography-font-style);--awb-caption-title-size:var(--h2_typography-font-size);--awb-caption-title-transform:var(--h2_typography-text-transform);--awb-caption-title-line-height:var(--h2_typography-line-height);--awb-caption-title-letter-spacing:var(--h2_typography-letter-spacing);\"><span class=\" fusion-imageframe imageframe-none imageframe-6 hover-type-zoomin\"><img decoding=\"async\" width=\"2560\" height=\"1280\" alt=\"Fimag 2026\" title=\"Fimag 2026\" src=\"https:\/\/sagavinaestartit.com\/wp-content\/uploads\/2026\/03\/Fimag-2026-scaled.webp\" data-orig-src=\"https:\/\/sagavinaestartit.com\/wp-content\/uploads\/2026\/03\/Fimag-2026-scaled.webp\" class=\"lazyload img-responsive wp-image-36381\" srcset=\"data:image\/svg+xml,%3Csvg%20xmlns%3D%27http%3A%2F%2Fwww.w3.org%2F2000%2Fsvg%27%20width%3D%272560%27%20height%3D%271280%27%20viewBox%3D%270%200%202560%201280%27%3E%3Crect%20width%3D%272560%27%20height%3D%271280%27%20fill-opacity%3D%220%22%2F%3E%3C%2Fsvg%3E\" data-srcset=\"https:\/\/sagavinaestartit.com\/wp-content\/uploads\/2026\/03\/Fimag-2026-200x100.webp 200w, https:\/\/sagavinaestartit.com\/wp-content\/uploads\/2026\/03\/Fimag-2026-400x200.webp 400w, https:\/\/sagavinaestartit.com\/wp-content\/uploads\/2026\/03\/Fimag-2026-600x300.webp 600w, https:\/\/sagavinaestartit.com\/wp-content\/uploads\/2026\/03\/Fimag-2026-800x400.webp 800w, https:\/\/sagavinaestartit.com\/wp-content\/uploads\/2026\/03\/Fimag-2026-1200x600.webp 1200w, https:\/\/sagavinaestartit.com\/wp-content\/uploads\/2026\/03\/Fimag-2026-scaled.webp 2560w\" data-sizes=\"auto\" data-orig-sizes=\"(max-width: 1024px) 100vw, (max-width: 640px) 100vw, 1200px\" \/><\/span><\/div><div class=\"fusion-builder-row fusion-builder-row-inner fusion-row fusion-flex-align-items-flex-start fusion-flex-content-wrap\" style=\"width:calc( 100% + 0px ) !important;max-width:calc( 100% + 0px ) !important;margin-left: calc(-0px \/ 2 );margin-right: calc(-0px \/ 2 );\"><div class=\"fusion-layout-column fusion_builder_column_inner fusion-builder-nested-column-5 fusion_builder_column_inner_1_1 1_1 fusion-flex-column\" style=\"--awb-padding-top:24px;--awb-padding-right:24px;--awb-padding-bottom:12px;--awb-padding-left:24px;--awb-bg-size:cover;--awb-width-large:100%;--awb-margin-top-large:0px;--awb-spacing-right-large:0px;--awb-margin-bottom-large:0px;--awb-spacing-left-large:0px;--awb-width-medium:100%;--awb-order-medium:0;--awb-spacing-right-medium:0px;--awb-spacing-left-medium:0px;--awb-width-small:100%;--awb-order-small:0;--awb-spacing-right-small:0px;--awb-spacing-left-small:0px;\"><div class=\"fusion-column-wrapper fusion-column-has-shadow fusion-flex-justify-content-flex-start fusion-content-layout-column\"><div class=\"fusion-title title fusion-title-6 fusion-title-text fusion-title-size-two\" style=\"--awb-margin-top:4px;--awb-margin-top-small:4px;--awb-margin-bottom-small:16px;\"><div class=\"title-sep-container title-sep-container-left fusion-no-large-visibility fusion-no-medium-visibility fusion-no-small-visibility\"><div class=\"title-sep sep- sep-solid\" style=\"border-color:var(--awb-color3);\"><\/div><\/div><span class=\"awb-title-spacer fusion-no-large-visibility fusion-no-medium-visibility fusion-no-small-visibility\"><\/span><h2 class=\"fusion-title-heading title-heading-left fusion-responsive-typography-calculated\" style=\"margin:0;--fontSize:26;line-height:var(--awb-typography1-line-height);\"><a href=\"https:\/\/sagavinaestartit.com\/ca\/fimag-fira-internacional-magia\/\" class=\"awb-custom-text-color awb-custom-text-hover-color\" target=\"_self\">FIMAG &#8211; Fira Internacional de M\u00e0gia<\/a><\/h2><span class=\"awb-title-spacer\"><\/span><div class=\"title-sep-container title-sep-container-right\"><div class=\"title-sep sep- sep-solid\" style=\"border-color:var(--awb-color3);\"><\/div><\/div><\/div><div class=\"fusion-content-tb fusion-content-tb-6\" style=\"--awb-text-color:var(--awb-color6);--awb-text-transform:none;\"><p> El cap de setmana del 4 al 7 de juny del 2026, Torna la M\u00e0gia!  El Festival internacional de m\u00e0gia torna a Torroella de Montgr\u00ed. un dels esdeveniments m\u00e9s destacats de l'il\u00b7lusionisme al sud d'Europa. Des del 2012, FIMAG s'ha consolidat com una cita imprescindible per als amants [...]<\/p><\/div><div class=\"fusion-meta-tb fusion-meta-tb-6 floated\" style=\"--awb-border-bottom:0px;--awb-border-top:0px;--awb-height:32px;--awb-text-color:var(--awb-color5);--awb-border-color:var(--awb-color2);--awb-alignment:space-between;--awb-alignment-medium:space-between;--awb-alignment-small:flex-start;\"><span class=\"fusion-tb-tags\">Tags: <a href=\"https:\/\/sagavinaestartit.com\/ca\/tag\/activitats-a-lestartit\/\" rel=\"tag\">activitats a l'Estartit<\/a>, <a href=\"https:\/\/sagavinaestartit.com\/ca\/tag\/activitats-familiars-ca\/\" rel=\"tag\">Activitats familiars<\/a>, <a href=\"https:\/\/sagavinaestartit.com\/ca\/tag\/apartament-mascotes-estartit\/\" rel=\"tag\">apartament mascotes estartit<\/a>, <a href=\"https:\/\/sagavinaestartit.com\/ca\/tag\/costa-brava-ca\/\" rel=\"tag\">Costa Brava<\/a>, <a href=\"https:\/\/sagavinaestartit.com\/ca\/tag\/espectacles-ca\/\" rel=\"tag\">espectacles<\/a>, <a href=\"https:\/\/sagavinaestartit.com\/ca\/tag\/espectacles\/\" rel=\"tag\">espectacles<\/a>, <a href=\"https:\/\/sagavinaestartit.com\/ca\/tag\/festival-torroella-montgri-ca\/\" rel=\"tag\">festival torroella montgri<\/a>, <a href=\"https:\/\/sagavinaestartit.com\/ca\/tag\/que-hacer-en-lestartit\/\" rel=\"tag\">qu\u00e9 hacer en l'Estartit<\/a>, <a href=\"https:\/\/sagavinaestartit.com\/ca\/tag\/sortir-en-familia-ca\/\" rel=\"tag\">sortir en familia<\/a>, <a href=\"https:\/\/sagavinaestartit.com\/ca\/tag\/turisme-de-proximitat\/\" rel=\"tag\">turisme de proximitat<\/a><\/span><span class=\"fusion-meta-tb-sep\"><\/span><\/div><\/div><\/div><\/div><div ><a class=\"fusion-button button-flat fusion-button-default-size button-default fusion-button-default button-6 fusion-button-span-yes \" target=\"_self\" href=\"https:\/\/sagavinaestartit.com\/ca\/fimag-fira-internacional-magia\/\"><span class=\"fusion-button-text awb-button__text awb-button__text--default\">LEER M\u00c1S<\/span><\/a><\/div><\/div><\/li>\n<li class=\"fusion-layout-column fusion_builder_column fusion-builder-column-8 fusion-flex-column post-card fusion-grid-column fusion-post-cards-grid-column\" style=\"--awb-bg-blend:overlay;--awb-bg-size:cover;--awb-box-shadow:0px 1px 3px -1px hsla(var(--awb-color3-h),var(--awb-color3-s),var(--awb-color3-l),calc(var(--awb-color3-a) - 55%));;--awb-border-color:var(--awb-color2);--awb-border-color-hover:var(--awb-color4);--awb-border-top:1px;--awb-border-right:1px;--awb-border-bottom:1px;--awb-border-left:1px;--awb-flex-grow:0;--awb-flex-shrink:0;--awb-flex-grow-medium:0;--awb-flex-shrink-medium:0;--awb-flex-grow-small:0;--awb-flex-shrink-small:0;\"><div class=\"fusion-column-wrapper fusion-column-has-shadow fusion-flex-justify-content-flex-start fusion-content-layout-column\"><div class=\"fusion-image-element \" style=\"--awb-caption-title-font-family:var(--h2_typography-font-family);--awb-caption-title-font-weight:var(--h2_typography-font-weight);--awb-caption-title-font-style:var(--h2_typography-font-style);--awb-caption-title-size:var(--h2_typography-font-size);--awb-caption-title-transform:var(--h2_typography-text-transform);--awb-caption-title-line-height:var(--h2_typography-line-height);--awb-caption-title-letter-spacing:var(--h2_typography-letter-spacing);\"><span class=\" fusion-imageframe imageframe-none imageframe-7 hover-type-zoomin\"><img decoding=\"async\" width=\"2560\" height=\"1280\" alt=\"Planes rom\u00e1nticos en Estartit\" title=\"Planes rom\u00e1nticos en Estartit\" src=\"https:\/\/sagavinaestartit.com\/wp-content\/uploads\/2026\/01\/Planes-romanticos-en-Estartit-scaled.webp\" data-orig-src=\"https:\/\/sagavinaestartit.com\/wp-content\/uploads\/2026\/01\/Planes-romanticos-en-Estartit-scaled.webp\" class=\"lazyload img-responsive wp-image-36285\" srcset=\"data:image\/svg+xml,%3Csvg%20xmlns%3D%27http%3A%2F%2Fwww.w3.org%2F2000%2Fsvg%27%20width%3D%272560%27%20height%3D%271280%27%20viewBox%3D%270%200%202560%201280%27%3E%3Crect%20width%3D%272560%27%20height%3D%271280%27%20fill-opacity%3D%220%22%2F%3E%3C%2Fsvg%3E\" data-srcset=\"https:\/\/sagavinaestartit.com\/wp-content\/uploads\/2026\/01\/Planes-romanticos-en-Estartit-200x100.webp 200w, https:\/\/sagavinaestartit.com\/wp-content\/uploads\/2026\/01\/Planes-romanticos-en-Estartit-400x200.webp 400w, https:\/\/sagavinaestartit.com\/wp-content\/uploads\/2026\/01\/Planes-romanticos-en-Estartit-600x300.webp 600w, https:\/\/sagavinaestartit.com\/wp-content\/uploads\/2026\/01\/Planes-romanticos-en-Estartit-800x400.webp 800w, https:\/\/sagavinaestartit.com\/wp-content\/uploads\/2026\/01\/Planes-romanticos-en-Estartit-1200x600.webp 1200w, https:\/\/sagavinaestartit.com\/wp-content\/uploads\/2026\/01\/Planes-romanticos-en-Estartit-scaled.webp 2560w\" data-sizes=\"auto\" data-orig-sizes=\"(max-width: 1024px) 100vw, (max-width: 640px) 100vw, 1200px\" \/><\/span><\/div><div class=\"fusion-builder-row fusion-builder-row-inner fusion-row fusion-flex-align-items-flex-start fusion-flex-content-wrap\" style=\"width:calc( 100% + 0px ) !important;max-width:calc( 100% + 0px ) !important;margin-left: calc(-0px \/ 2 );margin-right: calc(-0px \/ 2 );\"><div class=\"fusion-layout-column fusion_builder_column_inner fusion-builder-nested-column-6 fusion_builder_column_inner_1_1 1_1 fusion-flex-column\" style=\"--awb-padding-top:24px;--awb-padding-right:24px;--awb-padding-bottom:12px;--awb-padding-left:24px;--awb-bg-size:cover;--awb-width-large:100%;--awb-margin-top-large:0px;--awb-spacing-right-large:0px;--awb-margin-bottom-large:0px;--awb-spacing-left-large:0px;--awb-width-medium:100%;--awb-order-medium:0;--awb-spacing-right-medium:0px;--awb-spacing-left-medium:0px;--awb-width-small:100%;--awb-order-small:0;--awb-spacing-right-small:0px;--awb-spacing-left-small:0px;\"><div class=\"fusion-column-wrapper fusion-column-has-shadow fusion-flex-justify-content-flex-start fusion-content-layout-column\"><div class=\"fusion-title title fusion-title-7 fusion-title-text fusion-title-size-two\" style=\"--awb-margin-top:4px;--awb-margin-top-small:4px;--awb-margin-bottom-small:16px;\"><div class=\"title-sep-container title-sep-container-left fusion-no-large-visibility fusion-no-medium-visibility fusion-no-small-visibility\"><div class=\"title-sep sep- sep-solid\" style=\"border-color:var(--awb-color3);\"><\/div><\/div><span class=\"awb-title-spacer fusion-no-large-visibility fusion-no-medium-visibility fusion-no-small-visibility\"><\/span><h2 class=\"fusion-title-heading title-heading-left fusion-responsive-typography-calculated\" style=\"margin:0;--fontSize:26;line-height:var(--awb-typography1-line-height);\"><a href=\"https:\/\/sagavinaestartit.com\/ca\/estartit-en-parella\/\" class=\"awb-custom-text-color awb-custom-text-hover-color\" target=\"_self\">L\u2019Estartit en parella: plans rom\u00e0ntics<\/a><\/h2><span class=\"awb-title-spacer\"><\/span><div class=\"title-sep-container title-sep-container-right\"><div class=\"title-sep sep- sep-solid\" style=\"border-color:var(--awb-color3);\"><\/div><\/div><\/div><div class=\"fusion-content-tb fusion-content-tb-7\" style=\"--awb-text-color:var(--awb-color6);--awb-text-transform:none;\"><p> L'Estartit \u00e9s una destinaci\u00f3 que es gaudeix de manera diferent a cada \u00e8poca de l'any. El ritme pausat del mar i la natura conviden a compartir moments en parella. Ja sigui per a una escapada de cap de setmana o per a unes vacances m\u00e9s llargues, aquests s\u00f3n els [...]<\/p><\/div><div class=\"fusion-meta-tb fusion-meta-tb-7 floated\" style=\"--awb-border-bottom:0px;--awb-border-top:0px;--awb-height:32px;--awb-text-color:var(--awb-color5);--awb-border-color:var(--awb-color2);--awb-alignment:space-between;--awb-alignment-medium:space-between;--awb-alignment-small:flex-start;\"><span class=\"fusion-tb-tags\">Tags: <a href=\"https:\/\/sagavinaestartit.com\/ca\/tag\/activitats-a-lestartit\/\" rel=\"tag\">activitats a l'Estartit<\/a>, <a href=\"https:\/\/sagavinaestartit.com\/ca\/tag\/costa-brava-ca\/\" rel=\"tag\">Costa Brava<\/a>, <a href=\"https:\/\/sagavinaestartit.com\/ca\/tag\/plan-romantic\/\" rel=\"tag\">plan rom\u00e0ntic<\/a>, <a href=\"https:\/\/sagavinaestartit.com\/ca\/tag\/que-fer-a-lestartit\/\" rel=\"tag\">que fer a l'estartit<\/a>, <a href=\"https:\/\/sagavinaestartit.com\/ca\/tag\/que-fer-en-parella\/\" rel=\"tag\">que fer en parella<\/a>, <a href=\"https:\/\/sagavinaestartit.com\/tag\/que-hacer-en-estartit\/\" rel=\"tag\">que hacer en estartit<\/a>, <a href=\"https:\/\/sagavinaestartit.com\/tag\/que-hacer-en-lestartit-2\/\" rel=\"tag\">qu\u00e9 hacer en l'Estartit<\/a>, <a href=\"https:\/\/sagavinaestartit.com\/ca\/tag\/visitar-costa-brava-en-parella\/\" rel=\"tag\">visitar costa brava en parella<\/a><\/span><span class=\"fusion-meta-tb-sep\"><\/span><\/div><\/div><\/div><\/div><div ><a class=\"fusion-button button-flat fusion-button-default-size button-default fusion-button-default button-7 fusion-button-span-yes \" target=\"_self\" href=\"https:\/\/sagavinaestartit.com\/ca\/estartit-en-parella\/\"><span class=\"fusion-button-text awb-button__text awb-button__text--default\">LEER M\u00c1S<\/span><\/a><\/div><\/div><\/li>\n<li class=\"fusion-layout-column fusion_builder_column fusion-builder-column-9 fusion-flex-column post-card fusion-grid-column fusion-post-cards-grid-column\" style=\"--awb-bg-blend:overlay;--awb-bg-size:cover;--awb-box-shadow:0px 1px 3px -1px hsla(var(--awb-color3-h),var(--awb-color3-s),var(--awb-color3-l),calc(var(--awb-color3-a) - 55%));;--awb-border-color:var(--awb-color2);--awb-border-color-hover:var(--awb-color4);--awb-border-top:1px;--awb-border-right:1px;--awb-border-bottom:1px;--awb-border-left:1px;--awb-flex-grow:0;--awb-flex-shrink:0;--awb-flex-grow-medium:0;--awb-flex-shrink-medium:0;--awb-flex-grow-small:0;--awb-flex-shrink-small:0;\"><div class=\"fusion-column-wrapper fusion-column-has-shadow fusion-flex-justify-content-flex-start fusion-content-layout-column\"><div class=\"fusion-image-element \" style=\"--awb-caption-title-font-family:var(--h2_typography-font-family);--awb-caption-title-font-weight:var(--h2_typography-font-weight);--awb-caption-title-font-style:var(--h2_typography-font-style);--awb-caption-title-size:var(--h2_typography-font-size);--awb-caption-title-transform:var(--h2_typography-text-transform);--awb-caption-title-line-height:var(--h2_typography-line-height);--awb-caption-title-letter-spacing:var(--h2_typography-letter-spacing);\"><span class=\" fusion-imageframe imageframe-none imageframe-8 hover-type-zoomin\"><img decoding=\"async\" width=\"2560\" height=\"1280\" alt=\"Sa gavina Turismo Responsable Illes Medes\" title=\"Sa gavina Turismo Responsable Illes Medes\" src=\"https:\/\/sagavinaestartit.com\/wp-content\/uploads\/2025\/05\/Sa-gavina-Turismo-Responsable-Illes-Medes-scaled.webp\" data-orig-src=\"https:\/\/sagavinaestartit.com\/wp-content\/uploads\/2025\/05\/Sa-gavina-Turismo-Responsable-Illes-Medes-scaled.webp\" class=\"lazyload img-responsive wp-image-32449\" srcset=\"data:image\/svg+xml,%3Csvg%20xmlns%3D%27http%3A%2F%2Fwww.w3.org%2F2000%2Fsvg%27%20width%3D%272560%27%20height%3D%271280%27%20viewBox%3D%270%200%202560%201280%27%3E%3Crect%20width%3D%272560%27%20height%3D%271280%27%20fill-opacity%3D%220%22%2F%3E%3C%2Fsvg%3E\" data-srcset=\"https:\/\/sagavinaestartit.com\/wp-content\/uploads\/2025\/05\/Sa-gavina-Turismo-Responsable-Illes-Medes-200x100.webp 200w, https:\/\/sagavinaestartit.com\/wp-content\/uploads\/2025\/05\/Sa-gavina-Turismo-Responsable-Illes-Medes-400x200.webp 400w, https:\/\/sagavinaestartit.com\/wp-content\/uploads\/2025\/05\/Sa-gavina-Turismo-Responsable-Illes-Medes-600x300.webp 600w, https:\/\/sagavinaestartit.com\/wp-content\/uploads\/2025\/05\/Sa-gavina-Turismo-Responsable-Illes-Medes-800x400.webp 800w, https:\/\/sagavinaestartit.com\/wp-content\/uploads\/2025\/05\/Sa-gavina-Turismo-Responsable-Illes-Medes-1200x600.webp 1200w, https:\/\/sagavinaestartit.com\/wp-content\/uploads\/2025\/05\/Sa-gavina-Turismo-Responsable-Illes-Medes-scaled.webp 2560w\" data-sizes=\"auto\" data-orig-sizes=\"(max-width: 1024px) 100vw, (max-width: 640px) 100vw, 1200px\" \/><\/span><\/div><div class=\"fusion-builder-row fusion-builder-row-inner fusion-row fusion-flex-align-items-flex-start fusion-flex-content-wrap\" style=\"width:calc( 100% + 0px ) !important;max-width:calc( 100% + 0px ) !important;margin-left: calc(-0px \/ 2 );margin-right: calc(-0px \/ 2 );\"><div class=\"fusion-layout-column fusion_builder_column_inner fusion-builder-nested-column-7 fusion_builder_column_inner_1_1 1_1 fusion-flex-column\" style=\"--awb-padding-top:24px;--awb-padding-right:24px;--awb-padding-bottom:12px;--awb-padding-left:24px;--awb-bg-size:cover;--awb-width-large:100%;--awb-margin-top-large:0px;--awb-spacing-right-large:0px;--awb-margin-bottom-large:0px;--awb-spacing-left-large:0px;--awb-width-medium:100%;--awb-order-medium:0;--awb-spacing-right-medium:0px;--awb-spacing-left-medium:0px;--awb-width-small:100%;--awb-order-small:0;--awb-spacing-right-small:0px;--awb-spacing-left-small:0px;\"><div class=\"fusion-column-wrapper fusion-column-has-shadow fusion-flex-justify-content-flex-start fusion-content-layout-column\"><div class=\"fusion-title title fusion-title-8 fusion-title-text fusion-title-size-two\" style=\"--awb-margin-top:4px;--awb-margin-top-small:4px;--awb-margin-bottom-small:16px;\"><div class=\"title-sep-container title-sep-container-left fusion-no-large-visibility fusion-no-medium-visibility fusion-no-small-visibility\"><div class=\"title-sep sep- sep-solid\" style=\"border-color:var(--awb-color3);\"><\/div><\/div><span class=\"awb-title-spacer fusion-no-large-visibility fusion-no-medium-visibility fusion-no-small-visibility\"><\/span><h2 class=\"fusion-title-heading title-heading-left fusion-responsive-typography-calculated\" style=\"margin:0;--fontSize:26;line-height:var(--awb-typography1-line-height);\"><a href=\"https:\/\/sagavinaestartit.com\/ca\/illes-medes-estartit\/\" class=\"awb-custom-text-color awb-custom-text-hover-color\" target=\"_self\">Illes Medes a l\u2019Estartit: el parad\u00eds submar\u00ed<\/a><\/h2><span class=\"awb-title-spacer\"><\/span><div class=\"title-sep-container title-sep-container-right\"><div class=\"title-sep sep- sep-solid\" style=\"border-color:var(--awb-color3);\"><\/div><\/div><\/div><div class=\"fusion-content-tb fusion-content-tb-8\" style=\"--awb-text-color:var(--awb-color6);--awb-text-transform:none;\"><p> Les illes Medes a l\u2019Estartit, s\u00f3n un arxip\u00e8lag situat davant del poble mariner al municipi de Torroella de Montgr\u00ed, Costa Brava. S\u00f3n la prolongaci\u00f3 del mass\u00eds del Montgr\u00ed dins del mar i estan formades per 7 illots: la Meda Gran, la Meda Petita, el Carall Bernat, Ferranelles, Tasc\u00f3 Gros [...]<\/p><\/div><div class=\"fusion-meta-tb fusion-meta-tb-8 floated\" style=\"--awb-border-bottom:0px;--awb-border-top:0px;--awb-height:32px;--awb-text-color:var(--awb-color5);--awb-border-color:var(--awb-color2);--awb-alignment:space-between;--awb-alignment-medium:space-between;--awb-alignment-small:flex-start;\"><span class=\"fusion-tb-tags\">Tags: <a href=\"https:\/\/sagavinaestartit.com\/ca\/tag\/activitats-a-lestartit\/\" rel=\"tag\">activitats a l'Estartit<\/a>, <a href=\"https:\/\/sagavinaestartit.com\/tag\/activitats-familiars\/\" rel=\"tag\">activitats familiars<\/a>, <a href=\"https:\/\/sagavinaestartit.com\/ca\/tag\/apartament-mascotes-estartit\/\" rel=\"tag\">apartament mascotes estartit<\/a>, <a href=\"https:\/\/sagavinaestartit.com\/tag\/costa-brava\/\" rel=\"tag\">Costa Brava<\/a>, <a href=\"https:\/\/sagavinaestartit.com\/tag\/kayak-estartit\/\" rel=\"tag\">kayak estartit<\/a>, <a href=\"https:\/\/sagavinaestartit.com\/ca\/tag\/llocs-dinteres\/\" rel=\"tag\">llocs d'inter\u00e8s<\/a>, <a href=\"https:\/\/sagavinaestartit.com\/tag\/que-fer-amb-nens\/\" rel=\"tag\">que fer amb nens<\/a>, <a href=\"https:\/\/sagavinaestartit.com\/ca\/tag\/que-hacer-en-lestartit\/\" rel=\"tag\">qu\u00e9 hacer en l'Estartit<\/a>, <a href=\"https:\/\/sagavinaestartit.com\/tag\/sa-gavina\/\" rel=\"tag\">Sa gavina<\/a>, <a href=\"https:\/\/sagavinaestartit.com\/tag\/snorkel-costa-brava\/\" rel=\"tag\">snorkel costa brava<\/a>, <a href=\"https:\/\/sagavinaestartit.com\/tag\/sortir-en-familia\/\" rel=\"tag\">sortir en familia<\/a>, <a href=\"https:\/\/sagavinaestartit.com\/ca\/tag\/turisme-de-proximitat\/\" rel=\"tag\">turisme de proximitat<\/a><\/span><span class=\"fusion-meta-tb-sep\"><\/span><\/div><\/div><\/div><\/div><div ><a class=\"fusion-button button-flat fusion-button-default-size button-default fusion-button-default button-8 fusion-button-span-yes \" target=\"_self\" href=\"https:\/\/sagavinaestartit.com\/ca\/illes-medes-estartit\/\"><span class=\"fusion-button-text awb-button__text awb-button__text--default\">LEER M\u00c1S<\/span><\/a><\/div><\/div><\/li>\n<li class=\"fusion-layout-column fusion_builder_column fusion-builder-column-10 fusion-flex-column post-card fusion-grid-column fusion-post-cards-grid-column\" style=\"--awb-bg-blend:overlay;--awb-bg-size:cover;--awb-box-shadow:0px 1px 3px -1px hsla(var(--awb-color3-h),var(--awb-color3-s),var(--awb-color3-l),calc(var(--awb-color3-a) - 55%));;--awb-border-color:var(--awb-color2);--awb-border-color-hover:var(--awb-color4);--awb-border-top:1px;--awb-border-right:1px;--awb-border-bottom:1px;--awb-border-left:1px;--awb-flex-grow:0;--awb-flex-shrink:0;--awb-flex-grow-medium:0;--awb-flex-shrink-medium:0;--awb-flex-grow-small:0;--awb-flex-shrink-small:0;\"><div class=\"fusion-column-wrapper fusion-column-has-shadow fusion-flex-justify-content-flex-start fusion-content-layout-column\"><div class=\"fusion-image-element \" style=\"--awb-caption-title-font-family:var(--h2_typography-font-family);--awb-caption-title-font-weight:var(--h2_typography-font-weight);--awb-caption-title-font-style:var(--h2_typography-font-style);--awb-caption-title-size:var(--h2_typography-font-size);--awb-caption-title-transform:var(--h2_typography-text-transform);--awb-caption-title-line-height:var(--h2_typography-line-height);--awb-caption-title-letter-spacing:var(--h2_typography-letter-spacing);\"><span class=\" fusion-imageframe imageframe-none imageframe-9 hover-type-zoomin\"><img decoding=\"async\" width=\"2560\" height=\"1441\" alt=\"Fira Indians Begur\" title=\"Porta-Indiana\" src=\"https:\/\/sagavinaestartit.com\/wp-content\/uploads\/2025\/08\/Porta-Indiana.webp\" data-orig-src=\"https:\/\/sagavinaestartit.com\/wp-content\/uploads\/2025\/08\/Porta-Indiana.webp\" class=\"lazyload img-responsive wp-image-34351\" srcset=\"data:image\/svg+xml,%3Csvg%20xmlns%3D%27http%3A%2F%2Fwww.w3.org%2F2000%2Fsvg%27%20width%3D%272560%27%20height%3D%271441%27%20viewBox%3D%270%200%202560%201441%27%3E%3Crect%20width%3D%272560%27%20height%3D%271441%27%20fill-opacity%3D%220%22%2F%3E%3C%2Fsvg%3E\" data-srcset=\"https:\/\/sagavinaestartit.com\/wp-content\/uploads\/2025\/08\/Porta-Indiana-200x113.webp 200w, https:\/\/sagavinaestartit.com\/wp-content\/uploads\/2025\/08\/Porta-Indiana-400x225.webp 400w, https:\/\/sagavinaestartit.com\/wp-content\/uploads\/2025\/08\/Porta-Indiana-600x338.webp 600w, https:\/\/sagavinaestartit.com\/wp-content\/uploads\/2025\/08\/Porta-Indiana-800x450.webp 800w, https:\/\/sagavinaestartit.com\/wp-content\/uploads\/2025\/08\/Porta-Indiana-1200x675.webp 1200w, https:\/\/sagavinaestartit.com\/wp-content\/uploads\/2025\/08\/Porta-Indiana.webp 2560w\" data-sizes=\"auto\" data-orig-sizes=\"(max-width: 1024px) 100vw, (max-width: 640px) 100vw, 1200px\" \/><\/span><\/div><div class=\"fusion-builder-row fusion-builder-row-inner fusion-row fusion-flex-align-items-flex-start fusion-flex-content-wrap\" style=\"width:calc( 100% + 0px ) !important;max-width:calc( 100% + 0px ) !important;margin-left: calc(-0px \/ 2 );margin-right: calc(-0px \/ 2 );\"><div class=\"fusion-layout-column fusion_builder_column_inner fusion-builder-nested-column-8 fusion_builder_column_inner_1_1 1_1 fusion-flex-column\" style=\"--awb-padding-top:24px;--awb-padding-right:24px;--awb-padding-bottom:12px;--awb-padding-left:24px;--awb-bg-size:cover;--awb-width-large:100%;--awb-margin-top-large:0px;--awb-spacing-right-large:0px;--awb-margin-bottom-large:0px;--awb-spacing-left-large:0px;--awb-width-medium:100%;--awb-order-medium:0;--awb-spacing-right-medium:0px;--awb-spacing-left-medium:0px;--awb-width-small:100%;--awb-order-small:0;--awb-spacing-right-small:0px;--awb-spacing-left-small:0px;\"><div class=\"fusion-column-wrapper fusion-column-has-shadow fusion-flex-justify-content-flex-start fusion-content-layout-column\"><div class=\"fusion-title title fusion-title-9 fusion-title-text fusion-title-size-two\" style=\"--awb-margin-top:4px;--awb-margin-top-small:4px;--awb-margin-bottom-small:16px;\"><div class=\"title-sep-container title-sep-container-left fusion-no-large-visibility fusion-no-medium-visibility fusion-no-small-visibility\"><div class=\"title-sep sep- sep-solid\" style=\"border-color:var(--awb-color3);\"><\/div><\/div><span class=\"awb-title-spacer fusion-no-large-visibility fusion-no-medium-visibility fusion-no-small-visibility\"><\/span><h2 class=\"fusion-title-heading title-heading-left fusion-responsive-typography-calculated\" style=\"margin:0;--fontSize:26;line-height:var(--awb-typography1-line-height);\"><a href=\"https:\/\/sagavinaestartit.com\/ca\/fira-indians-begur\/\" class=\"awb-custom-text-color awb-custom-text-hover-color\" target=\"_self\">La Fira d\u2019Indians de Begur: un viatge al passat amb sabor caribeny<\/a><\/h2><span class=\"awb-title-spacer\"><\/span><div class=\"title-sep-container title-sep-container-right\"><div class=\"title-sep sep- sep-solid\" style=\"border-color:var(--awb-color3);\"><\/div><\/div><\/div><div class=\"fusion-content-tb fusion-content-tb-9\" style=\"--awb-text-color:var(--awb-color6);--awb-text-transform:none;\"><p>Cada primer cap de setmana de setembre, el pintoresc poble de Begur, situat al cor de la Costa Brava, es transforma en un escenari vibrant que ens transporta directament al segle XIX. Es tracta de la Fira d\u2019Indians, una celebraci\u00f3 que homenatja el llegat dels \u201cindians\u201d, aquells catalans que van [...]<\/p><\/div><div class=\"fusion-meta-tb fusion-meta-tb-9 floated\" style=\"--awb-border-bottom:0px;--awb-border-top:0px;--awb-height:32px;--awb-text-color:var(--awb-color5);--awb-border-color:var(--awb-color2);--awb-alignment:space-between;--awb-alignment-medium:space-between;--awb-alignment-small:flex-start;\"><span class=\"fusion-tb-tags\">Tags: <a href=\"https:\/\/sagavinaestartit.com\/tag\/activitats-familiars\/\" rel=\"tag\">activitats familiars<\/a>, <a href=\"https:\/\/sagavinaestartit.com\/ca\/tag\/apartament-mascotes-estartit\/\" rel=\"tag\">apartament mascotes estartit<\/a>, <a href=\"https:\/\/sagavinaestartit.com\/tag\/costa-brava\/\" rel=\"tag\">Costa Brava<\/a>, <a href=\"https:\/\/sagavinaestartit.com\/ca\/tag\/fires-i-festes\/\" rel=\"tag\">fires i festes<\/a>, <a href=\"https:\/\/sagavinaestartit.com\/ca\/tag\/llocs-dinteres\/\" rel=\"tag\">llocs d'inter\u00e8s<\/a>, <a href=\"https:\/\/sagavinaestartit.com\/ca\/tag\/pobles-bonics-estartit\/\" rel=\"tag\">Pobles bonics Estartit<\/a>, <a href=\"https:\/\/sagavinaestartit.com\/tag\/que-fer-amb-nens\/\" rel=\"tag\">que fer amb nens<\/a>, <a href=\"https:\/\/sagavinaestartit.com\/tag\/sa-gavina\/\" rel=\"tag\">Sa gavina<\/a>, <a href=\"https:\/\/sagavinaestartit.com\/tag\/sortir-en-familia\/\" rel=\"tag\">sortir en familia<\/a>, <a href=\"https:\/\/sagavinaestartit.com\/ca\/tag\/turisme-de-proximitat\/\" rel=\"tag\">turisme de proximitat<\/a><\/span><span class=\"fusion-meta-tb-sep\"><\/span><\/div><\/div><\/div><\/div><div ><a class=\"fusion-button button-flat fusion-button-default-size button-default fusion-button-default button-9 fusion-button-span-yes \" target=\"_self\" href=\"https:\/\/sagavinaestartit.com\/ca\/fira-indians-begur\/\"><span class=\"fusion-button-text awb-button__text awb-button__text--default\">LEER M\u00c1S<\/span><\/a><\/div><\/div><\/li>\n<\/ul><div class=\"pagination clearfix\"><span class=\"current\">1<\/span><a href=\"https:\/\/sagavinaestartit.com\/ca\/wp-json\/wp\/v2\/pages\/29601\/page\/2\/\" class=\"inactive\">2<\/a><a class=\"pagination-next\" rel=\"next\" href=\"https:\/\/sagavinaestartit.com\/ca\/wp-json\/wp\/v2\/pages\/29601\/page\/2\/\"><span class=\"page-text\">Next<\/span><span class=\"page-next\"><\/span><\/a><\/div><div class=\"fusion-clearfix\"><\/div><\/div><\/div><\/div><\/div><\/div>\n","protected":false},"excerpt":{"rendered":"","protected":false},"author":1,"featured_media":32603,"parent":0,"menu_order":0,"comment_status":"open","ping_status":"closed","template":"100-width.php","meta":{"footnotes":""},"class_list":["post-29601","page","type-page","status-publish","has-post-thumbnail","hentry"],"yoast_head":"<!-- This site is optimized with the Yoast SEO plugin v27.1.1 - https:\/\/yoast.com\/product\/yoast-seo-wordpress\/ -->\n<title>que fer a l&#039;Estartit, Costa Brava | Sa Gavina Apartaments<\/title>\n<meta name=\"description\" content=\"Descobriu qu\u00e8 fer a l&#039;Estartit, Costa Brava. Informa&#039;t de les principals not\u00edcies, novetats i activitats per fer a l&#039;Estartit.\" \/>\n<meta name=\"robots\" content=\"index, follow, max-snippet:-1, max-image-preview:large, max-video-preview:-1\" \/>\n<link rel=\"canonical\" href=\"https:\/\/sagavinaestartit.com\/ca\/novetats\/\" \/>\n<meta property=\"og:locale\" content=\"ca_ES\" \/>\n<meta property=\"og:type\" content=\"article\" \/>\n<meta property=\"og:title\" content=\"que fer a l&#039;Estartit, Costa Brava | Sa Gavina Apartaments\" \/>\n<meta property=\"og:description\" content=\"Descobriu qu\u00e8 fer a l&#039;Estartit, Costa Brava. Informa&#039;t de les principals not\u00edcies, novetats i activitats per fer a l&#039;Estartit.\" \/>\n<meta property=\"og:url\" content=\"https:\/\/sagavinaestartit.com\/ca\/novetats\/\" \/>\n<meta property=\"og:site_name\" content=\"Apartaments a l&#039;Estartit\" \/>\n<meta property=\"article:modified_time\" content=\"2026-04-02T09:30:27+00:00\" \/>\n<meta property=\"og:image\" content=\"https:\/\/sagavinaestartit.com\/wp-content\/uploads\/2025\/06\/apartamentos-estartit-costa-brava-1.webp\" \/>\n\t<meta property=\"og:image:width\" content=\"2000\" \/>\n\t<meta property=\"og:image:height\" content=\"500\" \/>\n\t<meta property=\"og:image:type\" content=\"image\/webp\" \/>\n<meta name=\"twitter:card\" content=\"summary_large_image\" \/>\n<meta name=\"twitter:label1\" content=\"Temps estimat de lectura\" \/>\n\t<meta name=\"twitter:data1\" content=\"4 minuts\" \/>\n<script type=\"application\/ld+json\" class=\"yoast-schema-graph\">{\"@context\":\"https:\/\/schema.org\",\"@graph\":[{\"@type\":\"WebPage\",\"@id\":\"https:\/\/sagavinaestartit.com\/ca\/novetats\/\",\"url\":\"https:\/\/sagavinaestartit.com\/ca\/novetats\/\",\"name\":\"que fer a l'Estartit, Costa Brava | Sa Gavina Apartaments\",\"isPartOf\":{\"@id\":\"https:\/\/sagavinaestartit.com\/ca\/#website\"},\"primaryImageOfPage\":{\"@id\":\"https:\/\/sagavinaestartit.com\/ca\/novetats\/#primaryimage\"},\"image\":{\"@id\":\"https:\/\/sagavinaestartit.com\/ca\/novetats\/#primaryimage\"},\"thumbnailUrl\":\"https:\/\/sagavinaestartit.com\/wp-content\/uploads\/2025\/06\/apartamentos-estartit-costa-brava-1.webp\",\"datePublished\":\"2015-02-03T19:15:53+00:00\",\"dateModified\":\"2026-04-02T09:30:27+00:00\",\"description\":\"Descobriu qu\u00e8 fer a l'Estartit, Costa Brava. Informa't de les principals not\u00edcies, novetats i activitats per fer a l'Estartit.\",\"breadcrumb\":{\"@id\":\"https:\/\/sagavinaestartit.com\/ca\/novetats\/#breadcrumb\"},\"inLanguage\":\"ca\",\"potentialAction\":[{\"@type\":\"ReadAction\",\"target\":[\"https:\/\/sagavinaestartit.com\/ca\/novetats\/\"]}]},{\"@type\":\"ImageObject\",\"inLanguage\":\"ca\",\"@id\":\"https:\/\/sagavinaestartit.com\/ca\/novetats\/#primaryimage\",\"url\":\"https:\/\/sagavinaestartit.com\/wp-content\/uploads\/2025\/06\/apartamentos-estartit-costa-brava-1.webp\",\"contentUrl\":\"https:\/\/sagavinaestartit.com\/wp-content\/uploads\/2025\/06\/apartamentos-estartit-costa-brava-1.webp\",\"width\":2000,\"height\":500},{\"@type\":\"BreadcrumbList\",\"@id\":\"https:\/\/sagavinaestartit.com\/ca\/novetats\/#breadcrumb\",\"itemListElement\":[{\"@type\":\"ListItem\",\"position\":1,\"name\":\"Portada\",\"item\":\"https:\/\/sagavinaestartit.com\/ca\/home\/\"},{\"@type\":\"ListItem\",\"position\":2,\"name\":\"QU\u00c8 FER A L&#8217;ESTARTIT\"}]},{\"@type\":\"WebSite\",\"@id\":\"https:\/\/sagavinaestartit.com\/ca\/#website\",\"url\":\"https:\/\/sagavinaestartit.com\/ca\/\",\"name\":\"Sa Gavina Apartaments\",\"description\":\"Sa Gavina Apartaments\",\"publisher\":{\"@id\":\"https:\/\/sagavinaestartit.com\/ca\/#organization\"},\"potentialAction\":[{\"@type\":\"SearchAction\",\"target\":{\"@type\":\"EntryPoint\",\"urlTemplate\":\"https:\/\/sagavinaestartit.com\/ca\/?s={search_term_string}\"},\"query-input\":{\"@type\":\"PropertyValueSpecification\",\"valueRequired\":true,\"valueName\":\"search_term_string\"}}],\"inLanguage\":\"ca\"},{\"@type\":\"Organization\",\"@id\":\"https:\/\/sagavinaestartit.com\/ca\/#organization\",\"name\":\"Sa Gavina Apartaments\",\"url\":\"https:\/\/sagavinaestartit.com\/ca\/\",\"logo\":{\"@type\":\"ImageObject\",\"inLanguage\":\"ca\",\"@id\":\"https:\/\/sagavinaestartit.com\/ca\/#\/schema\/logo\/image\/\",\"url\":\"https:\/\/sagavinaestartit.com\/wp-content\/uploads\/2024\/12\/3-1.png\",\"contentUrl\":\"https:\/\/sagavinaestartit.com\/wp-content\/uploads\/2024\/12\/3-1.png\",\"width\":500,\"height\":200,\"caption\":\"Sa Gavina Apartaments\"},\"image\":{\"@id\":\"https:\/\/sagavinaestartit.com\/ca\/#\/schema\/logo\/image\/\"}}]}<\/script>\n<!-- \/ Yoast SEO plugin. -->","yoast_head_json":{"title":"que fer a l'Estartit, Costa Brava | Sa Gavina Apartaments","description":"Descobriu qu\u00e8 fer a l'Estartit, Costa Brava. Informa't de les principals not\u00edcies, novetats i activitats per fer a l'Estartit.","robots":{"index":"index","follow":"follow","max-snippet":"max-snippet:-1","max-image-preview":"max-image-preview:large","max-video-preview":"max-video-preview:-1"},"canonical":"https:\/\/sagavinaestartit.com\/ca\/novetats\/","og_locale":"ca_ES","og_type":"article","og_title":"que fer a l'Estartit, Costa Brava | Sa Gavina Apartaments","og_description":"Descobriu qu\u00e8 fer a l'Estartit, Costa Brava. Informa't de les principals not\u00edcies, novetats i activitats per fer a l'Estartit.","og_url":"https:\/\/sagavinaestartit.com\/ca\/novetats\/","og_site_name":"Apartaments a l'Estartit","article_modified_time":"2026-04-02T09:30:27+00:00","og_image":[{"width":2000,"height":500,"url":"https:\/\/sagavinaestartit.com\/wp-content\/uploads\/2025\/06\/apartamentos-estartit-costa-brava-1.webp","type":"image\/webp"}],"twitter_card":"summary_large_image","twitter_misc":{"Temps estimat de lectura":"4 minuts"},"schema":{"@context":"https:\/\/schema.org","@graph":[{"@type":"WebPage","@id":"https:\/\/sagavinaestartit.com\/ca\/novetats\/","url":"https:\/\/sagavinaestartit.com\/ca\/novetats\/","name":"que fer a l'Estartit, Costa Brava | Sa Gavina Apartaments","isPartOf":{"@id":"https:\/\/sagavinaestartit.com\/ca\/#website"},"primaryImageOfPage":{"@id":"https:\/\/sagavinaestartit.com\/ca\/novetats\/#primaryimage"},"image":{"@id":"https:\/\/sagavinaestartit.com\/ca\/novetats\/#primaryimage"},"thumbnailUrl":"https:\/\/sagavinaestartit.com\/wp-content\/uploads\/2025\/06\/apartamentos-estartit-costa-brava-1.webp","datePublished":"2015-02-03T19:15:53+00:00","dateModified":"2026-04-02T09:30:27+00:00","description":"Descobriu qu\u00e8 fer a l'Estartit, Costa Brava. Informa't de les principals not\u00edcies, novetats i activitats per fer a l'Estartit.","breadcrumb":{"@id":"https:\/\/sagavinaestartit.com\/ca\/novetats\/#breadcrumb"},"inLanguage":"ca","potentialAction":[{"@type":"ReadAction","target":["https:\/\/sagavinaestartit.com\/ca\/novetats\/"]}]},{"@type":"ImageObject","inLanguage":"ca","@id":"https:\/\/sagavinaestartit.com\/ca\/novetats\/#primaryimage","url":"https:\/\/sagavinaestartit.com\/wp-content\/uploads\/2025\/06\/apartamentos-estartit-costa-brava-1.webp","contentUrl":"https:\/\/sagavinaestartit.com\/wp-content\/uploads\/2025\/06\/apartamentos-estartit-costa-brava-1.webp","width":2000,"height":500},{"@type":"BreadcrumbList","@id":"https:\/\/sagavinaestartit.com\/ca\/novetats\/#breadcrumb","itemListElement":[{"@type":"ListItem","position":1,"name":"Portada","item":"https:\/\/sagavinaestartit.com\/ca\/home\/"},{"@type":"ListItem","position":2,"name":"QU\u00c8 FER A L&#8217;ESTARTIT"}]},{"@type":"WebSite","@id":"https:\/\/sagavinaestartit.com\/ca\/#website","url":"https:\/\/sagavinaestartit.com\/ca\/","name":"Sa Gavina Apartaments","description":"Sa Gavina Apartaments","publisher":{"@id":"https:\/\/sagavinaestartit.com\/ca\/#organization"},"potentialAction":[{"@type":"SearchAction","target":{"@type":"EntryPoint","urlTemplate":"https:\/\/sagavinaestartit.com\/ca\/?s={search_term_string}"},"query-input":{"@type":"PropertyValueSpecification","valueRequired":true,"valueName":"search_term_string"}}],"inLanguage":"ca"},{"@type":"Organization","@id":"https:\/\/sagavinaestartit.com\/ca\/#organization","name":"Sa Gavina Apartaments","url":"https:\/\/sagavinaestartit.com\/ca\/","logo":{"@type":"ImageObject","inLanguage":"ca","@id":"https:\/\/sagavinaestartit.com\/ca\/#\/schema\/logo\/image\/","url":"https:\/\/sagavinaestartit.com\/wp-content\/uploads\/2024\/12\/3-1.png","contentUrl":"https:\/\/sagavinaestartit.com\/wp-content\/uploads\/2024\/12\/3-1.png","width":500,"height":200,"caption":"Sa Gavina Apartaments"},"image":{"@id":"https:\/\/sagavinaestartit.com\/ca\/#\/schema\/logo\/image\/"}}]}},"_links":{"self":[{"href":"https:\/\/sagavinaestartit.com\/ca\/wp-json\/wp\/v2\/pages\/29601","targetHints":{"allow":["GET"]}}],"collection":[{"href":"https:\/\/sagavinaestartit.com\/ca\/wp-json\/wp\/v2\/pages"}],"about":[{"href":"https:\/\/sagavinaestartit.com\/ca\/wp-json\/wp\/v2\/types\/page"}],"author":[{"embeddable":true,"href":"https:\/\/sagavinaestartit.com\/ca\/wp-json\/wp\/v2\/users\/1"}],"replies":[{"embeddable":true,"href":"https:\/\/sagavinaestartit.com\/ca\/wp-json\/wp\/v2\/comments?post=29601"}],"version-history":[{"count":6,"href":"https:\/\/sagavinaestartit.com\/ca\/wp-json\/wp\/v2\/pages\/29601\/revisions"}],"predecessor-version":[{"id":36729,"href":"https:\/\/sagavinaestartit.com\/ca\/wp-json\/wp\/v2\/pages\/29601\/revisions\/36729"}],"wp:featuredmedia":[{"embeddable":true,"href":"https:\/\/sagavinaestartit.com\/ca\/wp-json\/wp\/v2\/media\/32603"}],"wp:attachment":[{"href":"https:\/\/sagavinaestartit.com\/ca\/wp-json\/wp\/v2\/media?parent=29601"}],"curies":[{"name":"wp","href":"https:\/\/api.w.org\/{rel}","templated":true}]}}